{"id":32544,"date":"2019-08-16T15:23:00","date_gmt":"2019-08-16T13:23:00","guid":{"rendered":"https:\/\/www.protect-the-planet.de\/klima-bildung\/"},"modified":"2025-11-03T14:28:33","modified_gmt":"2025-11-03T13:28:33","slug":"klima-bildung","status":"publish","type":"page","link":"https:\/\/www.protect-the-planet.de\/en\/klima-bildung\/","title":{"rendered":"climate EDUCATION"},"content":{"rendered":"\t\t<div data-elementor-type=\"wp-page\" data-elementor-id=\"32544\" class=\"elementor elementor-32544 elementor-31683\" data-elementor-post-type=\"page\">\n\t\t\t\t<div class=\"elementor-element elementor-element-5b1f4b2 e-flex e-con-boxed e-con e-parent\" data-id=\"5b1f4b2\" data-element_type=\"container\" data-e-type=\"container\">\n\t\t\t\t\t<div class=\"e-con-inner\">\n\t\t<div class=\"elementor-element elementor-element-d70db40 e-con-full e-flex e-con e-child\" data-id=\"d70db40\" data-element_type=\"container\" data-e-type=\"container\">\n\t\t\t\t<div class=\"elementor-element elementor-element-0ca99ca elementor-arrows-position-inside elementor-pagination-position-inside elementor-widget elementor-widget-slides\" data-id=\"0ca99ca\" data-element_type=\"widget\" data-e-type=\"widget\" data-settings=\"{&quot;navigation&quot;:&quot;both&quot;,&quot;transition&quot;:&quot;slide&quot;,&quot;transition_speed&quot;:500}\" data-widget_type=\"slides.default\">\n\t\t\t\t<div class=\"elementor-widget-container\">\n\t\t\t\t\t\t\t\t\t<div class=\"elementor-swiper\">\n\t\t\t\t\t<div class=\"elementor-slides-wrapper elementor-main-swiper swiper\" role=\"region\" aria-roledescription=\"carousel\" aria-label=\"Slider\" dir=\"ltr\" data-animation=\"\">\n\t\t\t\t<div class=\"swiper-wrapper elementor-slides\">\n\t\t\t\t\t\t\t\t\t\t<div class=\"elementor-repeater-item-18aafcf swiper-slide\" role=\"group\" aria-roledescription=\"slide\"><div class=\"swiper-slide-bg\" role=\"img\" aria-label=\"Person sitzt vor Laptop\"><\/div><div class=\"swiper-slide-inner\" ><div class=\"swiper-slide-contents\"><div class=\"elementor-slide-heading\">climate EDUCATION<\/div><\/div><\/div><\/div>\t\t\t\t<\/div>\n\t\t\t\t\t\t\t<\/div>\n\t\t\t\t<\/div>\n\t\t\t\t\t\t\t\t<\/div>\n\t\t\t\t<\/div>\n\t\t\t\t<\/div>\n\t\t\t\t\t<\/div>\n\t\t\t\t<\/div>\n\t\t<div class=\"elementor-element elementor-element-f131d67 e-flex e-con-boxed e-con e-parent\" data-id=\"f131d67\" data-element_type=\"container\" data-e-type=\"container\">\n\t\t\t\t\t<div class=\"e-con-inner\">\n\t\t\t\t<div class=\"elementor-element elementor-element-a7ff21b elementor-widget elementor-widget-heading\" data-id=\"a7ff21b\" data-element_type=\"widget\" data-e-type=\"widget\" data-widget_type=\"heading.default\">\n\t\t\t\t<div class=\"elementor-widget-container\">\n\t\t\t\t\t<h1 class=\"elementor-heading-title elementor-size-default\">Sharing knowledge, shaping change<\/h1>\t\t\t\t<\/div>\n\t\t\t\t<\/div>\n\t\t\t\t\t<\/div>\n\t\t\t\t<\/div>\n\t\t<div class=\"elementor-element elementor-element-314768b e-flex e-con-boxed e-con e-parent\" data-id=\"314768b\" data-element_type=\"container\" data-e-type=\"container\">\n\t\t\t\t\t<div class=\"e-con-inner\">\n\t\t<div class=\"elementor-element elementor-element-9459418 e-con-full e-flex e-con e-child\" data-id=\"9459418\" data-element_type=\"container\" data-e-type=\"container\">\n\t\t\t\t<div class=\"elementor-element elementor-element-7ff32b4 elementor-widget elementor-widget-image\" data-id=\"7ff32b4\" data-element_type=\"widget\" data-e-type=\"widget\" data-widget_type=\"image.default\">\n\t\t\t\t<div class=\"elementor-widget-container\">\n\t\t\t\t\t\t\t\t\t\t\t\t<figure class=\"wp-caption\">\n\t\t\t\t\t\t\t\t\t\t<img fetchpriority=\"high\" decoding=\"async\" width=\"1844\" height=\"2560\" src=\"https:\/\/www.protect-the-planet.de\/wp-content\/uploads\/2025\/11\/Ashanika-Event-c-Fenya-Kirst-scaled.jpg\" class=\"attachment-full size-full wp-image-33491\" alt=\"\" srcset=\"https:\/\/www.protect-the-planet.de\/wp-content\/uploads\/2025\/11\/Ashanika-Event-c-Fenya-Kirst-scaled.jpg 1844w, https:\/\/www.protect-the-planet.de\/wp-content\/uploads\/2025\/11\/Ashanika-Event-c-Fenya-Kirst-216x300.jpg 216w, https:\/\/www.protect-the-planet.de\/wp-content\/uploads\/2025\/11\/Ashanika-Event-c-Fenya-Kirst-738x1024.jpg 738w, https:\/\/www.protect-the-planet.de\/wp-content\/uploads\/2025\/11\/Ashanika-Event-c-Fenya-Kirst-768x1066.jpg 768w, https:\/\/www.protect-the-planet.de\/wp-content\/uploads\/2025\/11\/Ashanika-Event-c-Fenya-Kirst-1107x1536.jpg 1107w, https:\/\/www.protect-the-planet.de\/wp-content\/uploads\/2025\/11\/Ashanika-Event-c-Fenya-Kirst-1475x2048.jpg 1475w\" sizes=\"(max-width: 1844px) 100vw, 1844px\" \/>\t\t\t\t\t\t\t\t\t\t\t<figcaption class=\"widget-image-caption wp-caption-text\"><\/figcaption>\n\t\t\t\t\t\t\t\t\t\t<\/figure>\n\t\t\t\t\t\t\t\t\t<\/div>\n\t\t\t\t<\/div>\n\t\t\t\t<\/div>\n\t\t<div class=\"elementor-element elementor-element-e8e97e0 e-con-full e-flex e-con e-child\" data-id=\"e8e97e0\" data-element_type=\"container\" data-e-type=\"container\">\n\t\t\t\t<div class=\"elementor-element elementor-element-e8fe2fc elementor-widget elementor-widget-text-editor\" data-id=\"e8fe2fc\" data-element_type=\"widget\" data-e-type=\"widget\" data-widget_type=\"text-editor.default\">\n\t\t\t\t<div class=\"elementor-widget-container\">\n\t\t\t\t\t\t\t\t\t<div><div><p>The climate crisis is the greatest challenge of our time\u2014and it affects us all. Effective climate protection begins with knowledge. That is why <strong>Protect the Planet<\/strong> is committed to <span class=\"apple-converted-space\"><strong>climate education<\/strong><\/span> that informs, raises awareness, and empowers. Only when more people understand the causes and consequences of dangerous climate change, as well as their own options for action, can real social transformation succeed\u2014something we so desperately need.   <\/p><\/div><\/div><div><h3>Why climate education?<\/h3><\/div><div><strong>Climate education<\/strong> is more than just imparting facts. It is the key to motivating people to become politically aware and take concrete action. In a world full of complex challenges, we want to provide guidance\u2014and encouragement. Our goal is to reach as many people as possible and show them that they can be part of the solution.   <\/div>\t\t\t\t\t\t\t\t<\/div>\n\t\t\t\t<\/div>\n\t\t\t\t<\/div>\n\t\t\t\t\t<\/div>\n\t\t\t\t<\/div>\n\t\t<div class=\"elementor-element elementor-element-3064a07 e-flex e-con-boxed e-con e-parent\" data-id=\"3064a07\" data-element_type=\"container\" data-e-type=\"container\">\n\t\t\t\t\t<div class=\"e-con-inner\">\n\t\t<div class=\"elementor-element elementor-element-982c213 e-con-full e-flex e-con e-child\" data-id=\"982c213\" data-element_type=\"container\" data-e-type=\"container\">\n\t\t\t\t<div class=\"elementor-element elementor-element-a237aa0 elementor-widget elementor-widget-image\" data-id=\"a237aa0\" data-element_type=\"widget\" data-e-type=\"widget\" data-widget_type=\"image.default\">\n\t\t\t\t<div class=\"elementor-widget-container\">\n\t\t\t\t\t\t\t\t\t\t\t\t\t\t\t<img decoding=\"async\" width=\"900\" height=\"550\" src=\"https:\/\/www.protect-the-planet.de\/wp-content\/uploads\/2024\/07\/2024-07-19-Rueckblick-Vortrag-Roda-2.jpg\" class=\"attachment-full size-full wp-image-27784\" alt=\"Man sieht ca. 20 Menschen von hinten auf St\u00fchlen in einem kleinen Saal, die einem Vortrag aus einer Reihe von Klimaschutz-Veranstaltungen zuh\u00f6ren.\" srcset=\"https:\/\/www.protect-the-planet.de\/wp-content\/uploads\/2024\/07\/2024-07-19-Rueckblick-Vortrag-Roda-2.jpg 900w, https:\/\/www.protect-the-planet.de\/wp-content\/uploads\/2024\/07\/2024-07-19-Rueckblick-Vortrag-Roda-2-300x183.jpg 300w, https:\/\/www.protect-the-planet.de\/wp-content\/uploads\/2024\/07\/2024-07-19-Rueckblick-Vortrag-Roda-2-768x469.jpg 768w\" sizes=\"(max-width: 900px) 100vw, 900px\" \/>\t\t\t\t\t\t\t\t\t\t\t\t\t\t\t<\/div>\n\t\t\t\t<\/div>\n\t\t\t\t<\/div>\n\t\t<div class=\"elementor-element elementor-element-cd7c2e6 e-con-full e-flex e-con e-child\" data-id=\"cd7c2e6\" data-element_type=\"container\" data-e-type=\"container\">\n\t\t\t\t<div class=\"elementor-element elementor-element-fc351ae elementor-widget elementor-widget-text-editor\" data-id=\"fc351ae\" data-element_type=\"widget\" data-e-type=\"widget\" data-widget_type=\"text-editor.default\">\n\t\t\t\t<div class=\"elementor-widget-container\">\n\t\t\t\t\t\t\t\t\t<p style=\"font-weight: 400;\">In our <strong><a href=\"https:\/\/www.protect-the-planet.de\/en\/climate-events\/\">series of events on climate issues<\/a><\/strong>, we address current developments, focus on often neglected perspectives\u2014e.g., those of people from particularly affected regions of the Global South (MAPA countries)\u2014and create spaces for exchange. Our events are open to everyone, regardless of their background. In this way, we connect knowledge, perspectives, and people.  <\/p><p style=\"font-weight: 400;\">In addition, as a co-founder and active member of the sponsoring organization, we support the<strong><a href=\"http:\/\/campaigningschool.de\/\"> Campaigning School<\/a><\/strong>, a training program that empowers people to actively advocate for climate and justice issues. There, experienced speakers impart practical know-how on political campaigning, communication, and organization. We are convinced that everyone can make a difference\u2014with the right tools.  <\/p><div><h3>Our contribution to a more equitable future<\/h3><\/div><p>With our educational projects, we want to spark social debate, give new voices a platform, and strengthen civic engagement. Because <b>climate education<\/b> is an investment in the future\u2014for a livable tomorrow on a healthy planet. <\/p>\t\t\t\t\t\t\t\t<\/div>\n\t\t\t\t<\/div>\n\t\t\t\t<\/div>\n\t\t\t\t\t<\/div>\n\t\t\t\t<\/div>\n\t\t<div class=\"elementor-element elementor-element-91f42be e-flex e-con-boxed e-con e-parent\" data-id=\"91f42be\" data-element_type=\"container\" data-e-type=\"container\">\n\t\t\t\t\t<div class=\"e-con-inner\">\n\t\t\t\t<div class=\"elementor-element elementor-element-745f5ba elementor-widget elementor-widget-text-editor\" data-id=\"745f5ba\" data-element_type=\"widget\" data-e-type=\"widget\" data-widget_type=\"text-editor.default\">\n\t\t\t\t<div class=\"elementor-widget-container\">\n\t\t\t\t\t\t\t\t\t<h3 style=\"font-weight: 400;\"><strong>Our contact person for the topic of \u201cClimate EDUCATION\u201d:<\/strong><\/h3>\t\t\t\t\t\t\t\t<\/div>\n\t\t\t\t<\/div>\n\t\t\t\t<div class=\"elementor-element elementor-element-72fd96f elementor-author-box--avatar-yes elementor-author-box--name-yes elementor-author-box--biography-yes elementor-author-box--link-no elementor-widget elementor-widget-author-box\" data-id=\"72fd96f\" data-element_type=\"widget\" data-e-type=\"widget\" data-widget_type=\"author-box.default\">\n\t\t\t\t<div class=\"elementor-widget-container\">\n\t\t\t\t\t\t\t<div class=\"elementor-author-box\">\n\t\t\t\t\t\t\t<div  class=\"elementor-author-box__avatar\">\n\t\t\t\t\t<img decoding=\"async\" src=\"https:\/\/www.protect-the-planet.de\/wp-content\/uploads\/2024\/03\/cropped-2310_ProtectThePlanet_Portraet-Fenya-quadr-scaled-1-300x300.jpg\" alt=\"Picture of Fenya Kirst\" loading=\"lazy\">\n\t\t\t\t<\/div>\n\t\t\t\n\t\t\t<div class=\"elementor-author-box__text\">\n\t\t\t\t\t\t\t\t\t<div >\n\t\t\t\t\t\t<h4 class=\"elementor-author-box__name\">\n\t\t\t\t\t\t\tFenya Kirst\t\t\t\t\t\t<\/h4>\n\t\t\t\t\t<\/div>\n\t\t\t\t\n\t\t\t\t\t\t\t\t\t<div class=\"elementor-author-box__bio\">\n\t\t\t\t\t\tfenya.kirst@protect-the-planet.de\r\n+49 162 9085805\t\t\t\t\t<\/div>\n\t\t\t\t\n\t\t\t\t\t\t\t<\/div>\n\t\t<\/div>\n\t\t\t\t\t\t<\/div>\n\t\t\t\t<\/div>\n\t\t\t\t\t<\/div>\n\t\t\t\t<\/div>\n\t\t<div class=\"elementor-element elementor-element-52c9e1d e-flex e-con-boxed e-con e-parent\" data-id=\"52c9e1d\" data-element_type=\"container\" data-e-type=\"container\">\n\t\t\t\t\t<div class=\"e-con-inner\">\n\t\t<div class=\"elementor-element elementor-element-5ac3ade e-flex e-con-boxed e-con e-child\" data-id=\"5ac3ade\" data-element_type=\"container\" data-e-type=\"container\">\n\t\t\t\t\t<div class=\"e-con-inner\">\n\t\t\t\t\t<\/div>\n\t\t\t\t<\/div>\n\t\t\t\t\t<\/div>\n\t\t\t\t<\/div>\n\t\t<div class=\"elementor-element elementor-element-18f727c e-flex e-con-boxed e-con e-parent\" data-id=\"18f727c\" data-element_type=\"container\" data-e-type=\"container\">\n\t\t\t\t\t<div class=\"e-con-inner\">\n\t\t<div class=\"elementor-element elementor-element-2ec4ac0 e-con-full e-flex e-con e-child\" data-id=\"2ec4ac0\" data-element_type=\"container\" data-e-type=\"container\">\n\t\t\t\t<div class=\"elementor-element elementor-element-60140d5 elementor-widget elementor-widget-heading\" data-id=\"60140d5\" data-element_type=\"widget\" data-e-type=\"widget\" data-widget_type=\"heading.default\">\n\t\t\t\t<div class=\"elementor-widget-container\">\n\t\t\t\t\t<h2 class=\"elementor-heading-title elementor-size-default\">Find out more about our educational projects: <\/h2>\t\t\t\t<\/div>\n\t\t\t\t<\/div>\n\t\t\t\t<\/div>\n\t\t\t\t\t<\/div>\n\t\t\t\t<\/div>\n\t\t<div class=\"elementor-element elementor-element-d6cdce3 e-flex e-con-boxed e-con e-parent\" data-id=\"d6cdce3\" data-element_type=\"container\" data-e-type=\"container\">\n\t\t\t\t\t<div class=\"e-con-inner\">\n\t\t<div class=\"elementor-element elementor-element-09c57b2 e-flex e-con-boxed e-con e-child\" data-id=\"09c57b2\" data-element_type=\"container\" data-e-type=\"container\" data-settings=\"{&quot;background_background&quot;:&quot;classic&quot;}\">\n\t\t\t\t\t<div class=\"e-con-inner\">\n\t\t<div class=\"elementor-element elementor-element-ed1341b e-flex e-con-boxed e-con e-child\" data-id=\"ed1341b\" data-element_type=\"container\" data-e-type=\"container\">\n\t\t\t\t\t<div class=\"e-con-inner\">\n\t\t<div class=\"elementor-element elementor-element-36d43a4 e-flex e-con-boxed e-con e-child\" data-id=\"36d43a4\" data-element_type=\"container\" data-e-type=\"container\">\n\t\t\t\t\t<div class=\"e-con-inner\">\n\t\t\t\t<div class=\"elementor-element elementor-element-bb890f3 elementor-widget__width-auto e-transform elementor-widget elementor-widget-heading\" data-id=\"bb890f3\" data-element_type=\"widget\" data-e-type=\"widget\" data-settings=\"{&quot;_transform_rotateZ_effect&quot;:{&quot;unit&quot;:&quot;px&quot;,&quot;size&quot;:-3,&quot;sizes&quot;:[]},&quot;_transform_rotateZ_effect_tablet&quot;:{&quot;unit&quot;:&quot;deg&quot;,&quot;size&quot;:&quot;&quot;,&quot;sizes&quot;:[]},&quot;_transform_rotateZ_effect_mobile&quot;:{&quot;unit&quot;:&quot;deg&quot;,&quot;size&quot;:&quot;&quot;,&quot;sizes&quot;:[]}}\" data-widget_type=\"heading.default\">\n\t\t\t\t<div class=\"elementor-widget-container\">\n\t\t\t\t\t<h2 class=\"elementor-heading-title elementor-size-default\">Our vision:<\/h2>\t\t\t\t<\/div>\n\t\t\t\t<\/div>\n\t\t\t\t\t<\/div>\n\t\t\t\t<\/div>\n\t\t<div class=\"elementor-element elementor-element-3e2c9c0 e-flex e-con-boxed e-con e-child\" data-id=\"3e2c9c0\" data-element_type=\"container\" data-e-type=\"container\">\n\t\t\t\t\t<div class=\"e-con-inner\">\n\t\t\t\t<div class=\"elementor-element elementor-element-de03b2b elementor-widget__width-auto elementor-widget elementor-widget-heading\" data-id=\"de03b2b\" data-element_type=\"widget\" data-e-type=\"widget\" data-widget_type=\"heading.default\">\n\t\t\t\t<div class=\"elementor-widget-container\">\n\t\t\t\t\t<h1 class=\"elementor-heading-title elementor-size-default\">to stop the<br>climate crisis<\/h1>\t\t\t\t<\/div>\n\t\t\t\t<\/div>\n\t\t\t\t\t<\/div>\n\t\t\t\t<\/div>\n\t\t\t\t\t<\/div>\n\t\t\t\t<\/div>\n\t\t<div class=\"elementor-element elementor-element-79fd057 e-flex e-con-boxed e-con e-child\" data-id=\"79fd057\" data-element_type=\"container\" data-e-type=\"container\">\n\t\t\t\t\t<div class=\"e-con-inner\">\n\t\t\t\t<div class=\"elementor-element elementor-element-0b50a43 elementor-widget elementor-widget-text-editor\" data-id=\"0b50a43\" data-element_type=\"widget\" data-e-type=\"widget\" data-widget_type=\"text-editor.default\">\n\t\t\t\t<div class=\"elementor-widget-container\">\n\t\t\t\t\t\t\t\t\t<p>We help prevent the climate catastrophe and make our planet just and liveable.<\/p>\t\t\t\t\t\t\t\t<\/div>\n\t\t\t\t<\/div>\n\t\t\t\t\t<\/div>\n\t\t\t\t<\/div>\n\t\t\t\t\t<\/div>\n\t\t\t\t<\/div>\n\t\t\t\t\t<\/div>\n\t\t\t\t<\/div>\n\t\t<div class=\"elementor-element elementor-element-95f420d e-flex e-con-boxed e-con e-parent\" data-id=\"95f420d\" data-element_type=\"container\" data-e-type=\"container\">\n\t\t\t\t\t<div class=\"e-con-inner\">\n\t\t\t\t<div class=\"elementor-element elementor-element-c47833d elementor-widget elementor-widget-template\" data-id=\"c47833d\" data-element_type=\"widget\" data-e-type=\"widget\" data-widget_type=\"template.default\">\n\t\t\t\t<div class=\"elementor-widget-container\">\n\t\t\t\t\t\t\t<div class=\"elementor-template\">\n\t\t\t\t\t<div data-elementor-type=\"container\" data-elementor-id=\"22491\" class=\"elementor elementor-22491 elementor-16080 elementor-16080\" data-elementor-post-type=\"elementor_library\">\n\t\t\t\t<div class=\"elementor-element elementor-element-19a1946 e-flex e-con-boxed e-con e-parent\" data-id=\"19a1946\" data-element_type=\"container\" data-e-type=\"container\">\n\t\t\t\t\t<div class=\"e-con-inner\">\n\t\t<div class=\"elementor-element elementor-element-d701a2c e-flex e-con-boxed e-con e-child\" data-id=\"d701a2c\" data-element_type=\"container\" data-e-type=\"container\">\n\t\t\t\t\t<div class=\"e-con-inner\">\n\t\t\t\t<div class=\"elementor-element elementor-element-1330b1b elementor-widget__width-auto e-transform elementor-widget elementor-widget-heading\" data-id=\"1330b1b\" data-element_type=\"widget\" data-e-type=\"widget\" data-settings=\"{&quot;_transform_rotateZ_effect&quot;:{&quot;unit&quot;:&quot;px&quot;,&quot;size&quot;:-3,&quot;sizes&quot;:[]},&quot;_transform_rotateZ_effect_tablet&quot;:{&quot;unit&quot;:&quot;deg&quot;,&quot;size&quot;:&quot;&quot;,&quot;sizes&quot;:[]},&quot;_transform_rotateZ_effect_mobile&quot;:{&quot;unit&quot;:&quot;deg&quot;,&quot;size&quot;:&quot;&quot;,&quot;sizes&quot;:[]}}\" data-widget_type=\"heading.default\">\n\t\t\t\t<div class=\"elementor-widget-container\">\n\t\t\t\t\t<h1 class=\"elementor-heading-title elementor-size-default\">Current events<\/h1>\t\t\t\t<\/div>\n\t\t\t\t<\/div>\n\t\t\t\t\t<\/div>\n\t\t\t\t<\/div>\n\t\t<div class=\"elementor-element elementor-element-1cc3bdb e-flex e-con-boxed e-con e-child\" data-id=\"1cc3bdb\" data-element_type=\"container\" data-e-type=\"container\">\n\t\t\t\t\t<div class=\"e-con-inner\">\n\t\t<div class=\"elementor-element elementor-element-f164adf e-flex e-con-boxed e-con e-child\" data-id=\"f164adf\" data-element_type=\"container\" data-e-type=\"container\">\n\t\t\t\t\t<div class=\"e-con-inner\">\n\t\t\t\t\t<\/div>\n\t\t\t\t<\/div>\n\t\t<div class=\"elementor-element elementor-element-97bb801 e-flex e-con-boxed e-con e-child\" data-id=\"97bb801\" data-element_type=\"container\" data-e-type=\"container\">\n\t\t\t\t\t<div class=\"e-con-inner\">\n\t\t<div class=\"elementor-element elementor-element-97d51ad e-flex e-con-boxed e-con e-child\" data-id=\"97d51ad\" data-element_type=\"container\" data-e-type=\"container\">\n\t\t\t\t\t<div class=\"e-con-inner\">\n\t\t\t\t<div class=\"elementor-element elementor-element-05e00a0 elementor-widget elementor-widget-heading\" data-id=\"05e00a0\" data-element_type=\"widget\" data-e-type=\"widget\" data-widget_type=\"heading.default\">\n\t\t\t\t<div class=\"elementor-widget-container\">\n\t\t\t\t\t<h2 class=\"elementor-heading-title elementor-size-default\"><a href=\"https:\/\/www.protect-the-planet.de\/en\/events\/\">EVENT CALENDAR<\/a><\/h2>\t\t\t\t<\/div>\n\t\t\t\t<\/div>\n\t\t\t\t<div class=\"elementor-element elementor-element-a572ac6 elementor-widget elementor-widget-image\" data-id=\"a572ac6\" data-element_type=\"widget\" data-e-type=\"widget\" data-widget_type=\"image.default\">\n\t\t\t\t<div class=\"elementor-widget-container\">\n\t\t\t\t\t\t\t\t\t\t\t\t\t\t\t\t<a href=\"https:\/\/www.protect-the-planet.de\/en\/events\/\">\n\t\t\t\t\t\t\t<img decoding=\"async\" width=\"81\" height=\"62\" src=\"https:\/\/www.protect-the-planet.de\/wp-content\/uploads\/2023\/06\/Pfad-18.png\" class=\"attachment-large size-large wp-image-21583\" alt=\"\" \/>\t\t\t\t\t\t\t\t<\/a>\n\t\t\t\t\t\t\t\t\t\t\t\t\t\t\t<\/div>\n\t\t\t\t<\/div>\n\t\t\t\t\t<\/div>\n\t\t\t\t<\/div>\n\t\t\t\t<div class=\"elementor-element elementor-element-6de1479 elementor-widget elementor-widget-text-editor\" data-id=\"6de1479\" data-element_type=\"widget\" data-e-type=\"widget\" data-widget_type=\"text-editor.default\">\n\t\t\t\t<div class=\"elementor-widget-container\">\n\t\t\t\t\t\t\t\t\t<p>There is still too little known about the climate crisis and what we can do to avert it. To bridge this gap, our Climate Talks aim to provide information on many different aspects of climate change with a particular focus on specific things we can do ourselves.<\/p><p>Numerous experts join us in exploring the pressing questions of our time.<\/p><p>Missed an event? No problem, you can watch the recordings of the presentations in the archive.<\/p>\t\t\t\t\t\t\t\t<\/div>\n\t\t\t\t<\/div>\n\t\t\t\t<div class=\"elementor-element elementor-element-a2908ad elementor-widget elementor-widget-button\" data-id=\"a2908ad\" data-element_type=\"widget\" data-e-type=\"widget\" data-widget_type=\"button.default\">\n\t\t\t\t<div class=\"elementor-widget-container\">\n\t\t\t\t\t\t\t\t\t<div class=\"elementor-button-wrapper\">\n\t\t\t\t\t<a class=\"elementor-button elementor-button-link elementor-size-sm\" href=\"https:\/\/www.protect-the-planet.de\/en\/event-archive\/\">\n\t\t\t\t\t\t<span class=\"elementor-button-content-wrapper\">\n\t\t\t\t\t\t\t\t\t<span class=\"elementor-button-text\">Our Event Archive<\/span>\n\t\t\t\t\t<\/span>\n\t\t\t\t\t<\/a>\n\t\t\t\t<\/div>\n\t\t\t\t\t\t\t\t<\/div>\n\t\t\t\t<\/div>\n\t\t\t\t\t<\/div>\n\t\t\t\t<\/div>\n\t\t\t\t\t<\/div>\n\t\t\t\t<\/div>\n\t\t\t\t\t<\/div>\n\t\t\t\t<\/div>\n\t\t\t\t<\/div>\n\t\t\t\t<\/div>\n\t\t\t\t\t\t<\/div>\n\t\t\t\t<\/div>\n\t\t\t\t\t<\/div>\n\t\t\t\t<\/div>\n\t\t<div class=\"elementor-element elementor-element-7cf3d03 e-flex e-con-boxed e-con e-parent\" data-id=\"7cf3d03\" data-element_type=\"container\" data-e-type=\"container\">\n\t\t\t\t\t<div class=\"e-con-inner\">\n\t\t<div class=\"elementor-element elementor-element-44ad439 e-flex e-con-boxed e-con e-child\" data-id=\"44ad439\" data-element_type=\"container\" data-e-type=\"container\">\n\t\t\t\t\t<div class=\"e-con-inner\">\n\t\t\t\t\t<\/div>\n\t\t\t\t<\/div>\n\t\t\t\t\t<\/div>\n\t\t\t\t<\/div>\n\t\t<div class=\"elementor-element elementor-element-87261a6 e-flex e-con-boxed e-con e-parent\" data-id=\"87261a6\" data-element_type=\"container\" data-e-type=\"container\">\n\t\t\t\t\t<div class=\"e-con-inner\">\n\t\t\t\t<div class=\"elementor-element elementor-element-694b4f6 elementor-widget elementor-widget-heading\" data-id=\"694b4f6\" data-element_type=\"widget\" data-e-type=\"widget\" data-widget_type=\"heading.default\">\n\t\t\t\t<div class=\"elementor-widget-container\">\n\t\t\t\t\t<h1 class=\"elementor-heading-title elementor-size-default\">News from the Planet<\/h1>\t\t\t\t<\/div>\n\t\t\t\t<\/div>\n\t\t\t\t<div class=\"elementor-element elementor-element-228f9a4 elementor-arrows-position-outside elementor-widget elementor-widget-loop-carousel\" data-id=\"228f9a4\" data-element_type=\"widget\" data-e-type=\"widget\" data-settings=\"{&quot;template_id&quot;:15063,&quot;slides_to_scroll_mobile&quot;:&quot;1&quot;,&quot;slides_to_scroll&quot;:&quot;3&quot;,&quot;image_spacing_custom&quot;:{&quot;unit&quot;:&quot;px&quot;,&quot;size&quot;:64,&quot;sizes&quot;:[]},&quot;_skin&quot;:&quot;post&quot;,&quot;slides_to_show&quot;:&quot;3&quot;,&quot;slides_to_show_tablet&quot;:&quot;2&quot;,&quot;slides_to_show_mobile&quot;:&quot;1&quot;,&quot;edit_handle_selector&quot;:&quot;.elementor-loop-container&quot;,&quot;infinite&quot;:&quot;yes&quot;,&quot;speed&quot;:500,&quot;offset_sides&quot;:&quot;none&quot;,&quot;arrows&quot;:&quot;yes&quot;,&quot;image_spacing_custom_tablet&quot;:{&quot;unit&quot;:&quot;px&quot;,&quot;size&quot;:&quot;&quot;,&quot;sizes&quot;:[]},&quot;image_spacing_custom_mobile&quot;:{&quot;unit&quot;:&quot;px&quot;,&quot;size&quot;:&quot;&quot;,&quot;sizes&quot;:[]}}\" data-widget_type=\"loop-carousel.post\">\n\t\t\t\t<div class=\"elementor-widget-container\">\n\t\t\t\t\t\t\t<div class=\"swiper elementor-loop-container elementor-grid\" role=\"list\" dir=\"ltr\">\n\t\t\t\t<div class=\"swiper-wrapper\" aria-live=\"polite\">\n\t\t<style id=\"loop-15063\">.elementor-15063 .elementor-element.elementor-element-2268704{--display:flex;}.elementor-15063 .elementor-element.elementor-element-b9a646c > .elementor-widget-container{margin:0px 0px 13px 0px;}.elementor-15063 .elementor-element.elementor-element-ea6a12a .elementor-icon-list-icon{width:14px;}.elementor-15063 .elementor-element.elementor-element-ea6a12a .elementor-icon-list-icon i{font-size:14px;}.elementor-15063 .elementor-element.elementor-element-ea6a12a .elementor-icon-list-icon svg{--e-icon-list-icon-size:14px;}.elementor-15063 .elementor-element.elementor-element-fbb1189 .elementor-heading-title{font-size:16px;font-weight:bold;line-height:24px;-webkit-text-stroke-color:#000;stroke:#000;}.elementor-15063 .elementor-element.elementor-element-ae12212 .elementor-icon-list-icon{width:0px;}.elementor-15063 .elementor-element.elementor-element-ae12212 .elementor-icon-list-icon i{font-size:0px;}.elementor-15063 .elementor-element.elementor-element-ae12212 .elementor-icon-list-icon svg{--e-icon-list-icon-size:0px;}.elementor-15063 .elementor-element.elementor-element-ae12212 > .elementor-widget-container{margin:0px 0px 0px 0px;}@media(min-width:768px){.elementor-15063 .elementor-element.elementor-element-2268704{--content-width:1024px;}}<\/style>\t\t<div data-elementor-type=\"loop-item\" data-elementor-id=\"15063\" class=\"elementor elementor-15063 swiper-slide e-loop-item e-loop-item-34871 post-34871 post type-post status-publish format-standard has-post-thumbnail hentry category-news category-unkategorisiert tag-oekozid-en\" data-elementor-post-type=\"elementor_library\" role=\"group\" aria-roledescription=\"slide\" data-custom-edit-handle=\"1\">\n\t\t\t<div class=\"elementor-element elementor-element-2268704 e-flex e-con-boxed e-con e-parent\" data-id=\"2268704\" data-element_type=\"container\" data-e-type=\"container\">\n\t\t\t\t\t<div class=\"e-con-inner\">\n\t\t\t\t<div class=\"elementor-element elementor-element-b9a646c elementor-widget elementor-widget-theme-post-featured-image elementor-widget-image\" data-id=\"b9a646c\" data-element_type=\"widget\" data-e-type=\"widget\" data-widget_type=\"theme-post-featured-image.default\">\n\t\t\t\t<div class=\"elementor-widget-container\">\n\t\t\t\t\t\t\t\t\t\t\t\t\t\t\t\t<a href=\"https:\/\/www.protect-the-planet.de\/en\/gesetze-aendern-natur-schuetzen\/\">\n\t\t\t\t\t\t\t<img loading=\"lazy\" decoding=\"async\" width=\"900\" height=\"550\" src=\"https:\/\/www.protect-the-planet.de\/wp-content\/uploads\/2026\/04\/09.04.2026-STOP-ECOCIDE-ABSTIMMNUG-21.png\" class=\"attachment-full size-full wp-image-34872\" alt=\"\" srcset=\"https:\/\/www.protect-the-planet.de\/wp-content\/uploads\/2026\/04\/09.04.2026-STOP-ECOCIDE-ABSTIMMNUG-21.png 900w, https:\/\/www.protect-the-planet.de\/wp-content\/uploads\/2026\/04\/09.04.2026-STOP-ECOCIDE-ABSTIMMNUG-21-300x183.png 300w, https:\/\/www.protect-the-planet.de\/wp-content\/uploads\/2026\/04\/09.04.2026-STOP-ECOCIDE-ABSTIMMNUG-21-768x469.png 768w\" sizes=\"(max-width: 900px) 100vw, 900px\" \/>\t\t\t\t\t\t\t\t<\/a>\n\t\t\t\t\t\t\t\t\t\t\t\t\t\t\t<\/div>\n\t\t\t\t<\/div>\n\t\t\t\t<div class=\"elementor-element elementor-element-ea6a12a elementor-widget elementor-widget-post-info\" data-id=\"ea6a12a\" data-element_type=\"widget\" data-e-type=\"widget\" data-widget_type=\"post-info.default\">\n\t\t\t\t<div class=\"elementor-widget-container\">\n\t\t\t\t\t\t\t<ul class=\"elementor-inline-items elementor-icon-list-items elementor-post-info\">\n\t\t\t\t\t\t\t\t<li class=\"elementor-icon-list-item elementor-repeater-item-9f942b6 elementor-inline-item\" itemprop=\"datePublished\">\n\t\t\t\t\t\t<a href=\"https:\/\/www.protect-the-planet.de\/en\/2026\/04\/09\/\">\n\t\t\t\t\t\t\t\t\t\t\t\t\t\t<span class=\"elementor-icon-list-text elementor-post-info__item elementor-post-info__item--type-date\">\n\t\t\t\t\t\t\t\t\t\t<time>09.04.2026<\/time>\t\t\t\t\t<\/span>\n\t\t\t\t\t\t\t\t\t<\/a>\n\t\t\t\t<\/li>\n\t\t\t\t<\/ul>\n\t\t\t\t\t\t<\/div>\n\t\t\t\t<\/div>\n\t\t\t\t<div class=\"elementor-element elementor-element-fbb1189 elementor-widget elementor-widget-theme-post-title elementor-page-title elementor-widget-heading\" data-id=\"fbb1189\" data-element_type=\"widget\" data-e-type=\"widget\" data-widget_type=\"theme-post-title.default\">\n\t\t\t\t<div class=\"elementor-widget-container\">\n\t\t\t\t\t<h3 class=\"elementor-heading-title elementor-size-default\"><a href=\"https:\/\/www.protect-the-planet.de\/en\/gesetze-aendern-natur-schuetzen\/\">Gesetze \u00e4ndern \u2013 Natur sch\u00fctzen<\/a><\/h3>\t\t\t\t<\/div>\n\t\t\t\t<\/div>\n\t\t\t\t<div class=\"elementor-element elementor-element-95496bd elementor-widget elementor-widget-theme-post-excerpt\" data-id=\"95496bd\" data-element_type=\"widget\" data-e-type=\"widget\" data-widget_type=\"theme-post-excerpt.default\">\n\t\t\t\t<div class=\"elementor-widget-container\">\n\t\t\t\t\tBis Mitte April kann man bei Abstimmung21 e.V. und f\u00fcr die Initiative von Stop Ecocide Deutschland abstimmen.\t\t\t\t<\/div>\n\t\t\t\t<\/div>\n\t\t\t\t<div class=\"elementor-element elementor-element-ae12212 elementor-widget elementor-widget-post-info\" data-id=\"ae12212\" data-element_type=\"widget\" data-e-type=\"widget\" data-widget_type=\"post-info.default\">\n\t\t\t\t<div class=\"elementor-widget-container\">\n\t\t\t\t\t\t\t<ul class=\"elementor-icon-list-items elementor-post-info\">\n\t\t\t\t\t\t\t\t<li class=\"elementor-icon-list-item elementor-repeater-item-1ee7b4b\">\n\t\t\t\t\t\t<a href=\"https:\/\/www.protect-the-planet.de\/en\/gesetze-aendern-natur-schuetzen\/\">\n\t\t\t\t\t\t\t\t\t\t\t<span class=\"elementor-icon-list-icon\">\n\t\t\t\t\t\t\t\t<i aria-hidden=\"true\" class=\"far fa-tags\"><\/i>\t\t\t\t\t\t\t<\/span>\n\t\t\t\t\t\t\t\t\t<span class=\"elementor-icon-list-text elementor-post-info__item elementor-post-info__item--type-custom\">\n\t\t\t\t\t\t\t\t\t\t... mehr\t\t\t\t\t<\/span>\n\t\t\t\t\t\t\t\t\t<\/a>\n\t\t\t\t<\/li>\n\t\t\t\t<\/ul>\n\t\t\t\t\t\t<\/div>\n\t\t\t\t<\/div>\n\t\t\t\t\t<\/div>\n\t\t\t\t<\/div>\n\t\t\t\t<\/div>\n\t\t\t\t<div data-elementor-type=\"loop-item\" data-elementor-id=\"15063\" class=\"elementor elementor-15063 swiper-slide e-loop-item e-loop-item-34819 post-34819 post type-post status-publish format-standard has-post-thumbnail hentry category-news tag-18-april tag-berlin-en tag-energiewende-en tag-erneuerbare-energien-en tag-fridays-for-future-en tag-klimakrise-en tag-klimaneutralitaet-en tag-klimaschutz-en tag-muenchen-en\" data-elementor-post-type=\"elementor_library\" role=\"group\" aria-roledescription=\"slide\" data-custom-edit-handle=\"1\">\n\t\t\t<div class=\"elementor-element elementor-element-2268704 e-flex e-con-boxed e-con e-parent\" data-id=\"2268704\" data-element_type=\"container\" data-e-type=\"container\">\n\t\t\t\t\t<div class=\"e-con-inner\">\n\t\t\t\t<div class=\"elementor-element elementor-element-b9a646c elementor-widget elementor-widget-theme-post-featured-image elementor-widget-image\" data-id=\"b9a646c\" data-element_type=\"widget\" data-e-type=\"widget\" data-widget_type=\"theme-post-featured-image.default\">\n\t\t\t\t<div class=\"elementor-widget-container\">\n\t\t\t\t\t\t\t\t\t\t\t\t\t\t\t\t<a href=\"https:\/\/www.protect-the-planet.de\/en\/erneuerbare-energien-verteidigen-demos-am-18-april\/\">\n\t\t\t\t\t\t\t<img loading=\"lazy\" decoding=\"async\" width=\"900\" height=\"550\" src=\"https:\/\/www.protect-the-planet.de\/wp-content\/uploads\/2026\/04\/news_demo-erneuerbare-Energien-verteidigen_18042026.png\" class=\"attachment-full size-full wp-image-34828\" alt=\"\" srcset=\"https:\/\/www.protect-the-planet.de\/wp-content\/uploads\/2026\/04\/news_demo-erneuerbare-Energien-verteidigen_18042026.png 900w, https:\/\/www.protect-the-planet.de\/wp-content\/uploads\/2026\/04\/news_demo-erneuerbare-Energien-verteidigen_18042026-300x183.png 300w, https:\/\/www.protect-the-planet.de\/wp-content\/uploads\/2026\/04\/news_demo-erneuerbare-Energien-verteidigen_18042026-768x469.png 768w\" sizes=\"(max-width: 900px) 100vw, 900px\" \/>\t\t\t\t\t\t\t\t<\/a>\n\t\t\t\t\t\t\t\t\t\t\t\t\t\t\t<\/div>\n\t\t\t\t<\/div>\n\t\t\t\t<div class=\"elementor-element elementor-element-ea6a12a elementor-widget elementor-widget-post-info\" data-id=\"ea6a12a\" data-element_type=\"widget\" data-e-type=\"widget\" data-widget_type=\"post-info.default\">\n\t\t\t\t<div class=\"elementor-widget-container\">\n\t\t\t\t\t\t\t<ul class=\"elementor-inline-items elementor-icon-list-items elementor-post-info\">\n\t\t\t\t\t\t\t\t<li class=\"elementor-icon-list-item elementor-repeater-item-9f942b6 elementor-inline-item\" itemprop=\"datePublished\">\n\t\t\t\t\t\t<a href=\"https:\/\/www.protect-the-planet.de\/en\/2026\/04\/08\/\">\n\t\t\t\t\t\t\t\t\t\t\t\t\t\t<span class=\"elementor-icon-list-text elementor-post-info__item elementor-post-info__item--type-date\">\n\t\t\t\t\t\t\t\t\t\t<time>08.04.2026<\/time>\t\t\t\t\t<\/span>\n\t\t\t\t\t\t\t\t\t<\/a>\n\t\t\t\t<\/li>\n\t\t\t\t<\/ul>\n\t\t\t\t\t\t<\/div>\n\t\t\t\t<\/div>\n\t\t\t\t<div class=\"elementor-element elementor-element-fbb1189 elementor-widget elementor-widget-theme-post-title elementor-page-title elementor-widget-heading\" data-id=\"fbb1189\" data-element_type=\"widget\" data-e-type=\"widget\" data-widget_type=\"theme-post-title.default\">\n\t\t\t\t<div class=\"elementor-widget-container\">\n\t\t\t\t\t<h3 class=\"elementor-heading-title elementor-size-default\"><a href=\"https:\/\/www.protect-the-planet.de\/en\/erneuerbare-energien-verteidigen-demos-am-18-april\/\">Erneuerbare Energien verteidigen: Demos am 18. April<\/a><\/h3>\t\t\t\t<\/div>\n\t\t\t\t<\/div>\n\t\t\t\t<div class=\"elementor-element elementor-element-95496bd elementor-widget elementor-widget-theme-post-excerpt\" data-id=\"95496bd\" data-element_type=\"widget\" data-e-type=\"widget\" data-widget_type=\"theme-post-excerpt.default\">\n\t\t\t\t<div class=\"elementor-widget-container\">\n\t\t\t\t\tWirtschaftsministerin Katherina Reiche (CDU) greift die Energiewende an \u2013 doch quer durch die Gesellschaft formiert sich Widerstand. Den bringen wir am 18. April auf die Stra\u00dfe.\t\t\t\t<\/div>\n\t\t\t\t<\/div>\n\t\t\t\t<div class=\"elementor-element elementor-element-ae12212 elementor-widget elementor-widget-post-info\" data-id=\"ae12212\" data-element_type=\"widget\" data-e-type=\"widget\" data-widget_type=\"post-info.default\">\n\t\t\t\t<div class=\"elementor-widget-container\">\n\t\t\t\t\t\t\t<ul class=\"elementor-icon-list-items elementor-post-info\">\n\t\t\t\t\t\t\t\t<li class=\"elementor-icon-list-item elementor-repeater-item-1ee7b4b\">\n\t\t\t\t\t\t<a href=\"https:\/\/www.protect-the-planet.de\/en\/erneuerbare-energien-verteidigen-demos-am-18-april\/\">\n\t\t\t\t\t\t\t\t\t\t\t<span class=\"elementor-icon-list-icon\">\n\t\t\t\t\t\t\t\t<i aria-hidden=\"true\" class=\"far fa-tags\"><\/i>\t\t\t\t\t\t\t<\/span>\n\t\t\t\t\t\t\t\t\t<span class=\"elementor-icon-list-text elementor-post-info__item elementor-post-info__item--type-custom\">\n\t\t\t\t\t\t\t\t\t\t... mehr\t\t\t\t\t<\/span>\n\t\t\t\t\t\t\t\t\t<\/a>\n\t\t\t\t<\/li>\n\t\t\t\t<\/ul>\n\t\t\t\t\t\t<\/div>\n\t\t\t\t<\/div>\n\t\t\t\t\t<\/div>\n\t\t\t\t<\/div>\n\t\t\t\t<\/div>\n\t\t\t\t<div data-elementor-type=\"loop-item\" data-elementor-id=\"15063\" class=\"elementor elementor-15063 swiper-slide e-loop-item e-loop-item-34795 post-34795 post type-post status-publish format-standard has-post-thumbnail hentry category-klima-netzwerk-en category-news\" data-elementor-post-type=\"elementor_library\" role=\"group\" aria-roledescription=\"slide\" data-custom-edit-handle=\"1\">\n\t\t\t<div class=\"elementor-element elementor-element-2268704 e-flex e-con-boxed e-con e-parent\" data-id=\"2268704\" data-element_type=\"container\" data-e-type=\"container\">\n\t\t\t\t\t<div class=\"e-con-inner\">\n\t\t\t\t<div class=\"elementor-element elementor-element-b9a646c elementor-widget elementor-widget-theme-post-featured-image elementor-widget-image\" data-id=\"b9a646c\" data-element_type=\"widget\" data-e-type=\"widget\" data-widget_type=\"theme-post-featured-image.default\">\n\t\t\t\t<div class=\"elementor-widget-container\">\n\t\t\t\t\t\t\t\t\t\t\t\t\t\t\t\t<a href=\"https:\/\/www.protect-the-planet.de\/en\/offener-brief-gaskostenfalle-vermeiden\/\">\n\t\t\t\t\t\t\t<img loading=\"lazy\" decoding=\"async\" width=\"900\" height=\"550\" src=\"https:\/\/www.protect-the-planet.de\/wp-content\/uploads\/2026\/03\/Gaskostenfalle-vermeiden-1.jpg\" class=\"attachment-full size-full wp-image-34867\" alt=\"Protest vor dem Dt. Bundestag f\u00fcr baldigen Gasausstieg\" srcset=\"https:\/\/www.protect-the-planet.de\/wp-content\/uploads\/2026\/03\/Gaskostenfalle-vermeiden-1.jpg 900w, https:\/\/www.protect-the-planet.de\/wp-content\/uploads\/2026\/03\/Gaskostenfalle-vermeiden-1-300x183.jpg 300w, https:\/\/www.protect-the-planet.de\/wp-content\/uploads\/2026\/03\/Gaskostenfalle-vermeiden-1-768x469.jpg 768w\" sizes=\"(max-width: 900px) 100vw, 900px\" \/>\t\t\t\t\t\t\t\t<\/a>\n\t\t\t\t\t\t\t\t\t\t\t\t\t\t\t<\/div>\n\t\t\t\t<\/div>\n\t\t\t\t<div class=\"elementor-element elementor-element-ea6a12a elementor-widget elementor-widget-post-info\" data-id=\"ea6a12a\" data-element_type=\"widget\" data-e-type=\"widget\" data-widget_type=\"post-info.default\">\n\t\t\t\t<div class=\"elementor-widget-container\">\n\t\t\t\t\t\t\t<ul class=\"elementor-inline-items elementor-icon-list-items elementor-post-info\">\n\t\t\t\t\t\t\t\t<li class=\"elementor-icon-list-item elementor-repeater-item-9f942b6 elementor-inline-item\" itemprop=\"datePublished\">\n\t\t\t\t\t\t<a href=\"https:\/\/www.protect-the-planet.de\/en\/2026\/03\/24\/\">\n\t\t\t\t\t\t\t\t\t\t\t\t\t\t<span class=\"elementor-icon-list-text elementor-post-info__item elementor-post-info__item--type-date\">\n\t\t\t\t\t\t\t\t\t\t<time>24.03.2026<\/time>\t\t\t\t\t<\/span>\n\t\t\t\t\t\t\t\t\t<\/a>\n\t\t\t\t<\/li>\n\t\t\t\t<\/ul>\n\t\t\t\t\t\t<\/div>\n\t\t\t\t<\/div>\n\t\t\t\t<div class=\"elementor-element elementor-element-fbb1189 elementor-widget elementor-widget-theme-post-title elementor-page-title elementor-widget-heading\" data-id=\"fbb1189\" data-element_type=\"widget\" data-e-type=\"widget\" data-widget_type=\"theme-post-title.default\">\n\t\t\t\t<div class=\"elementor-widget-container\">\n\t\t\t\t\t<h3 class=\"elementor-heading-title elementor-size-default\"><a href=\"https:\/\/www.protect-the-planet.de\/en\/offener-brief-gaskostenfalle-vermeiden\/\">Gaskostenfalle vermeiden: Protect the Planet unterst\u00fctzt offenen Brief an die Bundesregierung<\/a><\/h3>\t\t\t\t<\/div>\n\t\t\t\t<\/div>\n\t\t\t\t<div class=\"elementor-element elementor-element-95496bd elementor-widget elementor-widget-theme-post-excerpt\" data-id=\"95496bd\" data-element_type=\"widget\" data-e-type=\"widget\" data-widget_type=\"theme-post-excerpt.default\">\n\t\t\t\t<div class=\"elementor-widget-container\">\n\t\t\t\t\tDeutschland steuert auf ein massives Verfehlen seiner Klimaziele zu. Gleichzeitig droht die Bundesregierung, mit einer r\u00fcckw\u00e4rtsgewandten Energiepolitik neue fossile Abh\u00e4ngigkeiten zu zementieren.\t\t\t\t<\/div>\n\t\t\t\t<\/div>\n\t\t\t\t<div class=\"elementor-element elementor-element-ae12212 elementor-widget elementor-widget-post-info\" data-id=\"ae12212\" data-element_type=\"widget\" data-e-type=\"widget\" data-widget_type=\"post-info.default\">\n\t\t\t\t<div class=\"elementor-widget-container\">\n\t\t\t\t\t\t\t<ul class=\"elementor-icon-list-items elementor-post-info\">\n\t\t\t\t\t\t\t\t<li class=\"elementor-icon-list-item elementor-repeater-item-1ee7b4b\">\n\t\t\t\t\t\t<a href=\"https:\/\/www.protect-the-planet.de\/en\/offener-brief-gaskostenfalle-vermeiden\/\">\n\t\t\t\t\t\t\t\t\t\t\t<span class=\"elementor-icon-list-icon\">\n\t\t\t\t\t\t\t\t<i aria-hidden=\"true\" class=\"far fa-tags\"><\/i>\t\t\t\t\t\t\t<\/span>\n\t\t\t\t\t\t\t\t\t<span class=\"elementor-icon-list-text elementor-post-info__item elementor-post-info__item--type-custom\">\n\t\t\t\t\t\t\t\t\t\t... mehr\t\t\t\t\t<\/span>\n\t\t\t\t\t\t\t\t\t<\/a>\n\t\t\t\t<\/li>\n\t\t\t\t<\/ul>\n\t\t\t\t\t\t<\/div>\n\t\t\t\t<\/div>\n\t\t\t\t\t<\/div>\n\t\t\t\t<\/div>\n\t\t\t\t<\/div>\n\t\t\t\t<div data-elementor-type=\"loop-item\" data-elementor-id=\"15063\" class=\"elementor elementor-15063 swiper-slide e-loop-item e-loop-item-34776 post-34776 post type-post status-publish format-standard has-post-thumbnail hentry category-news\" data-elementor-post-type=\"elementor_library\" role=\"group\" aria-roledescription=\"slide\" data-custom-edit-handle=\"1\">\n\t\t\t<div class=\"elementor-element elementor-element-2268704 e-flex e-con-boxed e-con e-parent\" data-id=\"2268704\" data-element_type=\"container\" data-e-type=\"container\">\n\t\t\t\t\t<div class=\"e-con-inner\">\n\t\t\t\t<div class=\"elementor-element elementor-element-b9a646c elementor-widget elementor-widget-theme-post-featured-image elementor-widget-image\" data-id=\"b9a646c\" data-element_type=\"widget\" data-e-type=\"widget\" data-widget_type=\"theme-post-featured-image.default\">\n\t\t\t\t<div class=\"elementor-widget-container\">\n\t\t\t\t\t\t\t\t\t\t\t\t\t\t\t\t<a href=\"https:\/\/www.protect-the-planet.de\/en\/campaigning-school-startet-am-27-april\/\">\n\t\t\t\t\t\t\t<img loading=\"lazy\" decoding=\"async\" width=\"900\" height=\"550\" src=\"https:\/\/www.protect-the-planet.de\/wp-content\/uploads\/2025\/04\/news_campaigningschool.png\" class=\"attachment-full size-full wp-image-30163\" alt=\"Man sieht das Logo der Campaigning School mit wei\u00dfen Buchstaben, mit einem orangefarbenen Balken hinterlegt, auf lilafarbenem Hintergrund.\" srcset=\"https:\/\/www.protect-the-planet.de\/wp-content\/uploads\/2025\/04\/news_campaigningschool.png 900w, https:\/\/www.protect-the-planet.de\/wp-content\/uploads\/2025\/04\/news_campaigningschool-300x183.png 300w, https:\/\/www.protect-the-planet.de\/wp-content\/uploads\/2025\/04\/news_campaigningschool-768x469.png 768w\" sizes=\"(max-width: 900px) 100vw, 900px\" \/>\t\t\t\t\t\t\t\t<\/a>\n\t\t\t\t\t\t\t\t\t\t\t\t\t\t\t<\/div>\n\t\t\t\t<\/div>\n\t\t\t\t<div class=\"elementor-element elementor-element-ea6a12a elementor-widget elementor-widget-post-info\" data-id=\"ea6a12a\" data-element_type=\"widget\" data-e-type=\"widget\" data-widget_type=\"post-info.default\">\n\t\t\t\t<div class=\"elementor-widget-container\">\n\t\t\t\t\t\t\t<ul class=\"elementor-inline-items elementor-icon-list-items elementor-post-info\">\n\t\t\t\t\t\t\t\t<li class=\"elementor-icon-list-item elementor-repeater-item-9f942b6 elementor-inline-item\" itemprop=\"datePublished\">\n\t\t\t\t\t\t<a href=\"https:\/\/www.protect-the-planet.de\/en\/2026\/03\/16\/\">\n\t\t\t\t\t\t\t\t\t\t\t\t\t\t<span class=\"elementor-icon-list-text elementor-post-info__item elementor-post-info__item--type-date\">\n\t\t\t\t\t\t\t\t\t\t<time>16.03.2026<\/time>\t\t\t\t\t<\/span>\n\t\t\t\t\t\t\t\t\t<\/a>\n\t\t\t\t<\/li>\n\t\t\t\t<\/ul>\n\t\t\t\t\t\t<\/div>\n\t\t\t\t<\/div>\n\t\t\t\t<div class=\"elementor-element elementor-element-fbb1189 elementor-widget elementor-widget-theme-post-title elementor-page-title elementor-widget-heading\" data-id=\"fbb1189\" data-element_type=\"widget\" data-e-type=\"widget\" data-widget_type=\"theme-post-title.default\">\n\t\t\t\t<div class=\"elementor-widget-container\">\n\t\t\t\t\t<h3 class=\"elementor-heading-title elementor-size-default\"><a href=\"https:\/\/www.protect-the-planet.de\/en\/campaigning-school-startet-am-27-april\/\">Campaigning School: Weiterbildung f\u00fcr strategische Kampagnenarbeit startet am 27. April 2026<\/a><\/h3>\t\t\t\t<\/div>\n\t\t\t\t<\/div>\n\t\t\t\t<div class=\"elementor-element elementor-element-95496bd elementor-widget elementor-widget-theme-post-excerpt\" data-id=\"95496bd\" data-element_type=\"widget\" data-e-type=\"widget\" data-widget_type=\"theme-post-excerpt.default\">\n\t\t\t\t<div class=\"elementor-widget-container\">\n\t\t\t\t\tStrategisches Campaigning von der Theorie bis zur Praxis:\nDie Ausbildung vermittelt sowohl theoretische Grundlagen als auch praktische F\u00e4higkeiten moderner Kampagnenarbeit.\t\t\t\t<\/div>\n\t\t\t\t<\/div>\n\t\t\t\t<div class=\"elementor-element elementor-element-ae12212 elementor-widget elementor-widget-post-info\" data-id=\"ae12212\" data-element_type=\"widget\" data-e-type=\"widget\" data-widget_type=\"post-info.default\">\n\t\t\t\t<div class=\"elementor-widget-container\">\n\t\t\t\t\t\t\t<ul class=\"elementor-icon-list-items elementor-post-info\">\n\t\t\t\t\t\t\t\t<li class=\"elementor-icon-list-item elementor-repeater-item-1ee7b4b\">\n\t\t\t\t\t\t<a href=\"https:\/\/www.protect-the-planet.de\/en\/campaigning-school-startet-am-27-april\/\">\n\t\t\t\t\t\t\t\t\t\t\t<span class=\"elementor-icon-list-icon\">\n\t\t\t\t\t\t\t\t<i aria-hidden=\"true\" class=\"far fa-tags\"><\/i>\t\t\t\t\t\t\t<\/span>\n\t\t\t\t\t\t\t\t\t<span class=\"elementor-icon-list-text elementor-post-info__item elementor-post-info__item--type-custom\">\n\t\t\t\t\t\t\t\t\t\t... mehr\t\t\t\t\t<\/span>\n\t\t\t\t\t\t\t\t\t<\/a>\n\t\t\t\t<\/li>\n\t\t\t\t<\/ul>\n\t\t\t\t\t\t<\/div>\n\t\t\t\t<\/div>\n\t\t\t\t\t<\/div>\n\t\t\t\t<\/div>\n\t\t\t\t<\/div>\n\t\t\t\t<div data-elementor-type=\"loop-item\" data-elementor-id=\"15063\" class=\"elementor elementor-15063 swiper-slide e-loop-item e-loop-item-34723 post-34723 post type-post status-publish format-standard has-post-thumbnail hentry category-news tag-klimakrise-en tag-klimaschutz-en\" data-elementor-post-type=\"elementor_library\" role=\"group\" aria-roledescription=\"slide\" data-custom-edit-handle=\"1\">\n\t\t\t<div class=\"elementor-element elementor-element-2268704 e-flex e-con-boxed e-con e-parent\" data-id=\"2268704\" data-element_type=\"container\" data-e-type=\"container\">\n\t\t\t\t\t<div class=\"e-con-inner\">\n\t\t\t\t<div class=\"elementor-element elementor-element-b9a646c elementor-widget elementor-widget-theme-post-featured-image elementor-widget-image\" data-id=\"b9a646c\" data-element_type=\"widget\" data-e-type=\"widget\" data-widget_type=\"theme-post-featured-image.default\">\n\t\t\t\t<div class=\"elementor-widget-container\">\n\t\t\t\t\t\t\t\t\t\t\t\t\t\t\t\t<a href=\"https:\/\/www.protect-the-planet.de\/en\/was-koennen-wir-von-der-cop-31-in-antalya-erwarten-ein-kommentar-von-louis-motaal\/\">\n\t\t\t\t\t\t\t<img loading=\"lazy\" decoding=\"async\" width=\"900\" height=\"550\" src=\"https:\/\/www.protect-the-planet.de\/wp-content\/uploads\/2026\/03\/05.03.2026-Kommentar-COP31.png\" class=\"attachment-full size-full wp-image-34724\" alt=\"Das Bild zeigt ein Schild mit der Aufschrift: one world.\" srcset=\"https:\/\/www.protect-the-planet.de\/wp-content\/uploads\/2026\/03\/05.03.2026-Kommentar-COP31.png 900w, https:\/\/www.protect-the-planet.de\/wp-content\/uploads\/2026\/03\/05.03.2026-Kommentar-COP31-300x183.png 300w, https:\/\/www.protect-the-planet.de\/wp-content\/uploads\/2026\/03\/05.03.2026-Kommentar-COP31-768x469.png 768w\" sizes=\"(max-width: 900px) 100vw, 900px\" \/>\t\t\t\t\t\t\t\t<\/a>\n\t\t\t\t\t\t\t\t\t\t\t\t\t\t\t<\/div>\n\t\t\t\t<\/div>\n\t\t\t\t<div class=\"elementor-element elementor-element-ea6a12a elementor-widget elementor-widget-post-info\" data-id=\"ea6a12a\" data-element_type=\"widget\" data-e-type=\"widget\" data-widget_type=\"post-info.default\">\n\t\t\t\t<div class=\"elementor-widget-container\">\n\t\t\t\t\t\t\t<ul class=\"elementor-inline-items elementor-icon-list-items elementor-post-info\">\n\t\t\t\t\t\t\t\t<li class=\"elementor-icon-list-item elementor-repeater-item-9f942b6 elementor-inline-item\" itemprop=\"datePublished\">\n\t\t\t\t\t\t<a href=\"https:\/\/www.protect-the-planet.de\/en\/2026\/03\/05\/\">\n\t\t\t\t\t\t\t\t\t\t\t\t\t\t<span class=\"elementor-icon-list-text elementor-post-info__item elementor-post-info__item--type-date\">\n\t\t\t\t\t\t\t\t\t\t<time>05.03.2026<\/time>\t\t\t\t\t<\/span>\n\t\t\t\t\t\t\t\t\t<\/a>\n\t\t\t\t<\/li>\n\t\t\t\t<\/ul>\n\t\t\t\t\t\t<\/div>\n\t\t\t\t<\/div>\n\t\t\t\t<div class=\"elementor-element elementor-element-fbb1189 elementor-widget elementor-widget-theme-post-title elementor-page-title elementor-widget-heading\" data-id=\"fbb1189\" data-element_type=\"widget\" data-e-type=\"widget\" data-widget_type=\"theme-post-title.default\">\n\t\t\t\t<div class=\"elementor-widget-container\">\n\t\t\t\t\t<h3 class=\"elementor-heading-title elementor-size-default\"><a href=\"https:\/\/www.protect-the-planet.de\/en\/was-koennen-wir-von-der-cop-31-in-antalya-erwarten-ein-kommentar-von-louis-motaal\/\">Was k\u00f6nnen wir von der COP 31 in Antalya erwarten? \u2013 Ein Kommentar von Louis Motaal<\/a><\/h3>\t\t\t\t<\/div>\n\t\t\t\t<\/div>\n\t\t\t\t<div class=\"elementor-element elementor-element-95496bd elementor-widget elementor-widget-theme-post-excerpt\" data-id=\"95496bd\" data-element_type=\"widget\" data-e-type=\"widget\" data-widget_type=\"theme-post-excerpt.default\">\n\t\t\t\t<div class=\"elementor-widget-container\">\n\t\t\t\t\tKlimaaktivist\u00a0Louis Motaal\u00a0war f\u00fcr Protect the Planet auf der COP30 in Bel\u00e9m \u2013 und gibt eine Einsch\u00e4tzung, worauf es in diesem Jahr besonders ankommen wird.\t\t\t\t<\/div>\n\t\t\t\t<\/div>\n\t\t\t\t<div class=\"elementor-element elementor-element-ae12212 elementor-widget elementor-widget-post-info\" data-id=\"ae12212\" data-element_type=\"widget\" data-e-type=\"widget\" data-widget_type=\"post-info.default\">\n\t\t\t\t<div class=\"elementor-widget-container\">\n\t\t\t\t\t\t\t<ul class=\"elementor-icon-list-items elementor-post-info\">\n\t\t\t\t\t\t\t\t<li class=\"elementor-icon-list-item elementor-repeater-item-1ee7b4b\">\n\t\t\t\t\t\t<a href=\"https:\/\/www.protect-the-planet.de\/en\/was-koennen-wir-von-der-cop-31-in-antalya-erwarten-ein-kommentar-von-louis-motaal\/\">\n\t\t\t\t\t\t\t\t\t\t\t<span class=\"elementor-icon-list-icon\">\n\t\t\t\t\t\t\t\t<i aria-hidden=\"true\" class=\"far fa-tags\"><\/i>\t\t\t\t\t\t\t<\/span>\n\t\t\t\t\t\t\t\t\t<span class=\"elementor-icon-list-text elementor-post-info__item elementor-post-info__item--type-custom\">\n\t\t\t\t\t\t\t\t\t\t... mehr\t\t\t\t\t<\/span>\n\t\t\t\t\t\t\t\t\t<\/a>\n\t\t\t\t<\/li>\n\t\t\t\t<\/ul>\n\t\t\t\t\t\t<\/div>\n\t\t\t\t<\/div>\n\t\t\t\t\t<\/div>\n\t\t\t\t<\/div>\n\t\t\t\t<\/div>\n\t\t\t\t<div data-elementor-type=\"loop-item\" data-elementor-id=\"15063\" class=\"elementor elementor-15063 swiper-slide e-loop-item e-loop-item-34778 post-34778 post type-post status-publish format-standard has-post-thumbnail hentry category-news\" data-elementor-post-type=\"elementor_library\" role=\"group\" aria-roledescription=\"slide\" data-custom-edit-handle=\"1\">\n\t\t\t<div class=\"elementor-element elementor-element-2268704 e-flex e-con-boxed e-con e-parent\" data-id=\"2268704\" data-element_type=\"container\" data-e-type=\"container\">\n\t\t\t\t\t<div class=\"e-con-inner\">\n\t\t\t\t<div class=\"elementor-element elementor-element-b9a646c elementor-widget elementor-widget-theme-post-featured-image elementor-widget-image\" data-id=\"b9a646c\" data-element_type=\"widget\" data-e-type=\"widget\" data-widget_type=\"theme-post-featured-image.default\">\n\t\t\t\t<div class=\"elementor-widget-container\">\n\t\t\t\t\t\t\t\t\t\t\t\t\t\t\t\t<a href=\"https:\/\/www.protect-the-planet.de\/en\/las-vegas-for-democracy-in-munich\/\">\n\t\t\t\t\t\t\t<img loading=\"lazy\" decoding=\"async\" width=\"900\" height=\"550\" src=\"https:\/\/www.protect-the-planet.de\/wp-content\/uploads\/2026\/03\/05.03.2026-SfA-Sigfried-und-Joy-Video.jpg\" class=\"attachment-full size-full wp-image-34780\" alt=\"\" srcset=\"https:\/\/www.protect-the-planet.de\/wp-content\/uploads\/2026\/03\/05.03.2026-SfA-Sigfried-und-Joy-Video.jpg 900w, https:\/\/www.protect-the-planet.de\/wp-content\/uploads\/2026\/03\/05.03.2026-SfA-Sigfried-und-Joy-Video-300x183.jpg 300w, https:\/\/www.protect-the-planet.de\/wp-content\/uploads\/2026\/03\/05.03.2026-SfA-Sigfried-und-Joy-Video-768x469.jpg 768w\" sizes=\"(max-width: 900px) 100vw, 900px\" \/>\t\t\t\t\t\t\t\t<\/a>\n\t\t\t\t\t\t\t\t\t\t\t\t\t\t\t<\/div>\n\t\t\t\t<\/div>\n\t\t\t\t<div class=\"elementor-element elementor-element-ea6a12a elementor-widget elementor-widget-post-info\" data-id=\"ea6a12a\" data-element_type=\"widget\" data-e-type=\"widget\" data-widget_type=\"post-info.default\">\n\t\t\t\t<div class=\"elementor-widget-container\">\n\t\t\t\t\t\t\t<ul class=\"elementor-inline-items elementor-icon-list-items elementor-post-info\">\n\t\t\t\t\t\t\t\t<li class=\"elementor-icon-list-item elementor-repeater-item-9f942b6 elementor-inline-item\" itemprop=\"datePublished\">\n\t\t\t\t\t\t<a href=\"https:\/\/www.protect-the-planet.de\/en\/2026\/03\/02\/\">\n\t\t\t\t\t\t\t\t\t\t\t\t\t\t<span class=\"elementor-icon-list-text elementor-post-info__item elementor-post-info__item--type-date\">\n\t\t\t\t\t\t\t\t\t\t<time>02.03.2026<\/time>\t\t\t\t\t<\/span>\n\t\t\t\t\t\t\t\t\t<\/a>\n\t\t\t\t<\/li>\n\t\t\t\t<\/ul>\n\t\t\t\t\t\t<\/div>\n\t\t\t\t<\/div>\n\t\t\t\t<div class=\"elementor-element elementor-element-fbb1189 elementor-widget elementor-widget-theme-post-title elementor-page-title elementor-widget-heading\" data-id=\"fbb1189\" data-element_type=\"widget\" data-e-type=\"widget\" data-widget_type=\"theme-post-title.default\">\n\t\t\t\t<div class=\"elementor-widget-container\">\n\t\t\t\t\t<h3 class=\"elementor-heading-title elementor-size-default\"><a href=\"https:\/\/www.protect-the-planet.de\/en\/las-vegas-for-democracy-in-munich\/\">Las Vegas for Democracy in Munich<\/a><\/h3>\t\t\t\t<\/div>\n\t\t\t\t<\/div>\n\t\t\t\t<div class=\"elementor-element elementor-element-95496bd elementor-widget elementor-widget-theme-post-excerpt\" data-id=\"95496bd\" data-element_type=\"widget\" data-e-type=\"widget\" data-widget_type=\"theme-post-excerpt.default\">\n\t\t\t\t<div class=\"elementor-widget-container\">\n\t\t\t\t\tVirales Video von dem M\u00fcnchner B\u00fcndnis \"Stadt f\u00fcr Alle\" als starkes Zeichen vor den Wahlen: W\u00e4hlt Liebe und keinen Hass!\t\t\t\t<\/div>\n\t\t\t\t<\/div>\n\t\t\t\t<div class=\"elementor-element elementor-element-ae12212 elementor-widget elementor-widget-post-info\" data-id=\"ae12212\" data-element_type=\"widget\" data-e-type=\"widget\" data-widget_type=\"post-info.default\">\n\t\t\t\t<div class=\"elementor-widget-container\">\n\t\t\t\t\t\t\t<ul class=\"elementor-icon-list-items elementor-post-info\">\n\t\t\t\t\t\t\t\t<li class=\"elementor-icon-list-item elementor-repeater-item-1ee7b4b\">\n\t\t\t\t\t\t<a href=\"https:\/\/www.protect-the-planet.de\/en\/las-vegas-for-democracy-in-munich\/\">\n\t\t\t\t\t\t\t\t\t\t\t<span class=\"elementor-icon-list-icon\">\n\t\t\t\t\t\t\t\t<i aria-hidden=\"true\" class=\"far fa-tags\"><\/i>\t\t\t\t\t\t\t<\/span>\n\t\t\t\t\t\t\t\t\t<span class=\"elementor-icon-list-text elementor-post-info__item elementor-post-info__item--type-custom\">\n\t\t\t\t\t\t\t\t\t\t... mehr\t\t\t\t\t<\/span>\n\t\t\t\t\t\t\t\t\t<\/a>\n\t\t\t\t<\/li>\n\t\t\t\t<\/ul>\n\t\t\t\t\t\t<\/div>\n\t\t\t\t<\/div>\n\t\t\t\t\t<\/div>\n\t\t\t\t<\/div>\n\t\t\t\t<\/div>\n\t\t\t\t<div data-elementor-type=\"loop-item\" data-elementor-id=\"15063\" class=\"elementor elementor-15063 swiper-slide e-loop-item e-loop-item-34874 post-34874 post type-post status-publish format-standard has-post-thumbnail hentry category-news tag-innovation-en tag-klimaschutz-en\" data-elementor-post-type=\"elementor_library\" role=\"group\" aria-roledescription=\"slide\" data-custom-edit-handle=\"1\">\n\t\t\t<div class=\"elementor-element elementor-element-2268704 e-flex e-con-boxed e-con e-parent\" data-id=\"2268704\" data-element_type=\"container\" data-e-type=\"container\">\n\t\t\t\t\t<div class=\"e-con-inner\">\n\t\t\t\t<div class=\"elementor-element elementor-element-b9a646c elementor-widget elementor-widget-theme-post-featured-image elementor-widget-image\" data-id=\"b9a646c\" data-element_type=\"widget\" data-e-type=\"widget\" data-widget_type=\"theme-post-featured-image.default\">\n\t\t\t\t<div class=\"elementor-widget-container\">\n\t\t\t\t\t\t\t\t\t\t\t\t\t\t\t\t<a href=\"https:\/\/www.protect-the-planet.de\/en\/smart-green-island-makeathon-2026-cirqmind-circular-economy-through-circular-society\/\">\n\t\t\t\t\t\t\t<img loading=\"lazy\" decoding=\"async\" width=\"900\" height=\"550\" src=\"https:\/\/www.protect-the-planet.de\/wp-content\/uploads\/2026\/02\/26.02.2026_Makeathon.png\" class=\"attachment-full size-full wp-image-34875\" alt=\"Auf dem Bild sind junge Menschen beim MAKEATHON zu sehen, die an ihren Innovationen arbeiten.\" srcset=\"https:\/\/www.protect-the-planet.de\/wp-content\/uploads\/2026\/02\/26.02.2026_Makeathon.png 900w, https:\/\/www.protect-the-planet.de\/wp-content\/uploads\/2026\/02\/26.02.2026_Makeathon-300x183.png 300w, https:\/\/www.protect-the-planet.de\/wp-content\/uploads\/2026\/02\/26.02.2026_Makeathon-768x469.png 768w\" sizes=\"(max-width: 900px) 100vw, 900px\" \/>\t\t\t\t\t\t\t\t<\/a>\n\t\t\t\t\t\t\t\t\t\t\t\t\t\t\t<\/div>\n\t\t\t\t<\/div>\n\t\t\t\t<div class=\"elementor-element elementor-element-ea6a12a elementor-widget elementor-widget-post-info\" data-id=\"ea6a12a\" data-element_type=\"widget\" data-e-type=\"widget\" data-widget_type=\"post-info.default\">\n\t\t\t\t<div class=\"elementor-widget-container\">\n\t\t\t\t\t\t\t<ul class=\"elementor-inline-items elementor-icon-list-items elementor-post-info\">\n\t\t\t\t\t\t\t\t<li class=\"elementor-icon-list-item elementor-repeater-item-9f942b6 elementor-inline-item\" itemprop=\"datePublished\">\n\t\t\t\t\t\t<a href=\"https:\/\/www.protect-the-planet.de\/en\/2026\/02\/26\/\">\n\t\t\t\t\t\t\t\t\t\t\t\t\t\t<span class=\"elementor-icon-list-text elementor-post-info__item elementor-post-info__item--type-date\">\n\t\t\t\t\t\t\t\t\t\t<time>26.02.2026<\/time>\t\t\t\t\t<\/span>\n\t\t\t\t\t\t\t\t\t<\/a>\n\t\t\t\t<\/li>\n\t\t\t\t<\/ul>\n\t\t\t\t\t\t<\/div>\n\t\t\t\t<\/div>\n\t\t\t\t<div class=\"elementor-element elementor-element-fbb1189 elementor-widget elementor-widget-theme-post-title elementor-page-title elementor-widget-heading\" data-id=\"fbb1189\" data-element_type=\"widget\" data-e-type=\"widget\" data-widget_type=\"theme-post-title.default\">\n\t\t\t\t<div class=\"elementor-widget-container\">\n\t\t\t\t\t<h3 class=\"elementor-heading-title elementor-size-default\"><a href=\"https:\/\/www.protect-the-planet.de\/en\/smart-green-island-makeathon-2026-cirqmind-circular-economy-through-circular-society\/\">Smart Green Island Makeathon 2026: \u201eCirQmind \u2013 Circular Economy through Circular Society\u201c<\/a><\/h3>\t\t\t\t<\/div>\n\t\t\t\t<\/div>\n\t\t\t\t<div class=\"elementor-element elementor-element-95496bd elementor-widget elementor-widget-theme-post-excerpt\" data-id=\"95496bd\" data-element_type=\"widget\" data-e-type=\"widget\" data-widget_type=\"theme-post-excerpt.default\">\n\t\t\t\t<div class=\"elementor-widget-container\">\n\t\t\t\t\tVom 24. bis 28. Februar 2026 l\u00e4dt die ITQ GmbH gemeinsam mit der Dr. Stetter ITQ S.L.U. zum SMART GREEN ISLAND INNOVATIONSFESTIVAL nach Las Palmas ein. \t\t\t\t<\/div>\n\t\t\t\t<\/div>\n\t\t\t\t<div class=\"elementor-element elementor-element-ae12212 elementor-widget elementor-widget-post-info\" data-id=\"ae12212\" data-element_type=\"widget\" data-e-type=\"widget\" data-widget_type=\"post-info.default\">\n\t\t\t\t<div class=\"elementor-widget-container\">\n\t\t\t\t\t\t\t<ul class=\"elementor-icon-list-items elementor-post-info\">\n\t\t\t\t\t\t\t\t<li class=\"elementor-icon-list-item elementor-repeater-item-1ee7b4b\">\n\t\t\t\t\t\t<a href=\"https:\/\/www.protect-the-planet.de\/en\/smart-green-island-makeathon-2026-cirqmind-circular-economy-through-circular-society\/\">\n\t\t\t\t\t\t\t\t\t\t\t<span class=\"elementor-icon-list-icon\">\n\t\t\t\t\t\t\t\t<i aria-hidden=\"true\" class=\"far fa-tags\"><\/i>\t\t\t\t\t\t\t<\/span>\n\t\t\t\t\t\t\t\t\t<span class=\"elementor-icon-list-text elementor-post-info__item elementor-post-info__item--type-custom\">\n\t\t\t\t\t\t\t\t\t\t... mehr\t\t\t\t\t<\/span>\n\t\t\t\t\t\t\t\t\t<\/a>\n\t\t\t\t<\/li>\n\t\t\t\t<\/ul>\n\t\t\t\t\t\t<\/div>\n\t\t\t\t<\/div>\n\t\t\t\t\t<\/div>\n\t\t\t\t<\/div>\n\t\t\t\t<\/div>\n\t\t\t\t<div data-elementor-type=\"loop-item\" data-elementor-id=\"15063\" class=\"elementor elementor-15063 swiper-slide e-loop-item e-loop-item-34568 post-34568 post type-post status-publish format-standard has-post-thumbnail hentry category-news tag-dorothea-sick-thies-en tag-hoffnung tag-klimakrise-en\" data-elementor-post-type=\"elementor_library\" role=\"group\" aria-roledescription=\"slide\" data-custom-edit-handle=\"1\">\n\t\t\t<div class=\"elementor-element elementor-element-2268704 e-flex e-con-boxed e-con e-parent\" data-id=\"2268704\" data-element_type=\"container\" data-e-type=\"container\">\n\t\t\t\t\t<div class=\"e-con-inner\">\n\t\t\t\t<div class=\"elementor-element elementor-element-b9a646c elementor-widget elementor-widget-theme-post-featured-image elementor-widget-image\" data-id=\"b9a646c\" data-element_type=\"widget\" data-e-type=\"widget\" data-widget_type=\"theme-post-featured-image.default\">\n\t\t\t\t<div class=\"elementor-widget-container\">\n\t\t\t\t\t\t\t\t\t\t\t\t\t\t\t\t<a href=\"https:\/\/www.protect-the-planet.de\/en\/die-wirtschaft-will-und-braucht-die-transformation-2\/\">\n\t\t\t\t\t\t\t<img loading=\"lazy\" decoding=\"async\" width=\"900\" height=\"550\" src=\"https:\/\/www.protect-the-planet.de\/wp-content\/uploads\/2026\/02\/news_Klima-Kommentar-von-Dorothea-Sick-Thies_Winter_Feb-2026.png\" class=\"attachment-full size-full wp-image-34570\" alt=\"Man sieht ein Foto von Dorothea Sick-Thies mit rotem Schal vor dem Hintergrund eines verschneiten Waldes mit Bergpanorama. Text im Bild: &quot;Klima-Kommentar von Dorothea Sick-Thies)\" srcset=\"https:\/\/www.protect-the-planet.de\/wp-content\/uploads\/2026\/02\/news_Klima-Kommentar-von-Dorothea-Sick-Thies_Winter_Feb-2026.png 900w, https:\/\/www.protect-the-planet.de\/wp-content\/uploads\/2026\/02\/news_Klima-Kommentar-von-Dorothea-Sick-Thies_Winter_Feb-2026-300x183.png 300w, https:\/\/www.protect-the-planet.de\/wp-content\/uploads\/2026\/02\/news_Klima-Kommentar-von-Dorothea-Sick-Thies_Winter_Feb-2026-768x469.png 768w\" sizes=\"(max-width: 900px) 100vw, 900px\" \/>\t\t\t\t\t\t\t\t<\/a>\n\t\t\t\t\t\t\t\t\t\t\t\t\t\t\t<\/div>\n\t\t\t\t<\/div>\n\t\t\t\t<div class=\"elementor-element elementor-element-ea6a12a elementor-widget elementor-widget-post-info\" data-id=\"ea6a12a\" data-element_type=\"widget\" data-e-type=\"widget\" data-widget_type=\"post-info.default\">\n\t\t\t\t<div class=\"elementor-widget-container\">\n\t\t\t\t\t\t\t<ul class=\"elementor-inline-items elementor-icon-list-items elementor-post-info\">\n\t\t\t\t\t\t\t\t<li class=\"elementor-icon-list-item elementor-repeater-item-9f942b6 elementor-inline-item\" itemprop=\"datePublished\">\n\t\t\t\t\t\t<a href=\"https:\/\/www.protect-the-planet.de\/en\/2026\/02\/17\/\">\n\t\t\t\t\t\t\t\t\t\t\t\t\t\t<span class=\"elementor-icon-list-text elementor-post-info__item elementor-post-info__item--type-date\">\n\t\t\t\t\t\t\t\t\t\t<time>17.02.2026<\/time>\t\t\t\t\t<\/span>\n\t\t\t\t\t\t\t\t\t<\/a>\n\t\t\t\t<\/li>\n\t\t\t\t<\/ul>\n\t\t\t\t\t\t<\/div>\n\t\t\t\t<\/div>\n\t\t\t\t<div class=\"elementor-element elementor-element-fbb1189 elementor-widget elementor-widget-theme-post-title elementor-page-title elementor-widget-heading\" data-id=\"fbb1189\" data-element_type=\"widget\" data-e-type=\"widget\" data-widget_type=\"theme-post-title.default\">\n\t\t\t\t<div class=\"elementor-widget-container\">\n\t\t\t\t\t<h3 class=\"elementor-heading-title elementor-size-default\"><a href=\"https:\/\/www.protect-the-planet.de\/en\/die-wirtschaft-will-und-braucht-die-transformation-2\/\">Gemeinsam handeln: Was in diesem Jahr z\u00e4hlt<\/a><\/h3>\t\t\t\t<\/div>\n\t\t\t\t<\/div>\n\t\t\t\t<div class=\"elementor-element elementor-element-95496bd elementor-widget elementor-widget-theme-post-excerpt\" data-id=\"95496bd\" data-element_type=\"widget\" data-e-type=\"widget\" data-widget_type=\"theme-post-excerpt.default\">\n\t\t\t\t<div class=\"elementor-widget-container\">\n\t\t\t\t\tEngagement f\u00fcr Klimagerechtigkeit ist kein Sprint, sondern ein Marathon \u2013 mit Momenten der Ersch\u00f6pfung, aber auch mit Etappen, auf die wir stolz zur\u00fcckblicken k\u00f6nnen, weil wir dran geblieben sind.\t\t\t\t<\/div>\n\t\t\t\t<\/div>\n\t\t\t\t<div class=\"elementor-element elementor-element-ae12212 elementor-widget elementor-widget-post-info\" data-id=\"ae12212\" data-element_type=\"widget\" data-e-type=\"widget\" data-widget_type=\"post-info.default\">\n\t\t\t\t<div class=\"elementor-widget-container\">\n\t\t\t\t\t\t\t<ul class=\"elementor-icon-list-items elementor-post-info\">\n\t\t\t\t\t\t\t\t<li class=\"elementor-icon-list-item elementor-repeater-item-1ee7b4b\">\n\t\t\t\t\t\t<a href=\"https:\/\/www.protect-the-planet.de\/en\/die-wirtschaft-will-und-braucht-die-transformation-2\/\">\n\t\t\t\t\t\t\t\t\t\t\t<span class=\"elementor-icon-list-icon\">\n\t\t\t\t\t\t\t\t<i aria-hidden=\"true\" class=\"far fa-tags\"><\/i>\t\t\t\t\t\t\t<\/span>\n\t\t\t\t\t\t\t\t\t<span class=\"elementor-icon-list-text elementor-post-info__item elementor-post-info__item--type-custom\">\n\t\t\t\t\t\t\t\t\t\t... mehr\t\t\t\t\t<\/span>\n\t\t\t\t\t\t\t\t\t<\/a>\n\t\t\t\t<\/li>\n\t\t\t\t<\/ul>\n\t\t\t\t\t\t<\/div>\n\t\t\t\t<\/div>\n\t\t\t\t\t<\/div>\n\t\t\t\t<\/div>\n\t\t\t\t<\/div>\n\t\t\t\t<div data-elementor-type=\"loop-item\" data-elementor-id=\"15063\" class=\"elementor elementor-15063 swiper-slide e-loop-item e-loop-item-34433 post-34433 post type-post status-publish format-standard has-post-thumbnail hentry category-news category-pressemitteilungen-en tag-demokratie-en tag-klimaschutz-en tag-muenchen-en tag-stadt-fuer-alle-en\" data-elementor-post-type=\"elementor_library\" role=\"group\" aria-roledescription=\"slide\" data-custom-edit-handle=\"1\">\n\t\t\t<div class=\"elementor-element elementor-element-2268704 e-flex e-con-boxed e-con e-parent\" data-id=\"2268704\" data-element_type=\"container\" data-e-type=\"container\">\n\t\t\t\t\t<div class=\"e-con-inner\">\n\t\t\t\t<div class=\"elementor-element elementor-element-b9a646c elementor-widget elementor-widget-theme-post-featured-image elementor-widget-image\" data-id=\"b9a646c\" data-element_type=\"widget\" data-e-type=\"widget\" data-widget_type=\"theme-post-featured-image.default\">\n\t\t\t\t<div class=\"elementor-widget-container\">\n\t\t\t\t\t\t\t\t\t\t\t\t\t\t\t\t<a href=\"https:\/\/www.protect-the-planet.de\/en\/kommunalwahl-mehr-als-80-organisationen-muenchens-fordern-eine-stadt-fuer-alle-2\/\">\n\t\t\t\t\t\t\t<img loading=\"lazy\" decoding=\"async\" width=\"900\" height=\"550\" src=\"https:\/\/www.protect-the-planet.de\/wp-content\/uploads\/2026\/02\/10.02.2026_Stadt-fuer-alle_Stadtwald-Aktion.png\" class=\"attachment-full size-full wp-image-34455\" alt=\"Auf dem Bild sind einige der 100 Organisationen vor dem M\u00fcnchner Rathaus zu sehen. Sie \u00fcbergeben offiziell die Forderung des Stadt f\u00fcr Alle B\u00fcndnisses.\" srcset=\"https:\/\/www.protect-the-planet.de\/wp-content\/uploads\/2026\/02\/10.02.2026_Stadt-fuer-alle_Stadtwald-Aktion.png 900w, https:\/\/www.protect-the-planet.de\/wp-content\/uploads\/2026\/02\/10.02.2026_Stadt-fuer-alle_Stadtwald-Aktion-300x183.png 300w, https:\/\/www.protect-the-planet.de\/wp-content\/uploads\/2026\/02\/10.02.2026_Stadt-fuer-alle_Stadtwald-Aktion-768x469.png 768w\" sizes=\"(max-width: 900px) 100vw, 900px\" \/>\t\t\t\t\t\t\t\t<\/a>\n\t\t\t\t\t\t\t\t\t\t\t\t\t\t\t<\/div>\n\t\t\t\t<\/div>\n\t\t\t\t<div class=\"elementor-element elementor-element-ea6a12a elementor-widget elementor-widget-post-info\" data-id=\"ea6a12a\" data-element_type=\"widget\" data-e-type=\"widget\" data-widget_type=\"post-info.default\">\n\t\t\t\t<div class=\"elementor-widget-container\">\n\t\t\t\t\t\t\t<ul class=\"elementor-inline-items elementor-icon-list-items elementor-post-info\">\n\t\t\t\t\t\t\t\t<li class=\"elementor-icon-list-item elementor-repeater-item-9f942b6 elementor-inline-item\" itemprop=\"datePublished\">\n\t\t\t\t\t\t<a href=\"https:\/\/www.protect-the-planet.de\/en\/2026\/02\/10\/\">\n\t\t\t\t\t\t\t\t\t\t\t\t\t\t<span class=\"elementor-icon-list-text elementor-post-info__item elementor-post-info__item--type-date\">\n\t\t\t\t\t\t\t\t\t\t<time>10.02.2026<\/time>\t\t\t\t\t<\/span>\n\t\t\t\t\t\t\t\t\t<\/a>\n\t\t\t\t<\/li>\n\t\t\t\t<\/ul>\n\t\t\t\t\t\t<\/div>\n\t\t\t\t<\/div>\n\t\t\t\t<div class=\"elementor-element elementor-element-fbb1189 elementor-widget elementor-widget-theme-post-title elementor-page-title elementor-widget-heading\" data-id=\"fbb1189\" data-element_type=\"widget\" data-e-type=\"widget\" data-widget_type=\"theme-post-title.default\">\n\t\t\t\t<div class=\"elementor-widget-container\">\n\t\t\t\t\t<h3 class=\"elementor-heading-title elementor-size-default\"><a href=\"https:\/\/www.protect-the-planet.de\/en\/kommunalwahl-mehr-als-80-organisationen-muenchens-fordern-eine-stadt-fuer-alle-2\/\">Kommunalwahl: Knapp 100 Organisationen M\u00fcnchens fordern eine Stadt f\u00fcr Alle!<\/a><\/h3>\t\t\t\t<\/div>\n\t\t\t\t<\/div>\n\t\t\t\t<div class=\"elementor-element elementor-element-95496bd elementor-widget elementor-widget-theme-post-excerpt\" data-id=\"95496bd\" data-element_type=\"widget\" data-e-type=\"widget\" data-widget_type=\"theme-post-excerpt.default\">\n\t\t\t\t<div class=\"elementor-widget-container\">\n\t\t\t\t\tPM: M\u00fcnchen, 10. Februar 2026 \u2013 Das M\u00fcnchner B\u00fcndnis \u201aStadt f\u00fcr Alle\u2018 mit fast 100 Organisationen \u00fcbergibt vor dem Rathaus ihre Forderungen f\u00fcr ein soziales, \u00f6kologisches und gerechtes M\u00fcnchen an die Stadtpolitik.\t\t\t\t<\/div>\n\t\t\t\t<\/div>\n\t\t\t\t<div class=\"elementor-element elementor-element-ae12212 elementor-widget elementor-widget-post-info\" data-id=\"ae12212\" data-element_type=\"widget\" data-e-type=\"widget\" data-widget_type=\"post-info.default\">\n\t\t\t\t<div class=\"elementor-widget-container\">\n\t\t\t\t\t\t\t<ul class=\"elementor-icon-list-items elementor-post-info\">\n\t\t\t\t\t\t\t\t<li class=\"elementor-icon-list-item elementor-repeater-item-1ee7b4b\">\n\t\t\t\t\t\t<a href=\"https:\/\/www.protect-the-planet.de\/en\/kommunalwahl-mehr-als-80-organisationen-muenchens-fordern-eine-stadt-fuer-alle-2\/\">\n\t\t\t\t\t\t\t\t\t\t\t<span class=\"elementor-icon-list-icon\">\n\t\t\t\t\t\t\t\t<i aria-hidden=\"true\" class=\"far fa-tags\"><\/i>\t\t\t\t\t\t\t<\/span>\n\t\t\t\t\t\t\t\t\t<span class=\"elementor-icon-list-text elementor-post-info__item elementor-post-info__item--type-custom\">\n\t\t\t\t\t\t\t\t\t\t... mehr\t\t\t\t\t<\/span>\n\t\t\t\t\t\t\t\t\t<\/a>\n\t\t\t\t<\/li>\n\t\t\t\t<\/ul>\n\t\t\t\t\t\t<\/div>\n\t\t\t\t<\/div>\n\t\t\t\t\t<\/div>\n\t\t\t\t<\/div>\n\t\t\t\t<\/div>\n\t\t\t\t<\/div>\n\t\t<\/div>\n\t\t\t\t\t<div class=\"elementor-swiper-button elementor-swiper-button-prev\" role=\"button\" tabindex=\"0\" aria-label=\"Previous\">\n\t\t\t\t<i aria-hidden=\"true\" class=\"eicon-chevron-left\"><\/i>\t\t\t<\/div>\n\t\t\t<div class=\"elementor-swiper-button elementor-swiper-button-next\" role=\"button\" tabindex=\"0\" aria-label=\"Next\">\n\t\t\t\t<i aria-hidden=\"true\" class=\"eicon-chevron-right\"><\/i>\t\t\t<\/div>\n\t\t\t\t\t\t<\/div>\n\t\t\t\t<\/div>\n\t\t\t\t<div class=\"elementor-element elementor-element-017c30e elementor-widget elementor-widget-button\" data-id=\"017c30e\" data-element_type=\"widget\" data-e-type=\"widget\" data-widget_type=\"button.default\">\n\t\t\t\t<div class=\"elementor-widget-container\">\n\t\t\t\t\t\t\t\t\t<div class=\"elementor-button-wrapper\">\n\t\t\t\t\t<a class=\"elementor-button elementor-button-link elementor-size-sm\" href=\"https:\/\/www.protect-the-planet.de\/en\/news\/\">\n\t\t\t\t\t\t<span class=\"elementor-button-content-wrapper\">\n\t\t\t\t\t\t\t\t\t<span class=\"elementor-button-text\">See all the latest news<\/span>\n\t\t\t\t\t<\/span>\n\t\t\t\t\t<\/a>\n\t\t\t\t<\/div>\n\t\t\t\t\t\t\t\t<\/div>\n\t\t\t\t<\/div>\n\t\t\t\t\t<\/div>\n\t\t\t\t<\/div>\n\t\t<div class=\"elementor-element elementor-element-698a995 e-flex e-con-boxed e-con e-parent\" data-id=\"698a995\" data-element_type=\"container\" data-e-type=\"container\">\n\t\t\t\t\t<div class=\"e-con-inner\">\n\t\t<div class=\"elementor-element elementor-element-3c9f6cb e-flex e-con-boxed e-con e-child\" data-id=\"3c9f6cb\" data-element_type=\"container\" data-e-type=\"container\">\n\t\t\t\t\t<div class=\"e-con-inner\">\n\t\t\t\t\t<\/div>\n\t\t\t\t<\/div>\n\t\t\t\t\t<\/div>\n\t\t\t\t<\/div>\n\t\t\t\t<\/div>\n\t\t","protected":false},"excerpt":{"rendered":"<p>Knowledge is the first step toward change: That&#8217;s why Protect the Planet is committed to climate education that informs, raises awareness, and empowers. We create spaces for exchange, promote new perspectives, and show how everyone can be part of the solution. <\/p>\n","protected":false},"author":6,"featured_media":32504,"parent":0,"menu_order":0,"comment_status":"closed","ping_status":"closed","template":"","meta":{"footnotes":""},"class_list":["post-32544","page","type-page","status-publish","has-post-thumbnail","hentry"],"yoast_head":"<!-- This site is optimized with the Yoast SEO plugin v27.4 - https:\/\/yoast.com\/product\/yoast-seo-wordpress\/ -->\n<title>climate EDUCATION - Protect the Planet<\/title>\n<meta name=\"description\" content=\"Knowledge is the first step toward change: That&#039;s why Protect the Planet is committed to climate education that informs, raises awareness, and empowers.\" \/>\n<meta name=\"robots\" content=\"index, follow, max-snippet:-1, max-image-preview:large, max-video-preview:-1\" \/>\n<link rel=\"canonical\" href=\"https:\/\/www.protect-the-planet.de\/en\/klima-bildung\/\" \/>\n<meta property=\"og:locale\" content=\"en_US\" \/>\n<meta property=\"og:type\" content=\"article\" \/>\n<meta property=\"og:title\" content=\"climate EDUCATION - Protect the Planet\" \/>\n<meta property=\"og:description\" content=\"Knowledge is the first step toward change: That&#039;s why Protect the Planet is committed to climate education that informs, raises awareness, and empowers.\" \/>\n<meta property=\"og:url\" content=\"https:\/\/www.protect-the-planet.de\/en\/klima-bildung\/\" \/>\n<meta property=\"og:site_name\" content=\"Protect the Planet\" \/>\n<meta property=\"article:publisher\" content=\"https:\/\/www.facebook.com\/protecttheplanetDE\/\" \/>\n<meta property=\"article:modified_time\" content=\"2025-11-03T13:28:33+00:00\" \/>\n<meta property=\"og:image\" content=\"https:\/\/www.protect-the-planet.de\/wp-content\/uploads\/2025\/08\/klima-bildung.jpg\" \/>\n\t<meta property=\"og:image:width\" content=\"800\" \/>\n\t<meta property=\"og:image:height\" content=\"500\" \/>\n\t<meta property=\"og:image:type\" content=\"image\/jpeg\" \/>\n<meta name=\"twitter:card\" content=\"summary_large_image\" \/>\n<meta name=\"twitter:site\" content=\"@PtP_de\" \/>\n<meta name=\"twitter:label1\" content=\"Est. reading time\" \/>\n\t<meta name=\"twitter:data1\" content=\"3 minutes\" \/>\n<script type=\"application\/ld+json\" class=\"yoast-schema-graph\">{\"@context\":\"https:\\\/\\\/schema.org\",\"@graph\":[{\"@type\":\"WebPage\",\"@id\":\"https:\\\/\\\/www.protect-the-planet.de\\\/en\\\/klima-bildung\\\/\",\"url\":\"https:\\\/\\\/www.protect-the-planet.de\\\/en\\\/klima-bildung\\\/\",\"name\":\"climate EDUCATION - Protect the Planet\",\"isPartOf\":{\"@id\":\"https:\\\/\\\/www.protect-the-planet.de\\\/en\\\/#website\"},\"primaryImageOfPage\":{\"@id\":\"https:\\\/\\\/www.protect-the-planet.de\\\/en\\\/klima-bildung\\\/#primaryimage\"},\"image\":{\"@id\":\"https:\\\/\\\/www.protect-the-planet.de\\\/en\\\/klima-bildung\\\/#primaryimage\"},\"thumbnailUrl\":\"https:\\\/\\\/www.protect-the-planet.de\\\/wp-content\\\/uploads\\\/2025\\\/08\\\/klima-bildung.jpg\",\"datePublished\":\"2019-08-16T13:23:00+00:00\",\"dateModified\":\"2025-11-03T13:28:33+00:00\",\"description\":\"Knowledge is the first step toward change: That's why Protect the Planet is committed to climate education that informs, raises awareness, and empowers.\",\"breadcrumb\":{\"@id\":\"https:\\\/\\\/www.protect-the-planet.de\\\/en\\\/klima-bildung\\\/#breadcrumb\"},\"inLanguage\":\"en-US\",\"potentialAction\":[{\"@type\":\"ReadAction\",\"target\":[\"https:\\\/\\\/www.protect-the-planet.de\\\/en\\\/klima-bildung\\\/\"]}]},{\"@type\":\"ImageObject\",\"inLanguage\":\"en-US\",\"@id\":\"https:\\\/\\\/www.protect-the-planet.de\\\/en\\\/klima-bildung\\\/#primaryimage\",\"url\":\"https:\\\/\\\/www.protect-the-planet.de\\\/wp-content\\\/uploads\\\/2025\\\/08\\\/klima-bildung.jpg\",\"contentUrl\":\"https:\\\/\\\/www.protect-the-planet.de\\\/wp-content\\\/uploads\\\/2025\\\/08\\\/klima-bildung.jpg\",\"width\":800,\"height\":500,\"caption\":\"klima bildung Beitragsbild\"},{\"@type\":\"BreadcrumbList\",\"@id\":\"https:\\\/\\\/www.protect-the-planet.de\\\/en\\\/klima-bildung\\\/#breadcrumb\",\"itemListElement\":[{\"@type\":\"ListItem\",\"position\":1,\"name\":\"Startseite\",\"item\":\"https:\\\/\\\/www.protect-the-planet.de\\\/en\\\/home\\\/\"},{\"@type\":\"ListItem\",\"position\":2,\"name\":\"climate EDUCATION\"}]},{\"@type\":\"WebSite\",\"@id\":\"https:\\\/\\\/www.protect-the-planet.de\\\/en\\\/#website\",\"url\":\"https:\\\/\\\/www.protect-the-planet.de\\\/en\\\/\",\"name\":\"Protect the Planet\",\"description\":\"If we don&#039;t change, the climate will.\",\"publisher\":{\"@id\":\"https:\\\/\\\/www.protect-the-planet.de\\\/en\\\/#organization\"},\"alternateName\":\"Protect the Panet gGmbH\",\"potentialAction\":[{\"@type\":\"SearchAction\",\"target\":{\"@type\":\"EntryPoint\",\"urlTemplate\":\"https:\\\/\\\/www.protect-the-planet.de\\\/en\\\/?s={search_term_string}\"},\"query-input\":{\"@type\":\"PropertyValueSpecification\",\"valueRequired\":true,\"valueName\":\"search_term_string\"}}],\"inLanguage\":\"en-US\"},{\"@type\":\"Organization\",\"@id\":\"https:\\\/\\\/www.protect-the-planet.de\\\/en\\\/#organization\",\"name\":\"Protect the Planet\",\"url\":\"https:\\\/\\\/www.protect-the-planet.de\\\/en\\\/\",\"logo\":{\"@type\":\"ImageObject\",\"inLanguage\":\"en-US\",\"@id\":\"https:\\\/\\\/www.protect-the-planet.de\\\/en\\\/#\\\/schema\\\/logo\\\/image\\\/\",\"url\":\"https:\\\/\\\/www.protect-the-planet.de\\\/wp-content\\\/uploads\\\/2023\\\/09\\\/LOGO-positiv_transparent-klein.png\",\"contentUrl\":\"https:\\\/\\\/www.protect-the-planet.de\\\/wp-content\\\/uploads\\\/2023\\\/09\\\/LOGO-positiv_transparent-klein.png\",\"width\":123,\"height\":68,\"caption\":\"Protect the Planet\"},\"image\":{\"@id\":\"https:\\\/\\\/www.protect-the-planet.de\\\/en\\\/#\\\/schema\\\/logo\\\/image\\\/\"},\"sameAs\":[\"https:\\\/\\\/www.facebook.com\\\/protecttheplanetDE\\\/\",\"https:\\\/\\\/x.com\\\/PtP_de\",\"https:\\\/\\\/www.instagram.com\\\/protecttheplanetorg\\\/\",\"https:\\\/\\\/www.linkedin.com\\\/company\\\/protect-the-planet\",\"https:\\\/\\\/www.youtube.com\\\/@protecttheplanet\"]}]}<\/script>\n<!-- \/ Yoast SEO plugin. -->","yoast_head_json":{"title":"climate EDUCATION - Protect the Planet","description":"Knowledge is the first step toward change: That's why Protect the Planet is committed to climate education that informs, raises awareness, and empowers.","robots":{"index":"index","follow":"follow","max-snippet":"max-snippet:-1","max-image-preview":"max-image-preview:large","max-video-preview":"max-video-preview:-1"},"canonical":"https:\/\/www.protect-the-planet.de\/en\/klima-bildung\/","og_locale":"en_US","og_type":"article","og_title":"climate EDUCATION - Protect the Planet","og_description":"Knowledge is the first step toward change: That's why Protect the Planet is committed to climate education that informs, raises awareness, and empowers.","og_url":"https:\/\/www.protect-the-planet.de\/en\/klima-bildung\/","og_site_name":"Protect the Planet","article_publisher":"https:\/\/www.facebook.com\/protecttheplanetDE\/","article_modified_time":"2025-11-03T13:28:33+00:00","og_image":[{"width":800,"height":500,"url":"https:\/\/www.protect-the-planet.de\/wp-content\/uploads\/2025\/08\/klima-bildung.jpg","type":"image\/jpeg"}],"twitter_card":"summary_large_image","twitter_site":"@PtP_de","twitter_misc":{"Est. reading time":"3 minutes"},"schema":{"@context":"https:\/\/schema.org","@graph":[{"@type":"WebPage","@id":"https:\/\/www.protect-the-planet.de\/en\/klima-bildung\/","url":"https:\/\/www.protect-the-planet.de\/en\/klima-bildung\/","name":"climate EDUCATION - Protect the Planet","isPartOf":{"@id":"https:\/\/www.protect-the-planet.de\/en\/#website"},"primaryImageOfPage":{"@id":"https:\/\/www.protect-the-planet.de\/en\/klima-bildung\/#primaryimage"},"image":{"@id":"https:\/\/www.protect-the-planet.de\/en\/klima-bildung\/#primaryimage"},"thumbnailUrl":"https:\/\/www.protect-the-planet.de\/wp-content\/uploads\/2025\/08\/klima-bildung.jpg","datePublished":"2019-08-16T13:23:00+00:00","dateModified":"2025-11-03T13:28:33+00:00","description":"Knowledge is the first step toward change: That's why Protect the Planet is committed to climate education that informs, raises awareness, and empowers.","breadcrumb":{"@id":"https:\/\/www.protect-the-planet.de\/en\/klima-bildung\/#breadcrumb"},"inLanguage":"en-US","potentialAction":[{"@type":"ReadAction","target":["https:\/\/www.protect-the-planet.de\/en\/klima-bildung\/"]}]},{"@type":"ImageObject","inLanguage":"en-US","@id":"https:\/\/www.protect-the-planet.de\/en\/klima-bildung\/#primaryimage","url":"https:\/\/www.protect-the-planet.de\/wp-content\/uploads\/2025\/08\/klima-bildung.jpg","contentUrl":"https:\/\/www.protect-the-planet.de\/wp-content\/uploads\/2025\/08\/klima-bildung.jpg","width":800,"height":500,"caption":"klima bildung Beitragsbild"},{"@type":"BreadcrumbList","@id":"https:\/\/www.protect-the-planet.de\/en\/klima-bildung\/#breadcrumb","itemListElement":[{"@type":"ListItem","position":1,"name":"Startseite","item":"https:\/\/www.protect-the-planet.de\/en\/home\/"},{"@type":"ListItem","position":2,"name":"climate EDUCATION"}]},{"@type":"WebSite","@id":"https:\/\/www.protect-the-planet.de\/en\/#website","url":"https:\/\/www.protect-the-planet.de\/en\/","name":"Protect the Planet","description":"If we don&#039;t change, the climate will.","publisher":{"@id":"https:\/\/www.protect-the-planet.de\/en\/#organization"},"alternateName":"Protect the Panet gGmbH","potentialAction":[{"@type":"SearchAction","target":{"@type":"EntryPoint","urlTemplate":"https:\/\/www.protect-the-planet.de\/en\/?s={search_term_string}"},"query-input":{"@type":"PropertyValueSpecification","valueRequired":true,"valueName":"search_term_string"}}],"inLanguage":"en-US"},{"@type":"Organization","@id":"https:\/\/www.protect-the-planet.de\/en\/#organization","name":"Protect the Planet","url":"https:\/\/www.protect-the-planet.de\/en\/","logo":{"@type":"ImageObject","inLanguage":"en-US","@id":"https:\/\/www.protect-the-planet.de\/en\/#\/schema\/logo\/image\/","url":"https:\/\/www.protect-the-planet.de\/wp-content\/uploads\/2023\/09\/LOGO-positiv_transparent-klein.png","contentUrl":"https:\/\/www.protect-the-planet.de\/wp-content\/uploads\/2023\/09\/LOGO-positiv_transparent-klein.png","width":123,"height":68,"caption":"Protect the Planet"},"image":{"@id":"https:\/\/www.protect-the-planet.de\/en\/#\/schema\/logo\/image\/"},"sameAs":["https:\/\/www.facebook.com\/protecttheplanetDE\/","https:\/\/x.com\/PtP_de","https:\/\/www.instagram.com\/protecttheplanetorg\/","https:\/\/www.linkedin.com\/company\/protect-the-planet","https:\/\/www.youtube.com\/@protecttheplanet"]}]}},"_links":{"self":[{"href":"https:\/\/www.protect-the-planet.de\/en\/wp-json\/wp\/v2\/pages\/32544","targetHints":{"allow":["GET"]}}],"collection":[{"href":"https:\/\/www.protect-the-planet.de\/en\/wp-json\/wp\/v2\/pages"}],"about":[{"href":"https:\/\/www.protect-the-planet.de\/en\/wp-json\/wp\/v2\/types\/page"}],"author":[{"embeddable":true,"href":"https:\/\/www.protect-the-planet.de\/en\/wp-json\/wp\/v2\/users\/6"}],"replies":[{"embeddable":true,"href":"https:\/\/www.protect-the-planet.de\/en\/wp-json\/wp\/v2\/comments?post=32544"}],"version-history":[{"count":7,"href":"https:\/\/www.protect-the-planet.de\/en\/wp-json\/wp\/v2\/pages\/32544\/revisions"}],"predecessor-version":[{"id":33495,"href":"https:\/\/www.protect-the-planet.de\/en\/wp-json\/wp\/v2\/pages\/32544\/revisions\/33495"}],"wp:featuredmedia":[{"embeddable":true,"href":"https:\/\/www.protect-the-planet.de\/en\/wp-json\/wp\/v2\/media\/32504"}],"wp:attachment":[{"href":"https:\/\/www.protect-the-planet.de\/en\/wp-json\/wp\/v2\/media?parent=32544"}],"curies":[{"name":"wp","href":"https:\/\/api.w.org\/{rel}","templated":true}]}}