{"id":22264,"date":"2021-04-05T10:16:00","date_gmt":"2021-04-05T08:16:00","guid":{"rendered":"https:\/\/www.protect-the-planet.de\/corporate-climate-action\/"},"modified":"2025-07-14T15:06:04","modified_gmt":"2025-07-14T13:06:04","slug":"corporate-climate-action","status":"publish","type":"page","link":"https:\/\/www.protect-the-planet.de\/en\/corporate-climate-action\/","title":{"rendered":"&#8220;Unternehmen Klimaschutz&#8221; \u2013 Corporate Climate Action"},"content":{"rendered":"\t\t<div data-elementor-type=\"wp-page\" data-elementor-id=\"22264\" class=\"elementor elementor-22264\" data-elementor-post-type=\"page\">\n\t\t\t\t<div class=\"elementor-element elementor-element-938c291 e-flex e-con-boxed e-con e-parent\" data-id=\"938c291\" data-element_type=\"container\" data-e-type=\"container\">\n\t\t\t\t\t<div class=\"e-con-inner\">\n\t\t<div class=\"elementor-element elementor-element-e7d33be e-con-full e-flex e-con e-child\" data-id=\"e7d33be\" data-element_type=\"container\" data-e-type=\"container\">\n\t\t\t\t<div class=\"elementor-element elementor-element-c36bed6 elementor-arrows-position-inside elementor-pagination-position-inside elementor-widget elementor-widget-slides\" data-id=\"c36bed6\" data-element_type=\"widget\" data-e-type=\"widget\" data-settings=\"{&quot;navigation&quot;:&quot;both&quot;,&quot;transition&quot;:&quot;slide&quot;,&quot;transition_speed&quot;:500}\" data-widget_type=\"slides.default\">\n\t\t\t\t<div class=\"elementor-widget-container\">\n\t\t\t\t\t\t\t\t\t<div class=\"elementor-swiper\">\n\t\t\t\t\t<div class=\"elementor-slides-wrapper elementor-main-swiper swiper\" role=\"region\" aria-roledescription=\"carousel\" aria-label=\"Slider\" dir=\"ltr\" data-animation=\"\">\n\t\t\t\t<div class=\"swiper-wrapper elementor-slides\">\n\t\t\t\t\t\t\t\t\t\t<div class=\"elementor-repeater-item-18aafcf swiper-slide\" role=\"group\" aria-roledescription=\"slide\"><div class=\"swiper-slide-bg\" role=\"img\" aria-label=\"Banner &quot;Wo Recht zu Unrecht wird, wird Widerstand zur Pflicht&quot; vor Kohlegrube\"><\/div><div class=\"swiper-slide-inner\" ><div class=\"swiper-slide-contents\"><\/div><\/div><\/div>\t\t\t\t<\/div>\n\t\t\t\t\t\t\t<\/div>\n\t\t\t\t<\/div>\n\t\t\t\t\t\t\t\t<\/div>\n\t\t\t\t<\/div>\n\t\t\t\t<\/div>\n\t\t\t\t\t<\/div>\n\t\t\t\t<\/div>\n\t\t<div class=\"elementor-element elementor-element-093d369 e-flex e-con-boxed e-con e-parent\" data-id=\"093d369\" data-element_type=\"container\" data-e-type=\"container\">\n\t\t\t\t\t<div class=\"e-con-inner\">\n\t\t\t\t<div class=\"elementor-element elementor-element-a7c1394 elementor-widget elementor-widget-heading\" data-id=\"a7c1394\" data-element_type=\"widget\" data-e-type=\"widget\" data-widget_type=\"heading.default\">\n\t\t\t\t<div class=\"elementor-widget-container\">\n\t\t\t\t\t<h1 class=\"elementor-heading-title elementor-size-default\">\"Unternehmen Klimaschutz\" \u2013 Corporate Climate Action<\/h1>\t\t\t\t<\/div>\n\t\t\t\t<\/div>\n\t\t\t\t\t<\/div>\n\t\t\t\t<\/div>\n\t\t<div class=\"elementor-element elementor-element-e4a91cd e-flex e-con-boxed e-con e-parent\" data-id=\"e4a91cd\" data-element_type=\"container\" data-e-type=\"container\">\n\t\t\t\t\t<div class=\"e-con-inner\">\n\t\t<div class=\"elementor-element elementor-element-e042dc9 e-con-full e-flex e-con e-child\" data-id=\"e042dc9\" data-element_type=\"container\" data-e-type=\"container\">\n\t\t\t\t<div class=\"elementor-element elementor-element-e5b2634 elementor-widget elementor-widget-image\" data-id=\"e5b2634\" data-element_type=\"widget\" data-e-type=\"widget\" data-widget_type=\"image.default\">\n\t\t\t\t<div class=\"elementor-widget-container\">\n\t\t\t\t\t\t\t\t\t\t\t\t\t\t\t<img decoding=\"async\" src=\"https:\/\/www.protect-the-planet.de\/wp-content\/uploads\/elementor\/thumbs\/luetzerath-ortsschild-qls9pzqz6w4c32ytfdaz89f8ael0n5nfixhb331wug.jpg\" title=\"Das Ortsschild von L\u00fctzerath\" alt=\"Das Ortsschild von L\u00fctzerath\" loading=\"lazy\" \/>\t\t\t\t\t\t\t\t\t\t\t\t\t\t\t<\/div>\n\t\t\t\t<\/div>\n\t\t\t\t<\/div>\n\t\t<div class=\"elementor-element elementor-element-330c6cc e-con-full e-flex e-con e-child\" data-id=\"330c6cc\" data-element_type=\"container\" data-e-type=\"container\">\n\t\t\t\t<div class=\"elementor-element elementor-element-ea6654d elementor-widget elementor-widget-text-editor\" data-id=\"ea6654d\" data-element_type=\"widget\" data-e-type=\"widget\" data-widget_type=\"text-editor.default\">\n\t\t\t\t<div class=\"elementor-widget-container\">\n\t\t\t\t\t\t\t\t\t<p><span style=\"color: #04508c;\"><strong>Companies standing up for climate protection and in solidarity with the climate movement<br><\/strong><\/span><\/p><p>We initiated the \u201cCorporate Climate Action\u201d project to encourage companies to reduce their CO<sub>2<\/sub> emissions and use their influence on politicians and the public to make change happen. Many companies are already taking serious action towards climate justice. Instead of greenwashing or empty promises, they lead the way by good example and promote meaningful action on climate change.<\/p><p>Industry has a key impact on our greenhouse gas emissions \u2013 so rapid reduction in this area is essential. In addition, key players of our industry have enormous power at their disposal. Ambitious climate policies can be substantially curtailed \u2013 or indeed accentuated \u2013 by influential commercial lobbies. We want to use this commercial influence in a positive way and accelerate the process of reducing greenhouse emissions. We help companies find ways to reduce their CO<sub>2<\/sub> emissions and provide them with practical and critical support.<\/p><p><strong>As part of this Corporate Climate Action project, exemplary companies stand side by side with civilian action groups. They serve to illustrate to other companies just what can be achieved and also influence our politicians in their decision-making. <\/strong><\/p><p>We put this theory into practice over two phases of the project in L\u00fctzerath. Climate-conscious companies travelled to L\u00fctzerath in the autumn of 2021 and in January 2023 to meet with activists on the ground and stand in solidarity with their concerns. For it was already abundantly clear in 2021 that the coal underneath L\u00fctzerath must stay in the ground in order for Germany to meet its 1.5-degree target.<\/p>\t\t\t\t\t\t\t\t<\/div>\n\t\t\t\t<\/div>\n\t\t\t\t<\/div>\n\t\t\t\t\t<\/div>\n\t\t\t\t<\/div>\n\t\t<div class=\"elementor-element elementor-element-7c770c7 e-flex e-con-boxed e-con e-parent\" data-id=\"7c770c7\" data-element_type=\"container\" data-e-type=\"container\">\n\t\t\t\t\t<div class=\"e-con-inner\">\n\t\t<div class=\"elementor-element elementor-element-6146f96 e-flex e-con-boxed e-con e-child\" data-id=\"6146f96\" data-element_type=\"container\" data-e-type=\"container\">\n\t\t\t\t\t<div class=\"e-con-inner\">\n\t\t\t\t\t<\/div>\n\t\t\t\t<\/div>\n\t\t\t\t\t<\/div>\n\t\t\t\t<\/div>\n\t\t<div class=\"elementor-element elementor-element-bb58e60 e-flex e-con-boxed e-con e-parent\" data-id=\"bb58e60\" data-element_type=\"container\" data-e-type=\"container\">\n\t\t\t\t\t<div class=\"e-con-inner\">\n\t\t\t\t<div class=\"elementor-element elementor-element-874e1fc elementor-widget elementor-widget-heading\" data-id=\"874e1fc\" data-element_type=\"widget\" data-e-type=\"widget\" data-widget_type=\"heading.default\">\n\t\t\t\t<div class=\"elementor-widget-container\">\n\t\t\t\t\t<h3 class=\"elementor-heading-title elementor-size-default\">More about our \u201cCorporate Climate Action\u201d<\/h3>\t\t\t\t<\/div>\n\t\t\t\t<\/div>\n\t\t\t\t\t<\/div>\n\t\t\t\t<\/div>\n\t\t<div class=\"elementor-element elementor-element-1a0bec5 e-flex e-con-boxed e-con e-parent\" data-id=\"1a0bec5\" data-element_type=\"container\" data-e-type=\"container\">\n\t\t\t\t\t<div class=\"e-con-inner\">\n\t\t<div class=\"elementor-element elementor-element-837c452 e-flex e-con-boxed e-con e-child\" data-id=\"837c452\" data-element_type=\"container\" data-e-type=\"container\" data-settings=\"{&quot;background_background&quot;:&quot;classic&quot;}\">\n\t\t\t\t\t<div class=\"e-con-inner\">\n\t\t<div class=\"elementor-element elementor-element-9113941 e-flex e-con-boxed e-con e-child\" data-id=\"9113941\" data-element_type=\"container\" data-e-type=\"container\">\n\t\t\t\t\t<div class=\"e-con-inner\">\n\t\t<div class=\"elementor-element elementor-element-00e76e2 e-flex e-con-boxed e-con e-child\" data-id=\"00e76e2\" data-element_type=\"container\" data-e-type=\"container\">\n\t\t\t\t\t<div class=\"e-con-inner\">\n\t\t\t\t<div class=\"elementor-element elementor-element-1de5eb1 elementor-widget__width-auto e-transform elementor-widget elementor-widget-heading\" data-id=\"1de5eb1\" data-element_type=\"widget\" data-e-type=\"widget\" data-settings=\"{&quot;_transform_rotateZ_effect&quot;:{&quot;unit&quot;:&quot;px&quot;,&quot;size&quot;:-3,&quot;sizes&quot;:[]},&quot;_transform_rotateZ_effect_tablet&quot;:{&quot;unit&quot;:&quot;deg&quot;,&quot;size&quot;:&quot;&quot;,&quot;sizes&quot;:[]},&quot;_transform_rotateZ_effect_mobile&quot;:{&quot;unit&quot;:&quot;deg&quot;,&quot;size&quot;:&quot;&quot;,&quot;sizes&quot;:[]}}\" data-widget_type=\"heading.default\">\n\t\t\t\t<div class=\"elementor-widget-container\">\n\t\t\t\t\t<h2 class=\"elementor-heading-title elementor-size-default\">Our vision:<\/h2>\t\t\t\t<\/div>\n\t\t\t\t<\/div>\n\t\t\t\t\t<\/div>\n\t\t\t\t<\/div>\n\t\t<div class=\"elementor-element elementor-element-fabc77c e-flex e-con-boxed e-con e-child\" data-id=\"fabc77c\" data-element_type=\"container\" data-e-type=\"container\">\n\t\t\t\t\t<div class=\"e-con-inner\">\n\t\t\t\t<div class=\"elementor-element elementor-element-4827d55 elementor-widget__width-auto elementor-widget elementor-widget-heading\" data-id=\"4827d55\" data-element_type=\"widget\" data-e-type=\"widget\" data-widget_type=\"heading.default\">\n\t\t\t\t<div class=\"elementor-widget-container\">\n\t\t\t\t\t<h1 class=\"elementor-heading-title elementor-size-default\">to stop the<br>climate crisis<\/h1>\t\t\t\t<\/div>\n\t\t\t\t<\/div>\n\t\t\t\t\t<\/div>\n\t\t\t\t<\/div>\n\t\t\t\t\t<\/div>\n\t\t\t\t<\/div>\n\t\t<div class=\"elementor-element elementor-element-f939b49 e-flex e-con-boxed e-con e-child\" data-id=\"f939b49\" data-element_type=\"container\" data-e-type=\"container\">\n\t\t\t\t\t<div class=\"e-con-inner\">\n\t\t\t\t<div class=\"elementor-element elementor-element-f83d649 elementor-widget elementor-widget-text-editor\" data-id=\"f83d649\" data-element_type=\"widget\" data-e-type=\"widget\" data-widget_type=\"text-editor.default\">\n\t\t\t\t<div class=\"elementor-widget-container\">\n\t\t\t\t\t\t\t\t\t<p>We help prevent the climate catastrophe and make our planet just and liveable.<\/p>\t\t\t\t\t\t\t\t<\/div>\n\t\t\t\t<\/div>\n\t\t\t\t\t<\/div>\n\t\t\t\t<\/div>\n\t\t\t\t\t<\/div>\n\t\t\t\t<\/div>\n\t\t\t\t\t<\/div>\n\t\t\t\t<\/div>\n\t\t<div class=\"elementor-element elementor-element-6aefc85 e-flex e-con-boxed e-con e-parent\" data-id=\"6aefc85\" data-element_type=\"container\" data-e-type=\"container\">\n\t\t\t\t\t<div class=\"e-con-inner\">\n\t\t\t\t<div class=\"elementor-element elementor-element-88de408 elementor-widget elementor-widget-template\" data-id=\"88de408\" data-element_type=\"widget\" data-e-type=\"widget\" data-widget_type=\"template.default\">\n\t\t\t\t<div class=\"elementor-widget-container\">\n\t\t\t\t\t\t\t<div class=\"elementor-template\">\n\t\t\t\t\t<div data-elementor-type=\"container\" data-elementor-id=\"22491\" class=\"elementor elementor-22491 elementor-16080 elementor-16080\" data-elementor-post-type=\"elementor_library\">\n\t\t\t\t<div class=\"elementor-element elementor-element-19a1946 e-flex e-con-boxed e-con e-parent\" data-id=\"19a1946\" data-element_type=\"container\" data-e-type=\"container\">\n\t\t\t\t\t<div class=\"e-con-inner\">\n\t\t<div class=\"elementor-element elementor-element-d701a2c e-flex e-con-boxed e-con e-child\" data-id=\"d701a2c\" data-element_type=\"container\" data-e-type=\"container\">\n\t\t\t\t\t<div class=\"e-con-inner\">\n\t\t\t\t<div class=\"elementor-element elementor-element-1330b1b elementor-widget__width-auto e-transform elementor-widget elementor-widget-heading\" data-id=\"1330b1b\" data-element_type=\"widget\" data-e-type=\"widget\" data-settings=\"{&quot;_transform_rotateZ_effect&quot;:{&quot;unit&quot;:&quot;px&quot;,&quot;size&quot;:-3,&quot;sizes&quot;:[]},&quot;_transform_rotateZ_effect_tablet&quot;:{&quot;unit&quot;:&quot;deg&quot;,&quot;size&quot;:&quot;&quot;,&quot;sizes&quot;:[]},&quot;_transform_rotateZ_effect_mobile&quot;:{&quot;unit&quot;:&quot;deg&quot;,&quot;size&quot;:&quot;&quot;,&quot;sizes&quot;:[]}}\" data-widget_type=\"heading.default\">\n\t\t\t\t<div class=\"elementor-widget-container\">\n\t\t\t\t\t<h1 class=\"elementor-heading-title elementor-size-default\">Current events<\/h1>\t\t\t\t<\/div>\n\t\t\t\t<\/div>\n\t\t\t\t\t<\/div>\n\t\t\t\t<\/div>\n\t\t<div class=\"elementor-element elementor-element-1cc3bdb e-flex e-con-boxed e-con e-child\" data-id=\"1cc3bdb\" data-element_type=\"container\" data-e-type=\"container\">\n\t\t\t\t\t<div class=\"e-con-inner\">\n\t\t<div class=\"elementor-element elementor-element-f164adf e-flex e-con-boxed e-con e-child\" data-id=\"f164adf\" data-element_type=\"container\" data-e-type=\"container\">\n\t\t\t\t\t<div class=\"e-con-inner\">\n\t\t\t\t\t<\/div>\n\t\t\t\t<\/div>\n\t\t<div class=\"elementor-element elementor-element-97bb801 e-flex e-con-boxed e-con e-child\" data-id=\"97bb801\" data-element_type=\"container\" data-e-type=\"container\">\n\t\t\t\t\t<div class=\"e-con-inner\">\n\t\t<div class=\"elementor-element elementor-element-97d51ad e-flex e-con-boxed e-con e-child\" data-id=\"97d51ad\" data-element_type=\"container\" data-e-type=\"container\">\n\t\t\t\t\t<div class=\"e-con-inner\">\n\t\t\t\t<div class=\"elementor-element elementor-element-05e00a0 elementor-widget elementor-widget-heading\" data-id=\"05e00a0\" data-element_type=\"widget\" data-e-type=\"widget\" data-widget_type=\"heading.default\">\n\t\t\t\t<div class=\"elementor-widget-container\">\n\t\t\t\t\t<h2 class=\"elementor-heading-title elementor-size-default\"><a href=\"https:\/\/www.protect-the-planet.de\/en\/events\/\">EVENT CALENDAR<\/a><\/h2>\t\t\t\t<\/div>\n\t\t\t\t<\/div>\n\t\t\t\t<div class=\"elementor-element elementor-element-a572ac6 elementor-widget elementor-widget-image\" data-id=\"a572ac6\" data-element_type=\"widget\" data-e-type=\"widget\" data-widget_type=\"image.default\">\n\t\t\t\t<div class=\"elementor-widget-container\">\n\t\t\t\t\t\t\t\t\t\t\t\t\t\t\t\t<a href=\"https:\/\/www.protect-the-planet.de\/en\/events\/\">\n\t\t\t\t\t\t\t<img decoding=\"async\" width=\"81\" height=\"62\" src=\"https:\/\/www.protect-the-planet.de\/wp-content\/uploads\/2023\/06\/Pfad-18.png\" class=\"attachment-large size-large wp-image-21583\" alt=\"\" \/>\t\t\t\t\t\t\t\t<\/a>\n\t\t\t\t\t\t\t\t\t\t\t\t\t\t\t<\/div>\n\t\t\t\t<\/div>\n\t\t\t\t\t<\/div>\n\t\t\t\t<\/div>\n\t\t\t\t<div class=\"elementor-element elementor-element-6de1479 elementor-widget elementor-widget-text-editor\" data-id=\"6de1479\" data-element_type=\"widget\" data-e-type=\"widget\" data-widget_type=\"text-editor.default\">\n\t\t\t\t<div class=\"elementor-widget-container\">\n\t\t\t\t\t\t\t\t\t<p>There is still too little known about the climate crisis and what we can do to avert it. To bridge this gap, our Climate Talks aim to provide information on many different aspects of climate change with a particular focus on specific things we can do ourselves.<\/p><p>Numerous experts join us in exploring the pressing questions of our time.<\/p><p>Missed an event? No problem, you can watch the recordings of the presentations in the archive.<\/p>\t\t\t\t\t\t\t\t<\/div>\n\t\t\t\t<\/div>\n\t\t\t\t<div class=\"elementor-element elementor-element-a2908ad elementor-widget elementor-widget-button\" data-id=\"a2908ad\" data-element_type=\"widget\" data-e-type=\"widget\" data-widget_type=\"button.default\">\n\t\t\t\t<div class=\"elementor-widget-container\">\n\t\t\t\t\t\t\t\t\t<div class=\"elementor-button-wrapper\">\n\t\t\t\t\t<a class=\"elementor-button elementor-button-link elementor-size-sm\" href=\"https:\/\/www.protect-the-planet.de\/en\/event-archive\/\">\n\t\t\t\t\t\t<span class=\"elementor-button-content-wrapper\">\n\t\t\t\t\t\t\t\t\t<span class=\"elementor-button-text\">Our Event Archive<\/span>\n\t\t\t\t\t<\/span>\n\t\t\t\t\t<\/a>\n\t\t\t\t<\/div>\n\t\t\t\t\t\t\t\t<\/div>\n\t\t\t\t<\/div>\n\t\t\t\t\t<\/div>\n\t\t\t\t<\/div>\n\t\t\t\t\t<\/div>\n\t\t\t\t<\/div>\n\t\t\t\t\t<\/div>\n\t\t\t\t<\/div>\n\t\t\t\t<\/div>\n\t\t\t\t<\/div>\n\t\t\t\t\t\t<\/div>\n\t\t\t\t<\/div>\n\t\t\t\t\t<\/div>\n\t\t\t\t<\/div>\n\t\t<div class=\"elementor-element elementor-element-bdc5797 e-flex e-con-boxed e-con e-parent\" data-id=\"bdc5797\" data-element_type=\"container\" data-e-type=\"container\">\n\t\t\t\t\t<div class=\"e-con-inner\">\n\t\t<div class=\"elementor-element elementor-element-554eb7b e-flex e-con-boxed e-con e-child\" data-id=\"554eb7b\" data-element_type=\"container\" data-e-type=\"container\">\n\t\t\t\t\t<div class=\"e-con-inner\">\n\t\t\t\t\t<\/div>\n\t\t\t\t<\/div>\n\t\t\t\t\t<\/div>\n\t\t\t\t<\/div>\n\t\t<div class=\"elementor-element elementor-element-0348a9c e-flex e-con-boxed e-con e-parent\" data-id=\"0348a9c\" data-element_type=\"container\" data-e-type=\"container\">\n\t\t\t\t\t<div class=\"e-con-inner\">\n\t\t\t\t<div class=\"elementor-element elementor-element-3297b50 elementor-widget elementor-widget-heading\" data-id=\"3297b50\" data-element_type=\"widget\" data-e-type=\"widget\" data-widget_type=\"heading.default\">\n\t\t\t\t<div class=\"elementor-widget-container\">\n\t\t\t\t\t<h1 class=\"elementor-heading-title elementor-size-default\">News from the Planet<\/h1>\t\t\t\t<\/div>\n\t\t\t\t<\/div>\n\t\t\t\t<div class=\"elementor-element elementor-element-2a7dd03 elementor-arrows-position-outside elementor-widget elementor-widget-loop-carousel\" data-id=\"2a7dd03\" data-element_type=\"widget\" data-e-type=\"widget\" data-settings=\"{&quot;template_id&quot;:15063,&quot;slides_to_scroll_mobile&quot;:&quot;1&quot;,&quot;slides_to_scroll&quot;:&quot;3&quot;,&quot;image_spacing_custom&quot;:{&quot;unit&quot;:&quot;px&quot;,&quot;size&quot;:64,&quot;sizes&quot;:[]},&quot;_skin&quot;:&quot;post&quot;,&quot;slides_to_show&quot;:&quot;3&quot;,&quot;slides_to_show_tablet&quot;:&quot;2&quot;,&quot;slides_to_show_mobile&quot;:&quot;1&quot;,&quot;edit_handle_selector&quot;:&quot;.elementor-loop-container&quot;,&quot;infinite&quot;:&quot;yes&quot;,&quot;speed&quot;:500,&quot;offset_sides&quot;:&quot;none&quot;,&quot;arrows&quot;:&quot;yes&quot;,&quot;image_spacing_custom_tablet&quot;:{&quot;unit&quot;:&quot;px&quot;,&quot;size&quot;:&quot;&quot;,&quot;sizes&quot;:[]},&quot;image_spacing_custom_mobile&quot;:{&quot;unit&quot;:&quot;px&quot;,&quot;size&quot;:&quot;&quot;,&quot;sizes&quot;:[]}}\" data-widget_type=\"loop-carousel.post\">\n\t\t\t\t<div class=\"elementor-widget-container\">\n\t\t\t\t\t\t\t<div class=\"swiper elementor-loop-container elementor-grid\" role=\"list\" dir=\"ltr\">\n\t\t\t\t<div class=\"swiper-wrapper\" aria-live=\"polite\">\n\t\t<style id=\"loop-15063\">.elementor-15063 .elementor-element.elementor-element-2268704{--display:flex;}.elementor-15063 .elementor-element.elementor-element-b9a646c > .elementor-widget-container{margin:0px 0px 13px 0px;}.elementor-15063 .elementor-element.elementor-element-ea6a12a .elementor-icon-list-icon{width:14px;}.elementor-15063 .elementor-element.elementor-element-ea6a12a .elementor-icon-list-icon i{font-size:14px;}.elementor-15063 .elementor-element.elementor-element-ea6a12a .elementor-icon-list-icon svg{--e-icon-list-icon-size:14px;}.elementor-15063 .elementor-element.elementor-element-fbb1189 .elementor-heading-title{font-size:16px;font-weight:bold;line-height:24px;-webkit-text-stroke-color:#000;stroke:#000;}.elementor-15063 .elementor-element.elementor-element-ae12212 .elementor-icon-list-icon{width:0px;}.elementor-15063 .elementor-element.elementor-element-ae12212 .elementor-icon-list-icon i{font-size:0px;}.elementor-15063 .elementor-element.elementor-element-ae12212 .elementor-icon-list-icon svg{--e-icon-list-icon-size:0px;}.elementor-15063 .elementor-element.elementor-element-ae12212 > .elementor-widget-container{margin:0px 0px 0px 0px;}@media(min-width:768px){.elementor-15063 .elementor-element.elementor-element-2268704{--content-width:1024px;}}<\/style>\t\t<div data-elementor-type=\"loop-item\" data-elementor-id=\"15063\" class=\"elementor elementor-15063 swiper-slide e-loop-item e-loop-item-35004 post-35004 post type-post status-publish format-standard has-post-thumbnail hentry category-news tag-klimaschutz-en tag-muenchen-en\" data-elementor-post-type=\"elementor_library\" role=\"group\" aria-roledescription=\"slide\" data-custom-edit-handle=\"1\">\n\t\t\t<div class=\"elementor-element elementor-element-2268704 e-flex e-con-boxed e-con e-parent\" data-id=\"2268704\" data-element_type=\"container\" data-e-type=\"container\">\n\t\t\t\t\t<div class=\"e-con-inner\">\n\t\t\t\t<div class=\"elementor-element elementor-element-b9a646c elementor-widget elementor-widget-theme-post-featured-image elementor-widget-image\" data-id=\"b9a646c\" data-element_type=\"widget\" data-e-type=\"widget\" data-widget_type=\"theme-post-featured-image.default\">\n\t\t\t\t<div class=\"elementor-widget-container\">\n\t\t\t\t\t\t\t\t\t\t\t\t\t\t\t\t<a href=\"https:\/\/www.protect-the-planet.de\/en\/sami-in-muenchen-was-schwedische-rentiere-mit-den-swm-zu-tun-haben-und-warum-uns-das-was-angehen-sollte\/\">\n\t\t\t\t\t\t\t<img fetchpriority=\"high\" decoding=\"async\" width=\"900\" height=\"550\" src=\"https:\/\/www.protect-the-planet.de\/wp-content\/uploads\/2026\/04\/Beitrag-Sami.png\" class=\"attachment-full size-full wp-image-35005\" alt=\"Auf dem Bild sind die Rentiere der S\u00e1mi zu sehen.\" srcset=\"https:\/\/www.protect-the-planet.de\/wp-content\/uploads\/2026\/04\/Beitrag-Sami.png 900w, https:\/\/www.protect-the-planet.de\/wp-content\/uploads\/2026\/04\/Beitrag-Sami-300x183.png 300w, https:\/\/www.protect-the-planet.de\/wp-content\/uploads\/2026\/04\/Beitrag-Sami-768x469.png 768w\" sizes=\"(max-width: 900px) 100vw, 900px\" \/>\t\t\t\t\t\t\t\t<\/a>\n\t\t\t\t\t\t\t\t\t\t\t\t\t\t\t<\/div>\n\t\t\t\t<\/div>\n\t\t\t\t<div class=\"elementor-element elementor-element-ea6a12a elementor-widget elementor-widget-post-info\" data-id=\"ea6a12a\" data-element_type=\"widget\" data-e-type=\"widget\" data-widget_type=\"post-info.default\">\n\t\t\t\t<div class=\"elementor-widget-container\">\n\t\t\t\t\t\t\t<ul class=\"elementor-inline-items elementor-icon-list-items elementor-post-info\">\n\t\t\t\t\t\t\t\t<li class=\"elementor-icon-list-item elementor-repeater-item-9f942b6 elementor-inline-item\" itemprop=\"datePublished\">\n\t\t\t\t\t\t<a href=\"https:\/\/www.protect-the-planet.de\/en\/2026\/04\/28\/\">\n\t\t\t\t\t\t\t\t\t\t\t\t\t\t<span class=\"elementor-icon-list-text elementor-post-info__item elementor-post-info__item--type-date\">\n\t\t\t\t\t\t\t\t\t\t<time>28.04.2026<\/time>\t\t\t\t\t<\/span>\n\t\t\t\t\t\t\t\t\t<\/a>\n\t\t\t\t<\/li>\n\t\t\t\t<\/ul>\n\t\t\t\t\t\t<\/div>\n\t\t\t\t<\/div>\n\t\t\t\t<div class=\"elementor-element elementor-element-fbb1189 elementor-widget elementor-widget-theme-post-title elementor-page-title elementor-widget-heading\" data-id=\"fbb1189\" data-element_type=\"widget\" data-e-type=\"widget\" data-widget_type=\"theme-post-title.default\">\n\t\t\t\t<div class=\"elementor-widget-container\">\n\t\t\t\t\t<h3 class=\"elementor-heading-title elementor-size-default\"><a href=\"https:\/\/www.protect-the-planet.de\/en\/sami-in-muenchen-was-schwedische-rentiere-mit-den-swm-zu-tun-haben-und-warum-uns-das-was-angehen-sollte\/\">S\u00e1mi in M\u00fcnchen: Was schwedische Rentiere mit den SWM zu tun haben, und warum uns das was angehen sollte<\/a><\/h3>\t\t\t\t<\/div>\n\t\t\t\t<\/div>\n\t\t\t\t<div class=\"elementor-element elementor-element-95496bd elementor-widget elementor-widget-theme-post-excerpt\" data-id=\"95496bd\" data-element_type=\"widget\" data-e-type=\"widget\" data-widget_type=\"theme-post-excerpt.default\">\n\t\t\t\t<div class=\"elementor-widget-container\">\n\t\t\t\t\tVom 20.-23. Mai Protestcamp in M\u00fcnchen: Veranstaltungen mit S\u00e1mi-Delegierten beleuchten Konflikte um Windenergie, Klimagerechtigkeit und die Rolle der Stadtwerke M\u00fcnchen.\t\t\t\t<\/div>\n\t\t\t\t<\/div>\n\t\t\t\t<div class=\"elementor-element elementor-element-ae12212 elementor-widget elementor-widget-post-info\" data-id=\"ae12212\" data-element_type=\"widget\" data-e-type=\"widget\" data-widget_type=\"post-info.default\">\n\t\t\t\t<div class=\"elementor-widget-container\">\n\t\t\t\t\t\t\t<ul class=\"elementor-icon-list-items elementor-post-info\">\n\t\t\t\t\t\t\t\t<li class=\"elementor-icon-list-item elementor-repeater-item-1ee7b4b\">\n\t\t\t\t\t\t<a href=\"https:\/\/www.protect-the-planet.de\/en\/sami-in-muenchen-was-schwedische-rentiere-mit-den-swm-zu-tun-haben-und-warum-uns-das-was-angehen-sollte\/\">\n\t\t\t\t\t\t\t\t\t\t\t<span class=\"elementor-icon-list-icon\">\n\t\t\t\t\t\t\t\t<i aria-hidden=\"true\" class=\"far fa-tags\"><\/i>\t\t\t\t\t\t\t<\/span>\n\t\t\t\t\t\t\t\t\t<span class=\"elementor-icon-list-text elementor-post-info__item elementor-post-info__item--type-custom\">\n\t\t\t\t\t\t\t\t\t\t... mehr\t\t\t\t\t<\/span>\n\t\t\t\t\t\t\t\t\t<\/a>\n\t\t\t\t<\/li>\n\t\t\t\t<\/ul>\n\t\t\t\t\t\t<\/div>\n\t\t\t\t<\/div>\n\t\t\t\t\t<\/div>\n\t\t\t\t<\/div>\n\t\t\t\t<\/div>\n\t\t\t\t<div data-elementor-type=\"loop-item\" data-elementor-id=\"15063\" class=\"elementor elementor-15063 swiper-slide e-loop-item e-loop-item-34871 post-34871 post type-post status-publish format-standard has-post-thumbnail hentry category-news category-unkategorisiert tag-oekozid-en\" data-elementor-post-type=\"elementor_library\" role=\"group\" aria-roledescription=\"slide\" data-custom-edit-handle=\"1\">\n\t\t\t<div class=\"elementor-element elementor-element-2268704 e-flex e-con-boxed e-con e-parent\" data-id=\"2268704\" data-element_type=\"container\" data-e-type=\"container\">\n\t\t\t\t\t<div class=\"e-con-inner\">\n\t\t\t\t<div class=\"elementor-element elementor-element-b9a646c elementor-widget elementor-widget-theme-post-featured-image elementor-widget-image\" data-id=\"b9a646c\" data-element_type=\"widget\" data-e-type=\"widget\" data-widget_type=\"theme-post-featured-image.default\">\n\t\t\t\t<div class=\"elementor-widget-container\">\n\t\t\t\t\t\t\t\t\t\t\t\t\t\t\t\t<a href=\"https:\/\/www.protect-the-planet.de\/en\/gesetze-aendern-natur-schuetzen\/\">\n\t\t\t\t\t\t\t<img decoding=\"async\" width=\"900\" height=\"550\" src=\"https:\/\/www.protect-the-planet.de\/wp-content\/uploads\/2026\/04\/09.04.2026-STOP-ECOCIDE-ABSTIMMNUG-21.png\" class=\"attachment-full size-full wp-image-34872\" alt=\"\" srcset=\"https:\/\/www.protect-the-planet.de\/wp-content\/uploads\/2026\/04\/09.04.2026-STOP-ECOCIDE-ABSTIMMNUG-21.png 900w, https:\/\/www.protect-the-planet.de\/wp-content\/uploads\/2026\/04\/09.04.2026-STOP-ECOCIDE-ABSTIMMNUG-21-300x183.png 300w, https:\/\/www.protect-the-planet.de\/wp-content\/uploads\/2026\/04\/09.04.2026-STOP-ECOCIDE-ABSTIMMNUG-21-768x469.png 768w\" sizes=\"(max-width: 900px) 100vw, 900px\" \/>\t\t\t\t\t\t\t\t<\/a>\n\t\t\t\t\t\t\t\t\t\t\t\t\t\t\t<\/div>\n\t\t\t\t<\/div>\n\t\t\t\t<div class=\"elementor-element elementor-element-ea6a12a elementor-widget elementor-widget-post-info\" data-id=\"ea6a12a\" data-element_type=\"widget\" data-e-type=\"widget\" data-widget_type=\"post-info.default\">\n\t\t\t\t<div class=\"elementor-widget-container\">\n\t\t\t\t\t\t\t<ul class=\"elementor-inline-items elementor-icon-list-items elementor-post-info\">\n\t\t\t\t\t\t\t\t<li class=\"elementor-icon-list-item elementor-repeater-item-9f942b6 elementor-inline-item\" itemprop=\"datePublished\">\n\t\t\t\t\t\t<a href=\"https:\/\/www.protect-the-planet.de\/en\/2026\/04\/09\/\">\n\t\t\t\t\t\t\t\t\t\t\t\t\t\t<span class=\"elementor-icon-list-text elementor-post-info__item elementor-post-info__item--type-date\">\n\t\t\t\t\t\t\t\t\t\t<time>09.04.2026<\/time>\t\t\t\t\t<\/span>\n\t\t\t\t\t\t\t\t\t<\/a>\n\t\t\t\t<\/li>\n\t\t\t\t<\/ul>\n\t\t\t\t\t\t<\/div>\n\t\t\t\t<\/div>\n\t\t\t\t<div class=\"elementor-element elementor-element-fbb1189 elementor-widget elementor-widget-theme-post-title elementor-page-title elementor-widget-heading\" data-id=\"fbb1189\" data-element_type=\"widget\" data-e-type=\"widget\" data-widget_type=\"theme-post-title.default\">\n\t\t\t\t<div class=\"elementor-widget-container\">\n\t\t\t\t\t<h3 class=\"elementor-heading-title elementor-size-default\"><a href=\"https:\/\/www.protect-the-planet.de\/en\/gesetze-aendern-natur-schuetzen\/\">Gesetze \u00e4ndern \u2013 Natur sch\u00fctzen<\/a><\/h3>\t\t\t\t<\/div>\n\t\t\t\t<\/div>\n\t\t\t\t<div class=\"elementor-element elementor-element-95496bd elementor-widget elementor-widget-theme-post-excerpt\" data-id=\"95496bd\" data-element_type=\"widget\" data-e-type=\"widget\" data-widget_type=\"theme-post-excerpt.default\">\n\t\t\t\t<div class=\"elementor-widget-container\">\n\t\t\t\t\tBis Mitte April kann man bei Abstimmung21 e.V. und f\u00fcr die Initiative von Stop Ecocide Deutschland abstimmen.\t\t\t\t<\/div>\n\t\t\t\t<\/div>\n\t\t\t\t<div class=\"elementor-element elementor-element-ae12212 elementor-widget elementor-widget-post-info\" data-id=\"ae12212\" data-element_type=\"widget\" data-e-type=\"widget\" data-widget_type=\"post-info.default\">\n\t\t\t\t<div class=\"elementor-widget-container\">\n\t\t\t\t\t\t\t<ul class=\"elementor-icon-list-items elementor-post-info\">\n\t\t\t\t\t\t\t\t<li class=\"elementor-icon-list-item elementor-repeater-item-1ee7b4b\">\n\t\t\t\t\t\t<a href=\"https:\/\/www.protect-the-planet.de\/en\/gesetze-aendern-natur-schuetzen\/\">\n\t\t\t\t\t\t\t\t\t\t\t<span class=\"elementor-icon-list-icon\">\n\t\t\t\t\t\t\t\t<i aria-hidden=\"true\" class=\"far fa-tags\"><\/i>\t\t\t\t\t\t\t<\/span>\n\t\t\t\t\t\t\t\t\t<span class=\"elementor-icon-list-text elementor-post-info__item elementor-post-info__item--type-custom\">\n\t\t\t\t\t\t\t\t\t\t... mehr\t\t\t\t\t<\/span>\n\t\t\t\t\t\t\t\t\t<\/a>\n\t\t\t\t<\/li>\n\t\t\t\t<\/ul>\n\t\t\t\t\t\t<\/div>\n\t\t\t\t<\/div>\n\t\t\t\t\t<\/div>\n\t\t\t\t<\/div>\n\t\t\t\t<\/div>\n\t\t\t\t<div data-elementor-type=\"loop-item\" data-elementor-id=\"15063\" class=\"elementor elementor-15063 swiper-slide e-loop-item e-loop-item-34819 post-34819 post type-post status-publish format-standard has-post-thumbnail hentry category-news tag-18-april tag-berlin-en tag-energiewende-en tag-erneuerbare-energien-en tag-fridays-for-future-en tag-klimakrise-en tag-klimaneutralitaet-en tag-klimaschutz-en tag-muenchen-en\" data-elementor-post-type=\"elementor_library\" role=\"group\" aria-roledescription=\"slide\" data-custom-edit-handle=\"1\">\n\t\t\t<div class=\"elementor-element elementor-element-2268704 e-flex e-con-boxed e-con e-parent\" data-id=\"2268704\" data-element_type=\"container\" data-e-type=\"container\">\n\t\t\t\t\t<div class=\"e-con-inner\">\n\t\t\t\t<div class=\"elementor-element elementor-element-b9a646c elementor-widget elementor-widget-theme-post-featured-image elementor-widget-image\" data-id=\"b9a646c\" data-element_type=\"widget\" data-e-type=\"widget\" data-widget_type=\"theme-post-featured-image.default\">\n\t\t\t\t<div class=\"elementor-widget-container\">\n\t\t\t\t\t\t\t\t\t\t\t\t\t\t\t\t<a href=\"https:\/\/www.protect-the-planet.de\/en\/erneuerbare-energien-verteidigen-demos-am-18-april\/\">\n\t\t\t\t\t\t\t<img loading=\"lazy\" decoding=\"async\" width=\"900\" height=\"550\" src=\"https:\/\/www.protect-the-planet.de\/wp-content\/uploads\/2026\/04\/news_demo-erneuerbare-Energien-verteidigen_18042026.png\" class=\"attachment-full size-full wp-image-34828\" alt=\"\" srcset=\"https:\/\/www.protect-the-planet.de\/wp-content\/uploads\/2026\/04\/news_demo-erneuerbare-Energien-verteidigen_18042026.png 900w, https:\/\/www.protect-the-planet.de\/wp-content\/uploads\/2026\/04\/news_demo-erneuerbare-Energien-verteidigen_18042026-300x183.png 300w, https:\/\/www.protect-the-planet.de\/wp-content\/uploads\/2026\/04\/news_demo-erneuerbare-Energien-verteidigen_18042026-768x469.png 768w\" sizes=\"(max-width: 900px) 100vw, 900px\" \/>\t\t\t\t\t\t\t\t<\/a>\n\t\t\t\t\t\t\t\t\t\t\t\t\t\t\t<\/div>\n\t\t\t\t<\/div>\n\t\t\t\t<div class=\"elementor-element elementor-element-ea6a12a elementor-widget elementor-widget-post-info\" data-id=\"ea6a12a\" data-element_type=\"widget\" data-e-type=\"widget\" data-widget_type=\"post-info.default\">\n\t\t\t\t<div class=\"elementor-widget-container\">\n\t\t\t\t\t\t\t<ul class=\"elementor-inline-items elementor-icon-list-items elementor-post-info\">\n\t\t\t\t\t\t\t\t<li class=\"elementor-icon-list-item elementor-repeater-item-9f942b6 elementor-inline-item\" itemprop=\"datePublished\">\n\t\t\t\t\t\t<a href=\"https:\/\/www.protect-the-planet.de\/en\/2026\/04\/08\/\">\n\t\t\t\t\t\t\t\t\t\t\t\t\t\t<span class=\"elementor-icon-list-text elementor-post-info__item elementor-post-info__item--type-date\">\n\t\t\t\t\t\t\t\t\t\t<time>08.04.2026<\/time>\t\t\t\t\t<\/span>\n\t\t\t\t\t\t\t\t\t<\/a>\n\t\t\t\t<\/li>\n\t\t\t\t<\/ul>\n\t\t\t\t\t\t<\/div>\n\t\t\t\t<\/div>\n\t\t\t\t<div class=\"elementor-element elementor-element-fbb1189 elementor-widget elementor-widget-theme-post-title elementor-page-title elementor-widget-heading\" data-id=\"fbb1189\" data-element_type=\"widget\" data-e-type=\"widget\" data-widget_type=\"theme-post-title.default\">\n\t\t\t\t<div class=\"elementor-widget-container\">\n\t\t\t\t\t<h3 class=\"elementor-heading-title elementor-size-default\"><a href=\"https:\/\/www.protect-the-planet.de\/en\/erneuerbare-energien-verteidigen-demos-am-18-april\/\">Erneuerbare Energien verteidigen: Demos am 18. April<\/a><\/h3>\t\t\t\t<\/div>\n\t\t\t\t<\/div>\n\t\t\t\t<div class=\"elementor-element elementor-element-95496bd elementor-widget elementor-widget-theme-post-excerpt\" data-id=\"95496bd\" data-element_type=\"widget\" data-e-type=\"widget\" data-widget_type=\"theme-post-excerpt.default\">\n\t\t\t\t<div class=\"elementor-widget-container\">\n\t\t\t\t\tWirtschaftsministerin Katherina Reiche (CDU) greift die Energiewende an \u2013 doch quer durch die Gesellschaft formiert sich Widerstand. Den bringen wir am 18. April auf die Stra\u00dfe.\t\t\t\t<\/div>\n\t\t\t\t<\/div>\n\t\t\t\t<div class=\"elementor-element elementor-element-ae12212 elementor-widget elementor-widget-post-info\" data-id=\"ae12212\" data-element_type=\"widget\" data-e-type=\"widget\" data-widget_type=\"post-info.default\">\n\t\t\t\t<div class=\"elementor-widget-container\">\n\t\t\t\t\t\t\t<ul class=\"elementor-icon-list-items elementor-post-info\">\n\t\t\t\t\t\t\t\t<li class=\"elementor-icon-list-item elementor-repeater-item-1ee7b4b\">\n\t\t\t\t\t\t<a href=\"https:\/\/www.protect-the-planet.de\/en\/erneuerbare-energien-verteidigen-demos-am-18-april\/\">\n\t\t\t\t\t\t\t\t\t\t\t<span class=\"elementor-icon-list-icon\">\n\t\t\t\t\t\t\t\t<i aria-hidden=\"true\" class=\"far fa-tags\"><\/i>\t\t\t\t\t\t\t<\/span>\n\t\t\t\t\t\t\t\t\t<span class=\"elementor-icon-list-text elementor-post-info__item elementor-post-info__item--type-custom\">\n\t\t\t\t\t\t\t\t\t\t... mehr\t\t\t\t\t<\/span>\n\t\t\t\t\t\t\t\t\t<\/a>\n\t\t\t\t<\/li>\n\t\t\t\t<\/ul>\n\t\t\t\t\t\t<\/div>\n\t\t\t\t<\/div>\n\t\t\t\t\t<\/div>\n\t\t\t\t<\/div>\n\t\t\t\t<\/div>\n\t\t\t\t<div data-elementor-type=\"loop-item\" data-elementor-id=\"15063\" class=\"elementor elementor-15063 swiper-slide e-loop-item e-loop-item-34795 post-34795 post type-post status-publish format-standard has-post-thumbnail hentry category-klima-netzwerk-en category-news\" data-elementor-post-type=\"elementor_library\" role=\"group\" aria-roledescription=\"slide\" data-custom-edit-handle=\"1\">\n\t\t\t<div class=\"elementor-element elementor-element-2268704 e-flex e-con-boxed e-con e-parent\" data-id=\"2268704\" data-element_type=\"container\" data-e-type=\"container\">\n\t\t\t\t\t<div class=\"e-con-inner\">\n\t\t\t\t<div class=\"elementor-element elementor-element-b9a646c elementor-widget elementor-widget-theme-post-featured-image elementor-widget-image\" data-id=\"b9a646c\" data-element_type=\"widget\" data-e-type=\"widget\" data-widget_type=\"theme-post-featured-image.default\">\n\t\t\t\t<div class=\"elementor-widget-container\">\n\t\t\t\t\t\t\t\t\t\t\t\t\t\t\t\t<a href=\"https:\/\/www.protect-the-planet.de\/en\/offener-brief-gaskostenfalle-vermeiden\/\">\n\t\t\t\t\t\t\t<img loading=\"lazy\" decoding=\"async\" width=\"900\" height=\"550\" src=\"https:\/\/www.protect-the-planet.de\/wp-content\/uploads\/2026\/03\/Gaskostenfalle-vermeiden-1.jpg\" class=\"attachment-full size-full wp-image-34867\" alt=\"Protest vor dem Dt. Bundestag f\u00fcr baldigen Gasausstieg\" srcset=\"https:\/\/www.protect-the-planet.de\/wp-content\/uploads\/2026\/03\/Gaskostenfalle-vermeiden-1.jpg 900w, https:\/\/www.protect-the-planet.de\/wp-content\/uploads\/2026\/03\/Gaskostenfalle-vermeiden-1-300x183.jpg 300w, https:\/\/www.protect-the-planet.de\/wp-content\/uploads\/2026\/03\/Gaskostenfalle-vermeiden-1-768x469.jpg 768w\" sizes=\"(max-width: 900px) 100vw, 900px\" \/>\t\t\t\t\t\t\t\t<\/a>\n\t\t\t\t\t\t\t\t\t\t\t\t\t\t\t<\/div>\n\t\t\t\t<\/div>\n\t\t\t\t<div class=\"elementor-element elementor-element-ea6a12a elementor-widget elementor-widget-post-info\" data-id=\"ea6a12a\" data-element_type=\"widget\" data-e-type=\"widget\" data-widget_type=\"post-info.default\">\n\t\t\t\t<div class=\"elementor-widget-container\">\n\t\t\t\t\t\t\t<ul class=\"elementor-inline-items elementor-icon-list-items elementor-post-info\">\n\t\t\t\t\t\t\t\t<li class=\"elementor-icon-list-item elementor-repeater-item-9f942b6 elementor-inline-item\" itemprop=\"datePublished\">\n\t\t\t\t\t\t<a href=\"https:\/\/www.protect-the-planet.de\/en\/2026\/03\/24\/\">\n\t\t\t\t\t\t\t\t\t\t\t\t\t\t<span class=\"elementor-icon-list-text elementor-post-info__item elementor-post-info__item--type-date\">\n\t\t\t\t\t\t\t\t\t\t<time>24.03.2026<\/time>\t\t\t\t\t<\/span>\n\t\t\t\t\t\t\t\t\t<\/a>\n\t\t\t\t<\/li>\n\t\t\t\t<\/ul>\n\t\t\t\t\t\t<\/div>\n\t\t\t\t<\/div>\n\t\t\t\t<div class=\"elementor-element elementor-element-fbb1189 elementor-widget elementor-widget-theme-post-title elementor-page-title elementor-widget-heading\" data-id=\"fbb1189\" data-element_type=\"widget\" data-e-type=\"widget\" data-widget_type=\"theme-post-title.default\">\n\t\t\t\t<div class=\"elementor-widget-container\">\n\t\t\t\t\t<h3 class=\"elementor-heading-title elementor-size-default\"><a href=\"https:\/\/www.protect-the-planet.de\/en\/offener-brief-gaskostenfalle-vermeiden\/\">Gaskostenfalle vermeiden: Protect the Planet unterst\u00fctzt offenen Brief an die Bundesregierung<\/a><\/h3>\t\t\t\t<\/div>\n\t\t\t\t<\/div>\n\t\t\t\t<div class=\"elementor-element elementor-element-95496bd elementor-widget elementor-widget-theme-post-excerpt\" data-id=\"95496bd\" data-element_type=\"widget\" data-e-type=\"widget\" data-widget_type=\"theme-post-excerpt.default\">\n\t\t\t\t<div class=\"elementor-widget-container\">\n\t\t\t\t\tDeutschland steuert auf ein massives Verfehlen seiner Klimaziele zu. Gleichzeitig droht die Bundesregierung, mit einer r\u00fcckw\u00e4rtsgewandten Energiepolitik neue fossile Abh\u00e4ngigkeiten zu zementieren.\t\t\t\t<\/div>\n\t\t\t\t<\/div>\n\t\t\t\t<div class=\"elementor-element elementor-element-ae12212 elementor-widget elementor-widget-post-info\" data-id=\"ae12212\" data-element_type=\"widget\" data-e-type=\"widget\" data-widget_type=\"post-info.default\">\n\t\t\t\t<div class=\"elementor-widget-container\">\n\t\t\t\t\t\t\t<ul class=\"elementor-icon-list-items elementor-post-info\">\n\t\t\t\t\t\t\t\t<li class=\"elementor-icon-list-item elementor-repeater-item-1ee7b4b\">\n\t\t\t\t\t\t<a href=\"https:\/\/www.protect-the-planet.de\/en\/offener-brief-gaskostenfalle-vermeiden\/\">\n\t\t\t\t\t\t\t\t\t\t\t<span class=\"elementor-icon-list-icon\">\n\t\t\t\t\t\t\t\t<i aria-hidden=\"true\" class=\"far fa-tags\"><\/i>\t\t\t\t\t\t\t<\/span>\n\t\t\t\t\t\t\t\t\t<span class=\"elementor-icon-list-text elementor-post-info__item elementor-post-info__item--type-custom\">\n\t\t\t\t\t\t\t\t\t\t... mehr\t\t\t\t\t<\/span>\n\t\t\t\t\t\t\t\t\t<\/a>\n\t\t\t\t<\/li>\n\t\t\t\t<\/ul>\n\t\t\t\t\t\t<\/div>\n\t\t\t\t<\/div>\n\t\t\t\t\t<\/div>\n\t\t\t\t<\/div>\n\t\t\t\t<\/div>\n\t\t\t\t<div data-elementor-type=\"loop-item\" data-elementor-id=\"15063\" class=\"elementor elementor-15063 swiper-slide e-loop-item e-loop-item-34776 post-34776 post type-post status-publish format-standard has-post-thumbnail hentry category-news\" data-elementor-post-type=\"elementor_library\" role=\"group\" aria-roledescription=\"slide\" data-custom-edit-handle=\"1\">\n\t\t\t<div class=\"elementor-element elementor-element-2268704 e-flex e-con-boxed e-con e-parent\" data-id=\"2268704\" data-element_type=\"container\" data-e-type=\"container\">\n\t\t\t\t\t<div class=\"e-con-inner\">\n\t\t\t\t<div class=\"elementor-element elementor-element-b9a646c elementor-widget elementor-widget-theme-post-featured-image elementor-widget-image\" data-id=\"b9a646c\" data-element_type=\"widget\" data-e-type=\"widget\" data-widget_type=\"theme-post-featured-image.default\">\n\t\t\t\t<div class=\"elementor-widget-container\">\n\t\t\t\t\t\t\t\t\t\t\t\t\t\t\t\t<a href=\"https:\/\/www.protect-the-planet.de\/en\/campaigning-school-startet-am-27-april\/\">\n\t\t\t\t\t\t\t<img loading=\"lazy\" decoding=\"async\" width=\"900\" height=\"550\" src=\"https:\/\/www.protect-the-planet.de\/wp-content\/uploads\/2025\/04\/news_campaigningschool.png\" class=\"attachment-full size-full wp-image-30163\" alt=\"Man sieht das Logo der Campaigning School mit wei\u00dfen Buchstaben, mit einem orangefarbenen Balken hinterlegt, auf lilafarbenem Hintergrund.\" srcset=\"https:\/\/www.protect-the-planet.de\/wp-content\/uploads\/2025\/04\/news_campaigningschool.png 900w, https:\/\/www.protect-the-planet.de\/wp-content\/uploads\/2025\/04\/news_campaigningschool-300x183.png 300w, https:\/\/www.protect-the-planet.de\/wp-content\/uploads\/2025\/04\/news_campaigningschool-768x469.png 768w\" sizes=\"(max-width: 900px) 100vw, 900px\" \/>\t\t\t\t\t\t\t\t<\/a>\n\t\t\t\t\t\t\t\t\t\t\t\t\t\t\t<\/div>\n\t\t\t\t<\/div>\n\t\t\t\t<div class=\"elementor-element elementor-element-ea6a12a elementor-widget elementor-widget-post-info\" data-id=\"ea6a12a\" data-element_type=\"widget\" data-e-type=\"widget\" data-widget_type=\"post-info.default\">\n\t\t\t\t<div class=\"elementor-widget-container\">\n\t\t\t\t\t\t\t<ul class=\"elementor-inline-items elementor-icon-list-items elementor-post-info\">\n\t\t\t\t\t\t\t\t<li class=\"elementor-icon-list-item elementor-repeater-item-9f942b6 elementor-inline-item\" itemprop=\"datePublished\">\n\t\t\t\t\t\t<a href=\"https:\/\/www.protect-the-planet.de\/en\/2026\/03\/16\/\">\n\t\t\t\t\t\t\t\t\t\t\t\t\t\t<span class=\"elementor-icon-list-text elementor-post-info__item elementor-post-info__item--type-date\">\n\t\t\t\t\t\t\t\t\t\t<time>16.03.2026<\/time>\t\t\t\t\t<\/span>\n\t\t\t\t\t\t\t\t\t<\/a>\n\t\t\t\t<\/li>\n\t\t\t\t<\/ul>\n\t\t\t\t\t\t<\/div>\n\t\t\t\t<\/div>\n\t\t\t\t<div class=\"elementor-element elementor-element-fbb1189 elementor-widget elementor-widget-theme-post-title elementor-page-title elementor-widget-heading\" data-id=\"fbb1189\" data-element_type=\"widget\" data-e-type=\"widget\" data-widget_type=\"theme-post-title.default\">\n\t\t\t\t<div class=\"elementor-widget-container\">\n\t\t\t\t\t<h3 class=\"elementor-heading-title elementor-size-default\"><a href=\"https:\/\/www.protect-the-planet.de\/en\/campaigning-school-startet-am-27-april\/\">Campaigning School: Weiterbildung f\u00fcr strategische Kampagnenarbeit startet am 27. April 2026<\/a><\/h3>\t\t\t\t<\/div>\n\t\t\t\t<\/div>\n\t\t\t\t<div class=\"elementor-element elementor-element-95496bd elementor-widget elementor-widget-theme-post-excerpt\" data-id=\"95496bd\" data-element_type=\"widget\" data-e-type=\"widget\" data-widget_type=\"theme-post-excerpt.default\">\n\t\t\t\t<div class=\"elementor-widget-container\">\n\t\t\t\t\tStrategisches Campaigning von der Theorie bis zur Praxis:\nDie Ausbildung vermittelt sowohl theoretische Grundlagen als auch praktische F\u00e4higkeiten moderner Kampagnenarbeit.\t\t\t\t<\/div>\n\t\t\t\t<\/div>\n\t\t\t\t<div class=\"elementor-element elementor-element-ae12212 elementor-widget elementor-widget-post-info\" data-id=\"ae12212\" data-element_type=\"widget\" data-e-type=\"widget\" data-widget_type=\"post-info.default\">\n\t\t\t\t<div class=\"elementor-widget-container\">\n\t\t\t\t\t\t\t<ul class=\"elementor-icon-list-items elementor-post-info\">\n\t\t\t\t\t\t\t\t<li class=\"elementor-icon-list-item elementor-repeater-item-1ee7b4b\">\n\t\t\t\t\t\t<a href=\"https:\/\/www.protect-the-planet.de\/en\/campaigning-school-startet-am-27-april\/\">\n\t\t\t\t\t\t\t\t\t\t\t<span class=\"elementor-icon-list-icon\">\n\t\t\t\t\t\t\t\t<i aria-hidden=\"true\" class=\"far fa-tags\"><\/i>\t\t\t\t\t\t\t<\/span>\n\t\t\t\t\t\t\t\t\t<span class=\"elementor-icon-list-text elementor-post-info__item elementor-post-info__item--type-custom\">\n\t\t\t\t\t\t\t\t\t\t... mehr\t\t\t\t\t<\/span>\n\t\t\t\t\t\t\t\t\t<\/a>\n\t\t\t\t<\/li>\n\t\t\t\t<\/ul>\n\t\t\t\t\t\t<\/div>\n\t\t\t\t<\/div>\n\t\t\t\t\t<\/div>\n\t\t\t\t<\/div>\n\t\t\t\t<\/div>\n\t\t\t\t<div data-elementor-type=\"loop-item\" data-elementor-id=\"15063\" class=\"elementor elementor-15063 swiper-slide e-loop-item e-loop-item-34723 post-34723 post type-post status-publish format-standard has-post-thumbnail hentry category-news tag-klimakrise-en tag-klimaschutz-en\" data-elementor-post-type=\"elementor_library\" role=\"group\" aria-roledescription=\"slide\" data-custom-edit-handle=\"1\">\n\t\t\t<div class=\"elementor-element elementor-element-2268704 e-flex e-con-boxed e-con e-parent\" data-id=\"2268704\" data-element_type=\"container\" data-e-type=\"container\">\n\t\t\t\t\t<div class=\"e-con-inner\">\n\t\t\t\t<div class=\"elementor-element elementor-element-b9a646c elementor-widget elementor-widget-theme-post-featured-image elementor-widget-image\" data-id=\"b9a646c\" data-element_type=\"widget\" data-e-type=\"widget\" data-widget_type=\"theme-post-featured-image.default\">\n\t\t\t\t<div class=\"elementor-widget-container\">\n\t\t\t\t\t\t\t\t\t\t\t\t\t\t\t\t<a href=\"https:\/\/www.protect-the-planet.de\/en\/was-koennen-wir-von-der-cop-31-in-antalya-erwarten-ein-kommentar-von-louis-motaal\/\">\n\t\t\t\t\t\t\t<img loading=\"lazy\" decoding=\"async\" width=\"900\" height=\"550\" src=\"https:\/\/www.protect-the-planet.de\/wp-content\/uploads\/2026\/03\/05.03.2026-Kommentar-COP31.png\" class=\"attachment-full size-full wp-image-34724\" alt=\"Das Bild zeigt ein Schild mit der Aufschrift: one world.\" srcset=\"https:\/\/www.protect-the-planet.de\/wp-content\/uploads\/2026\/03\/05.03.2026-Kommentar-COP31.png 900w, https:\/\/www.protect-the-planet.de\/wp-content\/uploads\/2026\/03\/05.03.2026-Kommentar-COP31-300x183.png 300w, https:\/\/www.protect-the-planet.de\/wp-content\/uploads\/2026\/03\/05.03.2026-Kommentar-COP31-768x469.png 768w\" sizes=\"(max-width: 900px) 100vw, 900px\" \/>\t\t\t\t\t\t\t\t<\/a>\n\t\t\t\t\t\t\t\t\t\t\t\t\t\t\t<\/div>\n\t\t\t\t<\/div>\n\t\t\t\t<div class=\"elementor-element elementor-element-ea6a12a elementor-widget elementor-widget-post-info\" data-id=\"ea6a12a\" data-element_type=\"widget\" data-e-type=\"widget\" data-widget_type=\"post-info.default\">\n\t\t\t\t<div class=\"elementor-widget-container\">\n\t\t\t\t\t\t\t<ul class=\"elementor-inline-items elementor-icon-list-items elementor-post-info\">\n\t\t\t\t\t\t\t\t<li class=\"elementor-icon-list-item elementor-repeater-item-9f942b6 elementor-inline-item\" itemprop=\"datePublished\">\n\t\t\t\t\t\t<a href=\"https:\/\/www.protect-the-planet.de\/en\/2026\/03\/05\/\">\n\t\t\t\t\t\t\t\t\t\t\t\t\t\t<span class=\"elementor-icon-list-text elementor-post-info__item elementor-post-info__item--type-date\">\n\t\t\t\t\t\t\t\t\t\t<time>05.03.2026<\/time>\t\t\t\t\t<\/span>\n\t\t\t\t\t\t\t\t\t<\/a>\n\t\t\t\t<\/li>\n\t\t\t\t<\/ul>\n\t\t\t\t\t\t<\/div>\n\t\t\t\t<\/div>\n\t\t\t\t<div class=\"elementor-element elementor-element-fbb1189 elementor-widget elementor-widget-theme-post-title elementor-page-title elementor-widget-heading\" data-id=\"fbb1189\" data-element_type=\"widget\" data-e-type=\"widget\" data-widget_type=\"theme-post-title.default\">\n\t\t\t\t<div class=\"elementor-widget-container\">\n\t\t\t\t\t<h3 class=\"elementor-heading-title elementor-size-default\"><a href=\"https:\/\/www.protect-the-planet.de\/en\/was-koennen-wir-von-der-cop-31-in-antalya-erwarten-ein-kommentar-von-louis-motaal\/\">Was k\u00f6nnen wir von der COP 31 in Antalya erwarten? \u2013 Ein Kommentar von Louis Motaal<\/a><\/h3>\t\t\t\t<\/div>\n\t\t\t\t<\/div>\n\t\t\t\t<div class=\"elementor-element elementor-element-95496bd elementor-widget elementor-widget-theme-post-excerpt\" data-id=\"95496bd\" data-element_type=\"widget\" data-e-type=\"widget\" data-widget_type=\"theme-post-excerpt.default\">\n\t\t\t\t<div class=\"elementor-widget-container\">\n\t\t\t\t\tKlimaaktivist\u00a0Louis Motaal\u00a0war f\u00fcr Protect the Planet auf der COP30 in Bel\u00e9m \u2013 und gibt eine Einsch\u00e4tzung, worauf es in diesem Jahr besonders ankommen wird.\t\t\t\t<\/div>\n\t\t\t\t<\/div>\n\t\t\t\t<div class=\"elementor-element elementor-element-ae12212 elementor-widget elementor-widget-post-info\" data-id=\"ae12212\" data-element_type=\"widget\" data-e-type=\"widget\" data-widget_type=\"post-info.default\">\n\t\t\t\t<div class=\"elementor-widget-container\">\n\t\t\t\t\t\t\t<ul class=\"elementor-icon-list-items elementor-post-info\">\n\t\t\t\t\t\t\t\t<li class=\"elementor-icon-list-item elementor-repeater-item-1ee7b4b\">\n\t\t\t\t\t\t<a href=\"https:\/\/www.protect-the-planet.de\/en\/was-koennen-wir-von-der-cop-31-in-antalya-erwarten-ein-kommentar-von-louis-motaal\/\">\n\t\t\t\t\t\t\t\t\t\t\t<span class=\"elementor-icon-list-icon\">\n\t\t\t\t\t\t\t\t<i aria-hidden=\"true\" class=\"far fa-tags\"><\/i>\t\t\t\t\t\t\t<\/span>\n\t\t\t\t\t\t\t\t\t<span class=\"elementor-icon-list-text elementor-post-info__item elementor-post-info__item--type-custom\">\n\t\t\t\t\t\t\t\t\t\t... mehr\t\t\t\t\t<\/span>\n\t\t\t\t\t\t\t\t\t<\/a>\n\t\t\t\t<\/li>\n\t\t\t\t<\/ul>\n\t\t\t\t\t\t<\/div>\n\t\t\t\t<\/div>\n\t\t\t\t\t<\/div>\n\t\t\t\t<\/div>\n\t\t\t\t<\/div>\n\t\t\t\t<div data-elementor-type=\"loop-item\" data-elementor-id=\"15063\" class=\"elementor elementor-15063 swiper-slide e-loop-item e-loop-item-34778 post-34778 post type-post status-publish format-standard has-post-thumbnail hentry category-news\" data-elementor-post-type=\"elementor_library\" role=\"group\" aria-roledescription=\"slide\" data-custom-edit-handle=\"1\">\n\t\t\t<div class=\"elementor-element elementor-element-2268704 e-flex e-con-boxed e-con e-parent\" data-id=\"2268704\" data-element_type=\"container\" data-e-type=\"container\">\n\t\t\t\t\t<div class=\"e-con-inner\">\n\t\t\t\t<div class=\"elementor-element elementor-element-b9a646c elementor-widget elementor-widget-theme-post-featured-image elementor-widget-image\" data-id=\"b9a646c\" data-element_type=\"widget\" data-e-type=\"widget\" data-widget_type=\"theme-post-featured-image.default\">\n\t\t\t\t<div class=\"elementor-widget-container\">\n\t\t\t\t\t\t\t\t\t\t\t\t\t\t\t\t<a href=\"https:\/\/www.protect-the-planet.de\/en\/las-vegas-for-democracy-in-munich\/\">\n\t\t\t\t\t\t\t<img loading=\"lazy\" decoding=\"async\" width=\"900\" height=\"550\" src=\"https:\/\/www.protect-the-planet.de\/wp-content\/uploads\/2026\/03\/05.03.2026-SfA-Sigfried-und-Joy-Video.jpg\" class=\"attachment-full size-full wp-image-34780\" alt=\"\" srcset=\"https:\/\/www.protect-the-planet.de\/wp-content\/uploads\/2026\/03\/05.03.2026-SfA-Sigfried-und-Joy-Video.jpg 900w, https:\/\/www.protect-the-planet.de\/wp-content\/uploads\/2026\/03\/05.03.2026-SfA-Sigfried-und-Joy-Video-300x183.jpg 300w, https:\/\/www.protect-the-planet.de\/wp-content\/uploads\/2026\/03\/05.03.2026-SfA-Sigfried-und-Joy-Video-768x469.jpg 768w\" sizes=\"(max-width: 900px) 100vw, 900px\" \/>\t\t\t\t\t\t\t\t<\/a>\n\t\t\t\t\t\t\t\t\t\t\t\t\t\t\t<\/div>\n\t\t\t\t<\/div>\n\t\t\t\t<div class=\"elementor-element elementor-element-ea6a12a elementor-widget elementor-widget-post-info\" data-id=\"ea6a12a\" data-element_type=\"widget\" data-e-type=\"widget\" data-widget_type=\"post-info.default\">\n\t\t\t\t<div class=\"elementor-widget-container\">\n\t\t\t\t\t\t\t<ul class=\"elementor-inline-items elementor-icon-list-items elementor-post-info\">\n\t\t\t\t\t\t\t\t<li class=\"elementor-icon-list-item elementor-repeater-item-9f942b6 elementor-inline-item\" itemprop=\"datePublished\">\n\t\t\t\t\t\t<a href=\"https:\/\/www.protect-the-planet.de\/en\/2026\/03\/02\/\">\n\t\t\t\t\t\t\t\t\t\t\t\t\t\t<span class=\"elementor-icon-list-text elementor-post-info__item elementor-post-info__item--type-date\">\n\t\t\t\t\t\t\t\t\t\t<time>02.03.2026<\/time>\t\t\t\t\t<\/span>\n\t\t\t\t\t\t\t\t\t<\/a>\n\t\t\t\t<\/li>\n\t\t\t\t<\/ul>\n\t\t\t\t\t\t<\/div>\n\t\t\t\t<\/div>\n\t\t\t\t<div class=\"elementor-element elementor-element-fbb1189 elementor-widget elementor-widget-theme-post-title elementor-page-title elementor-widget-heading\" data-id=\"fbb1189\" data-element_type=\"widget\" data-e-type=\"widget\" data-widget_type=\"theme-post-title.default\">\n\t\t\t\t<div class=\"elementor-widget-container\">\n\t\t\t\t\t<h3 class=\"elementor-heading-title elementor-size-default\"><a href=\"https:\/\/www.protect-the-planet.de\/en\/las-vegas-for-democracy-in-munich\/\">Las Vegas for Democracy in Munich<\/a><\/h3>\t\t\t\t<\/div>\n\t\t\t\t<\/div>\n\t\t\t\t<div class=\"elementor-element elementor-element-95496bd elementor-widget elementor-widget-theme-post-excerpt\" data-id=\"95496bd\" data-element_type=\"widget\" data-e-type=\"widget\" data-widget_type=\"theme-post-excerpt.default\">\n\t\t\t\t<div class=\"elementor-widget-container\">\n\t\t\t\t\tVirales Video von dem M\u00fcnchner B\u00fcndnis \"Stadt f\u00fcr Alle\" als starkes Zeichen vor den Wahlen: W\u00e4hlt Liebe und keinen Hass!\t\t\t\t<\/div>\n\t\t\t\t<\/div>\n\t\t\t\t<div class=\"elementor-element elementor-element-ae12212 elementor-widget elementor-widget-post-info\" data-id=\"ae12212\" data-element_type=\"widget\" data-e-type=\"widget\" data-widget_type=\"post-info.default\">\n\t\t\t\t<div class=\"elementor-widget-container\">\n\t\t\t\t\t\t\t<ul class=\"elementor-icon-list-items elementor-post-info\">\n\t\t\t\t\t\t\t\t<li class=\"elementor-icon-list-item elementor-repeater-item-1ee7b4b\">\n\t\t\t\t\t\t<a href=\"https:\/\/www.protect-the-planet.de\/en\/las-vegas-for-democracy-in-munich\/\">\n\t\t\t\t\t\t\t\t\t\t\t<span class=\"elementor-icon-list-icon\">\n\t\t\t\t\t\t\t\t<i aria-hidden=\"true\" class=\"far fa-tags\"><\/i>\t\t\t\t\t\t\t<\/span>\n\t\t\t\t\t\t\t\t\t<span class=\"elementor-icon-list-text elementor-post-info__item elementor-post-info__item--type-custom\">\n\t\t\t\t\t\t\t\t\t\t... mehr\t\t\t\t\t<\/span>\n\t\t\t\t\t\t\t\t\t<\/a>\n\t\t\t\t<\/li>\n\t\t\t\t<\/ul>\n\t\t\t\t\t\t<\/div>\n\t\t\t\t<\/div>\n\t\t\t\t\t<\/div>\n\t\t\t\t<\/div>\n\t\t\t\t<\/div>\n\t\t\t\t<div data-elementor-type=\"loop-item\" data-elementor-id=\"15063\" class=\"elementor elementor-15063 swiper-slide e-loop-item e-loop-item-34874 post-34874 post type-post status-publish format-standard has-post-thumbnail hentry category-news tag-innovation-en tag-klimaschutz-en\" data-elementor-post-type=\"elementor_library\" role=\"group\" aria-roledescription=\"slide\" data-custom-edit-handle=\"1\">\n\t\t\t<div class=\"elementor-element elementor-element-2268704 e-flex e-con-boxed e-con e-parent\" data-id=\"2268704\" data-element_type=\"container\" data-e-type=\"container\">\n\t\t\t\t\t<div class=\"e-con-inner\">\n\t\t\t\t<div class=\"elementor-element elementor-element-b9a646c elementor-widget elementor-widget-theme-post-featured-image elementor-widget-image\" data-id=\"b9a646c\" data-element_type=\"widget\" data-e-type=\"widget\" data-widget_type=\"theme-post-featured-image.default\">\n\t\t\t\t<div class=\"elementor-widget-container\">\n\t\t\t\t\t\t\t\t\t\t\t\t\t\t\t\t<a href=\"https:\/\/www.protect-the-planet.de\/en\/smart-green-island-makeathon-2026-cirqmind-circular-economy-through-circular-society\/\">\n\t\t\t\t\t\t\t<img loading=\"lazy\" decoding=\"async\" width=\"900\" height=\"550\" src=\"https:\/\/www.protect-the-planet.de\/wp-content\/uploads\/2026\/02\/26.02.2026_Makeathon.png\" class=\"attachment-full size-full wp-image-34875\" alt=\"Auf dem Bild sind junge Menschen beim MAKEATHON zu sehen, die an ihren Innovationen arbeiten.\" srcset=\"https:\/\/www.protect-the-planet.de\/wp-content\/uploads\/2026\/02\/26.02.2026_Makeathon.png 900w, https:\/\/www.protect-the-planet.de\/wp-content\/uploads\/2026\/02\/26.02.2026_Makeathon-300x183.png 300w, https:\/\/www.protect-the-planet.de\/wp-content\/uploads\/2026\/02\/26.02.2026_Makeathon-768x469.png 768w\" sizes=\"(max-width: 900px) 100vw, 900px\" \/>\t\t\t\t\t\t\t\t<\/a>\n\t\t\t\t\t\t\t\t\t\t\t\t\t\t\t<\/div>\n\t\t\t\t<\/div>\n\t\t\t\t<div class=\"elementor-element elementor-element-ea6a12a elementor-widget elementor-widget-post-info\" data-id=\"ea6a12a\" data-element_type=\"widget\" data-e-type=\"widget\" data-widget_type=\"post-info.default\">\n\t\t\t\t<div class=\"elementor-widget-container\">\n\t\t\t\t\t\t\t<ul class=\"elementor-inline-items elementor-icon-list-items elementor-post-info\">\n\t\t\t\t\t\t\t\t<li class=\"elementor-icon-list-item elementor-repeater-item-9f942b6 elementor-inline-item\" itemprop=\"datePublished\">\n\t\t\t\t\t\t<a href=\"https:\/\/www.protect-the-planet.de\/en\/2026\/02\/26\/\">\n\t\t\t\t\t\t\t\t\t\t\t\t\t\t<span class=\"elementor-icon-list-text elementor-post-info__item elementor-post-info__item--type-date\">\n\t\t\t\t\t\t\t\t\t\t<time>26.02.2026<\/time>\t\t\t\t\t<\/span>\n\t\t\t\t\t\t\t\t\t<\/a>\n\t\t\t\t<\/li>\n\t\t\t\t<\/ul>\n\t\t\t\t\t\t<\/div>\n\t\t\t\t<\/div>\n\t\t\t\t<div class=\"elementor-element elementor-element-fbb1189 elementor-widget elementor-widget-theme-post-title elementor-page-title elementor-widget-heading\" data-id=\"fbb1189\" data-element_type=\"widget\" data-e-type=\"widget\" data-widget_type=\"theme-post-title.default\">\n\t\t\t\t<div class=\"elementor-widget-container\">\n\t\t\t\t\t<h3 class=\"elementor-heading-title elementor-size-default\"><a href=\"https:\/\/www.protect-the-planet.de\/en\/smart-green-island-makeathon-2026-cirqmind-circular-economy-through-circular-society\/\">Smart Green Island Makeathon 2026: \u201eCirQmind \u2013 Circular Economy through Circular Society\u201c<\/a><\/h3>\t\t\t\t<\/div>\n\t\t\t\t<\/div>\n\t\t\t\t<div class=\"elementor-element elementor-element-95496bd elementor-widget elementor-widget-theme-post-excerpt\" data-id=\"95496bd\" data-element_type=\"widget\" data-e-type=\"widget\" data-widget_type=\"theme-post-excerpt.default\">\n\t\t\t\t<div class=\"elementor-widget-container\">\n\t\t\t\t\tVom 24. bis 28. Februar 2026 l\u00e4dt die ITQ GmbH gemeinsam mit der Dr. Stetter ITQ S.L.U. zum SMART GREEN ISLAND INNOVATIONSFESTIVAL nach Las Palmas ein. \t\t\t\t<\/div>\n\t\t\t\t<\/div>\n\t\t\t\t<div class=\"elementor-element elementor-element-ae12212 elementor-widget elementor-widget-post-info\" data-id=\"ae12212\" data-element_type=\"widget\" data-e-type=\"widget\" data-widget_type=\"post-info.default\">\n\t\t\t\t<div class=\"elementor-widget-container\">\n\t\t\t\t\t\t\t<ul class=\"elementor-icon-list-items elementor-post-info\">\n\t\t\t\t\t\t\t\t<li class=\"elementor-icon-list-item elementor-repeater-item-1ee7b4b\">\n\t\t\t\t\t\t<a href=\"https:\/\/www.protect-the-planet.de\/en\/smart-green-island-makeathon-2026-cirqmind-circular-economy-through-circular-society\/\">\n\t\t\t\t\t\t\t\t\t\t\t<span class=\"elementor-icon-list-icon\">\n\t\t\t\t\t\t\t\t<i aria-hidden=\"true\" class=\"far fa-tags\"><\/i>\t\t\t\t\t\t\t<\/span>\n\t\t\t\t\t\t\t\t\t<span class=\"elementor-icon-list-text elementor-post-info__item elementor-post-info__item--type-custom\">\n\t\t\t\t\t\t\t\t\t\t... mehr\t\t\t\t\t<\/span>\n\t\t\t\t\t\t\t\t\t<\/a>\n\t\t\t\t<\/li>\n\t\t\t\t<\/ul>\n\t\t\t\t\t\t<\/div>\n\t\t\t\t<\/div>\n\t\t\t\t\t<\/div>\n\t\t\t\t<\/div>\n\t\t\t\t<\/div>\n\t\t\t\t<div data-elementor-type=\"loop-item\" data-elementor-id=\"15063\" class=\"elementor elementor-15063 swiper-slide e-loop-item e-loop-item-34568 post-34568 post type-post status-publish format-standard has-post-thumbnail hentry category-news tag-dorothea-sick-thies-en tag-hoffnung tag-klimakrise-en\" data-elementor-post-type=\"elementor_library\" role=\"group\" aria-roledescription=\"slide\" data-custom-edit-handle=\"1\">\n\t\t\t<div class=\"elementor-element elementor-element-2268704 e-flex e-con-boxed e-con e-parent\" data-id=\"2268704\" data-element_type=\"container\" data-e-type=\"container\">\n\t\t\t\t\t<div class=\"e-con-inner\">\n\t\t\t\t<div class=\"elementor-element elementor-element-b9a646c elementor-widget elementor-widget-theme-post-featured-image elementor-widget-image\" data-id=\"b9a646c\" data-element_type=\"widget\" data-e-type=\"widget\" data-widget_type=\"theme-post-featured-image.default\">\n\t\t\t\t<div class=\"elementor-widget-container\">\n\t\t\t\t\t\t\t\t\t\t\t\t\t\t\t\t<a href=\"https:\/\/www.protect-the-planet.de\/en\/die-wirtschaft-will-und-braucht-die-transformation-2\/\">\n\t\t\t\t\t\t\t<img loading=\"lazy\" decoding=\"async\" width=\"900\" height=\"550\" src=\"https:\/\/www.protect-the-planet.de\/wp-content\/uploads\/2026\/02\/news_Klima-Kommentar-von-Dorothea-Sick-Thies_Winter_Feb-2026.png\" class=\"attachment-full size-full wp-image-34570\" alt=\"Man sieht ein Foto von Dorothea Sick-Thies mit rotem Schal vor dem Hintergrund eines verschneiten Waldes mit Bergpanorama. Text im Bild: &quot;Klima-Kommentar von Dorothea Sick-Thies)\" srcset=\"https:\/\/www.protect-the-planet.de\/wp-content\/uploads\/2026\/02\/news_Klima-Kommentar-von-Dorothea-Sick-Thies_Winter_Feb-2026.png 900w, https:\/\/www.protect-the-planet.de\/wp-content\/uploads\/2026\/02\/news_Klima-Kommentar-von-Dorothea-Sick-Thies_Winter_Feb-2026-300x183.png 300w, https:\/\/www.protect-the-planet.de\/wp-content\/uploads\/2026\/02\/news_Klima-Kommentar-von-Dorothea-Sick-Thies_Winter_Feb-2026-768x469.png 768w\" sizes=\"(max-width: 900px) 100vw, 900px\" \/>\t\t\t\t\t\t\t\t<\/a>\n\t\t\t\t\t\t\t\t\t\t\t\t\t\t\t<\/div>\n\t\t\t\t<\/div>\n\t\t\t\t<div class=\"elementor-element elementor-element-ea6a12a elementor-widget elementor-widget-post-info\" data-id=\"ea6a12a\" data-element_type=\"widget\" data-e-type=\"widget\" data-widget_type=\"post-info.default\">\n\t\t\t\t<div class=\"elementor-widget-container\">\n\t\t\t\t\t\t\t<ul class=\"elementor-inline-items elementor-icon-list-items elementor-post-info\">\n\t\t\t\t\t\t\t\t<li class=\"elementor-icon-list-item elementor-repeater-item-9f942b6 elementor-inline-item\" itemprop=\"datePublished\">\n\t\t\t\t\t\t<a href=\"https:\/\/www.protect-the-planet.de\/en\/2026\/02\/17\/\">\n\t\t\t\t\t\t\t\t\t\t\t\t\t\t<span class=\"elementor-icon-list-text elementor-post-info__item elementor-post-info__item--type-date\">\n\t\t\t\t\t\t\t\t\t\t<time>17.02.2026<\/time>\t\t\t\t\t<\/span>\n\t\t\t\t\t\t\t\t\t<\/a>\n\t\t\t\t<\/li>\n\t\t\t\t<\/ul>\n\t\t\t\t\t\t<\/div>\n\t\t\t\t<\/div>\n\t\t\t\t<div class=\"elementor-element elementor-element-fbb1189 elementor-widget elementor-widget-theme-post-title elementor-page-title elementor-widget-heading\" data-id=\"fbb1189\" data-element_type=\"widget\" data-e-type=\"widget\" data-widget_type=\"theme-post-title.default\">\n\t\t\t\t<div class=\"elementor-widget-container\">\n\t\t\t\t\t<h3 class=\"elementor-heading-title elementor-size-default\"><a href=\"https:\/\/www.protect-the-planet.de\/en\/die-wirtschaft-will-und-braucht-die-transformation-2\/\">Gemeinsam handeln: Was in diesem Jahr z\u00e4hlt<\/a><\/h3>\t\t\t\t<\/div>\n\t\t\t\t<\/div>\n\t\t\t\t<div class=\"elementor-element elementor-element-95496bd elementor-widget elementor-widget-theme-post-excerpt\" data-id=\"95496bd\" data-element_type=\"widget\" data-e-type=\"widget\" data-widget_type=\"theme-post-excerpt.default\">\n\t\t\t\t<div class=\"elementor-widget-container\">\n\t\t\t\t\tEngagement f\u00fcr Klimagerechtigkeit ist kein Sprint, sondern ein Marathon \u2013 mit Momenten der Ersch\u00f6pfung, aber auch mit Etappen, auf die wir stolz zur\u00fcckblicken k\u00f6nnen, weil wir dran geblieben sind.\t\t\t\t<\/div>\n\t\t\t\t<\/div>\n\t\t\t\t<div class=\"elementor-element elementor-element-ae12212 elementor-widget elementor-widget-post-info\" data-id=\"ae12212\" data-element_type=\"widget\" data-e-type=\"widget\" data-widget_type=\"post-info.default\">\n\t\t\t\t<div class=\"elementor-widget-container\">\n\t\t\t\t\t\t\t<ul class=\"elementor-icon-list-items elementor-post-info\">\n\t\t\t\t\t\t\t\t<li class=\"elementor-icon-list-item elementor-repeater-item-1ee7b4b\">\n\t\t\t\t\t\t<a href=\"https:\/\/www.protect-the-planet.de\/en\/die-wirtschaft-will-und-braucht-die-transformation-2\/\">\n\t\t\t\t\t\t\t\t\t\t\t<span class=\"elementor-icon-list-icon\">\n\t\t\t\t\t\t\t\t<i aria-hidden=\"true\" class=\"far fa-tags\"><\/i>\t\t\t\t\t\t\t<\/span>\n\t\t\t\t\t\t\t\t\t<span class=\"elementor-icon-list-text elementor-post-info__item elementor-post-info__item--type-custom\">\n\t\t\t\t\t\t\t\t\t\t... mehr\t\t\t\t\t<\/span>\n\t\t\t\t\t\t\t\t\t<\/a>\n\t\t\t\t<\/li>\n\t\t\t\t<\/ul>\n\t\t\t\t\t\t<\/div>\n\t\t\t\t<\/div>\n\t\t\t\t\t<\/div>\n\t\t\t\t<\/div>\n\t\t\t\t<\/div>\n\t\t\t\t<\/div>\n\t\t<\/div>\n\t\t\t\t\t<div class=\"elementor-swiper-button elementor-swiper-button-prev\" role=\"button\" tabindex=\"0\" aria-label=\"Previous\">\n\t\t\t\t<i aria-hidden=\"true\" class=\"eicon-chevron-left\"><\/i>\t\t\t<\/div>\n\t\t\t<div class=\"elementor-swiper-button elementor-swiper-button-next\" role=\"button\" tabindex=\"0\" aria-label=\"Next\">\n\t\t\t\t<i aria-hidden=\"true\" class=\"eicon-chevron-right\"><\/i>\t\t\t<\/div>\n\t\t\t\t\t\t<\/div>\n\t\t\t\t<\/div>\n\t\t\t\t<div class=\"elementor-element elementor-element-34c7bc5 elementor-widget elementor-widget-button\" data-id=\"34c7bc5\" data-element_type=\"widget\" data-e-type=\"widget\" data-widget_type=\"button.default\">\n\t\t\t\t<div class=\"elementor-widget-container\">\n\t\t\t\t\t\t\t\t\t<div class=\"elementor-button-wrapper\">\n\t\t\t\t\t<a class=\"elementor-button elementor-button-link elementor-size-sm\" href=\"https:\/\/www.protect-the-planet.de\/en\/news\/news-3\/\">\n\t\t\t\t\t\t<span class=\"elementor-button-content-wrapper\">\n\t\t\t\t\t\t\t\t\t<span class=\"elementor-button-text\">See all the latest news<\/span>\n\t\t\t\t\t<\/span>\n\t\t\t\t\t<\/a>\n\t\t\t\t<\/div>\n\t\t\t\t\t\t\t\t<\/div>\n\t\t\t\t<\/div>\n\t\t\t\t\t<\/div>\n\t\t\t\t<\/div>\n\t\t<div class=\"elementor-element elementor-element-3f5f2e5 e-flex e-con-boxed e-con e-parent\" data-id=\"3f5f2e5\" data-element_type=\"container\" data-e-type=\"container\">\n\t\t\t\t\t<div class=\"e-con-inner\">\n\t\t<div class=\"elementor-element elementor-element-931a791 e-flex e-con-boxed e-con e-child\" data-id=\"931a791\" data-element_type=\"container\" data-e-type=\"container\">\n\t\t\t\t\t<div class=\"e-con-inner\">\n\t\t\t\t\t<\/div>\n\t\t\t\t<\/div>\n\t\t\t\t\t<\/div>\n\t\t\t\t<\/div>\n\t\t\t\t<\/div>\n\t\t","protected":false},"excerpt":{"rendered":"<p>We initiated the \u201cCorporate Climate Action\u201d project to encourage companies to reduce their carbon emissions and use their influence on politicians and the public to make change happen. Many companies are already taking serious action towards climate justice. Instead of greenwashing or empty promises, they lead the way by good example and promote meaningful action on climate change.<\/p>\n","protected":false},"author":2,"featured_media":21832,"parent":0,"menu_order":0,"comment_status":"closed","ping_status":"closed","template":"","meta":{"footnotes":""},"class_list":["post-22264","page","type-page","status-publish","has-post-thumbnail","hentry"],"yoast_head":"<!-- This site is optimized with the Yoast SEO plugin v27.5 - https:\/\/yoast.com\/product\/yoast-seo-wordpress\/ -->\n<title>&quot;Unternehmen Klimaschutz&quot; \u2013 Corporate Climate Action - Protect the Planet<\/title>\n<meta name=\"robots\" content=\"index, follow, max-snippet:-1, max-image-preview:large, max-video-preview:-1\" \/>\n<link rel=\"canonical\" href=\"https:\/\/www.protect-the-planet.de\/en\/corporate-climate-action\/\" \/>\n<meta property=\"og:locale\" content=\"en_US\" \/>\n<meta property=\"og:type\" content=\"article\" \/>\n<meta property=\"og:title\" content=\"&quot;Unternehmen Klimaschutz&quot; \u2013 Corporate Climate Action - Protect the Planet\" \/>\n<meta property=\"og:description\" content=\"We initiated the \u201cCorporate Climate Action\u201d project to encourage companies to reduce their carbon emissions and use their influence on politicians and the public to make change happen. Many companies are already taking serious action towards climate justice. Instead of greenwashing or empty promises, they lead the way by good example and promote meaningful action on climate change.\" \/>\n<meta property=\"og:url\" content=\"https:\/\/www.protect-the-planet.de\/en\/corporate-climate-action\/\" \/>\n<meta property=\"og:site_name\" content=\"Protect the Planet\" \/>\n<meta property=\"article:publisher\" content=\"https:\/\/www.facebook.com\/protecttheplanetDE\/\" \/>\n<meta property=\"article:modified_time\" content=\"2025-07-14T13:06:04+00:00\" \/>\n<meta property=\"og:image\" content=\"https:\/\/www.protect-the-planet.de\/wp-content\/uploads\/2023\/08\/beitragsbild-unternehmen-klimaschutz.jpeg\" \/>\n\t<meta property=\"og:image:width\" content=\"1280\" \/>\n\t<meta property=\"og:image:height\" content=\"853\" \/>\n\t<meta property=\"og:image:type\" content=\"image\/jpeg\" \/>\n<meta name=\"twitter:card\" content=\"summary_large_image\" \/>\n<meta name=\"twitter:site\" content=\"@PtP_de\" \/>\n<meta name=\"twitter:label1\" content=\"Est. reading time\" \/>\n\t<meta name=\"twitter:data1\" content=\"11 minutes\" \/>\n<script type=\"application\/ld+json\" class=\"yoast-schema-graph\">{\"@context\":\"https:\\\/\\\/schema.org\",\"@graph\":[{\"@type\":\"WebPage\",\"@id\":\"https:\\\/\\\/www.protect-the-planet.de\\\/en\\\/corporate-climate-action\\\/\",\"url\":\"https:\\\/\\\/www.protect-the-planet.de\\\/en\\\/corporate-climate-action\\\/\",\"name\":\"\\\"Unternehmen Klimaschutz\\\" \u2013 Corporate Climate Action - Protect the Planet\",\"isPartOf\":{\"@id\":\"https:\\\/\\\/www.protect-the-planet.de\\\/en\\\/#website\"},\"primaryImageOfPage\":{\"@id\":\"https:\\\/\\\/www.protect-the-planet.de\\\/en\\\/corporate-climate-action\\\/#primaryimage\"},\"image\":{\"@id\":\"https:\\\/\\\/www.protect-the-planet.de\\\/en\\\/corporate-climate-action\\\/#primaryimage\"},\"thumbnailUrl\":\"https:\\\/\\\/www.protect-the-planet.de\\\/wp-content\\\/uploads\\\/2023\\\/08\\\/beitragsbild-unternehmen-klimaschutz.jpeg\",\"datePublished\":\"2021-04-05T08:16:00+00:00\",\"dateModified\":\"2025-07-14T13:06:04+00:00\",\"breadcrumb\":{\"@id\":\"https:\\\/\\\/www.protect-the-planet.de\\\/en\\\/corporate-climate-action\\\/#breadcrumb\"},\"inLanguage\":\"en-US\",\"potentialAction\":[{\"@type\":\"ReadAction\",\"target\":[\"https:\\\/\\\/www.protect-the-planet.de\\\/en\\\/corporate-climate-action\\\/\"]}]},{\"@type\":\"ImageObject\",\"inLanguage\":\"en-US\",\"@id\":\"https:\\\/\\\/www.protect-the-planet.de\\\/en\\\/corporate-climate-action\\\/#primaryimage\",\"url\":\"https:\\\/\\\/www.protect-the-planet.de\\\/wp-content\\\/uploads\\\/2023\\\/08\\\/beitragsbild-unternehmen-klimaschutz.jpeg\",\"contentUrl\":\"https:\\\/\\\/www.protect-the-planet.de\\\/wp-content\\\/uploads\\\/2023\\\/08\\\/beitragsbild-unternehmen-klimaschutz.jpeg\",\"width\":1280,\"height\":853},{\"@type\":\"BreadcrumbList\",\"@id\":\"https:\\\/\\\/www.protect-the-planet.de\\\/en\\\/corporate-climate-action\\\/#breadcrumb\",\"itemListElement\":[{\"@type\":\"ListItem\",\"position\":1,\"name\":\"Startseite\",\"item\":\"https:\\\/\\\/www.protect-the-planet.de\\\/en\\\/home\\\/\"},{\"@type\":\"ListItem\",\"position\":2,\"name\":\"&#8222;Unternehmen Klimaschutz&#8220; \u2013 Corporate Climate Action\"}]},{\"@type\":\"WebSite\",\"@id\":\"https:\\\/\\\/www.protect-the-planet.de\\\/en\\\/#website\",\"url\":\"https:\\\/\\\/www.protect-the-planet.de\\\/en\\\/\",\"name\":\"Protect the Planet\",\"description\":\"If we don&#039;t change, the climate will.\",\"publisher\":{\"@id\":\"https:\\\/\\\/www.protect-the-planet.de\\\/en\\\/#organization\"},\"alternateName\":\"Protect the Panet gGmbH\",\"potentialAction\":[{\"@type\":\"SearchAction\",\"target\":{\"@type\":\"EntryPoint\",\"urlTemplate\":\"https:\\\/\\\/www.protect-the-planet.de\\\/en\\\/?s={search_term_string}\"},\"query-input\":{\"@type\":\"PropertyValueSpecification\",\"valueRequired\":true,\"valueName\":\"search_term_string\"}}],\"inLanguage\":\"en-US\"},{\"@type\":\"Organization\",\"@id\":\"https:\\\/\\\/www.protect-the-planet.de\\\/en\\\/#organization\",\"name\":\"Protect the Planet\",\"url\":\"https:\\\/\\\/www.protect-the-planet.de\\\/en\\\/\",\"logo\":{\"@type\":\"ImageObject\",\"inLanguage\":\"en-US\",\"@id\":\"https:\\\/\\\/www.protect-the-planet.de\\\/en\\\/#\\\/schema\\\/logo\\\/image\\\/\",\"url\":\"https:\\\/\\\/www.protect-the-planet.de\\\/wp-content\\\/uploads\\\/2023\\\/09\\\/LOGO-positiv_transparent-klein.png\",\"contentUrl\":\"https:\\\/\\\/www.protect-the-planet.de\\\/wp-content\\\/uploads\\\/2023\\\/09\\\/LOGO-positiv_transparent-klein.png\",\"width\":123,\"height\":68,\"caption\":\"Protect the Planet\"},\"image\":{\"@id\":\"https:\\\/\\\/www.protect-the-planet.de\\\/en\\\/#\\\/schema\\\/logo\\\/image\\\/\"},\"sameAs\":[\"https:\\\/\\\/www.facebook.com\\\/protecttheplanetDE\\\/\",\"https:\\\/\\\/x.com\\\/PtP_de\",\"https:\\\/\\\/www.instagram.com\\\/protecttheplanetorg\\\/\",\"https:\\\/\\\/www.linkedin.com\\\/company\\\/protect-the-planet\",\"https:\\\/\\\/www.youtube.com\\\/@protecttheplanet\"]}]}<\/script>\n<!-- \/ Yoast SEO plugin. -->","yoast_head_json":{"title":"\"Unternehmen Klimaschutz\" \u2013 Corporate Climate Action - Protect the Planet","robots":{"index":"index","follow":"follow","max-snippet":"max-snippet:-1","max-image-preview":"max-image-preview:large","max-video-preview":"max-video-preview:-1"},"canonical":"https:\/\/www.protect-the-planet.de\/en\/corporate-climate-action\/","og_locale":"en_US","og_type":"article","og_title":"\"Unternehmen Klimaschutz\" \u2013 Corporate Climate Action - Protect the Planet","og_description":"We initiated the \u201cCorporate Climate Action\u201d project to encourage companies to reduce their carbon emissions and use their influence on politicians and the public to make change happen. Many companies are already taking serious action towards climate justice. Instead of greenwashing or empty promises, they lead the way by good example and promote meaningful action on climate change.","og_url":"https:\/\/www.protect-the-planet.de\/en\/corporate-climate-action\/","og_site_name":"Protect the Planet","article_publisher":"https:\/\/www.facebook.com\/protecttheplanetDE\/","article_modified_time":"2025-07-14T13:06:04+00:00","og_image":[{"width":1280,"height":853,"url":"https:\/\/www.protect-the-planet.de\/wp-content\/uploads\/2023\/08\/beitragsbild-unternehmen-klimaschutz.jpeg","type":"image\/jpeg"}],"twitter_card":"summary_large_image","twitter_site":"@PtP_de","twitter_misc":{"Est. reading time":"11 minutes"},"schema":{"@context":"https:\/\/schema.org","@graph":[{"@type":"WebPage","@id":"https:\/\/www.protect-the-planet.de\/en\/corporate-climate-action\/","url":"https:\/\/www.protect-the-planet.de\/en\/corporate-climate-action\/","name":"\"Unternehmen Klimaschutz\" \u2013 Corporate Climate Action - Protect the Planet","isPartOf":{"@id":"https:\/\/www.protect-the-planet.de\/en\/#website"},"primaryImageOfPage":{"@id":"https:\/\/www.protect-the-planet.de\/en\/corporate-climate-action\/#primaryimage"},"image":{"@id":"https:\/\/www.protect-the-planet.de\/en\/corporate-climate-action\/#primaryimage"},"thumbnailUrl":"https:\/\/www.protect-the-planet.de\/wp-content\/uploads\/2023\/08\/beitragsbild-unternehmen-klimaschutz.jpeg","datePublished":"2021-04-05T08:16:00+00:00","dateModified":"2025-07-14T13:06:04+00:00","breadcrumb":{"@id":"https:\/\/www.protect-the-planet.de\/en\/corporate-climate-action\/#breadcrumb"},"inLanguage":"en-US","potentialAction":[{"@type":"ReadAction","target":["https:\/\/www.protect-the-planet.de\/en\/corporate-climate-action\/"]}]},{"@type":"ImageObject","inLanguage":"en-US","@id":"https:\/\/www.protect-the-planet.de\/en\/corporate-climate-action\/#primaryimage","url":"https:\/\/www.protect-the-planet.de\/wp-content\/uploads\/2023\/08\/beitragsbild-unternehmen-klimaschutz.jpeg","contentUrl":"https:\/\/www.protect-the-planet.de\/wp-content\/uploads\/2023\/08\/beitragsbild-unternehmen-klimaschutz.jpeg","width":1280,"height":853},{"@type":"BreadcrumbList","@id":"https:\/\/www.protect-the-planet.de\/en\/corporate-climate-action\/#breadcrumb","itemListElement":[{"@type":"ListItem","position":1,"name":"Startseite","item":"https:\/\/www.protect-the-planet.de\/en\/home\/"},{"@type":"ListItem","position":2,"name":"&#8222;Unternehmen Klimaschutz&#8220; \u2013 Corporate Climate Action"}]},{"@type":"WebSite","@id":"https:\/\/www.protect-the-planet.de\/en\/#website","url":"https:\/\/www.protect-the-planet.de\/en\/","name":"Protect the Planet","description":"If we don&#039;t change, the climate will.","publisher":{"@id":"https:\/\/www.protect-the-planet.de\/en\/#organization"},"alternateName":"Protect the Panet gGmbH","potentialAction":[{"@type":"SearchAction","target":{"@type":"EntryPoint","urlTemplate":"https:\/\/www.protect-the-planet.de\/en\/?s={search_term_string}"},"query-input":{"@type":"PropertyValueSpecification","valueRequired":true,"valueName":"search_term_string"}}],"inLanguage":"en-US"},{"@type":"Organization","@id":"https:\/\/www.protect-the-planet.de\/en\/#organization","name":"Protect the Planet","url":"https:\/\/www.protect-the-planet.de\/en\/","logo":{"@type":"ImageObject","inLanguage":"en-US","@id":"https:\/\/www.protect-the-planet.de\/en\/#\/schema\/logo\/image\/","url":"https:\/\/www.protect-the-planet.de\/wp-content\/uploads\/2023\/09\/LOGO-positiv_transparent-klein.png","contentUrl":"https:\/\/www.protect-the-planet.de\/wp-content\/uploads\/2023\/09\/LOGO-positiv_transparent-klein.png","width":123,"height":68,"caption":"Protect the Planet"},"image":{"@id":"https:\/\/www.protect-the-planet.de\/en\/#\/schema\/logo\/image\/"},"sameAs":["https:\/\/www.facebook.com\/protecttheplanetDE\/","https:\/\/x.com\/PtP_de","https:\/\/www.instagram.com\/protecttheplanetorg\/","https:\/\/www.linkedin.com\/company\/protect-the-planet","https:\/\/www.youtube.com\/@protecttheplanet"]}]}},"_links":{"self":[{"href":"https:\/\/www.protect-the-planet.de\/en\/wp-json\/wp\/v2\/pages\/22264","targetHints":{"allow":["GET"]}}],"collection":[{"href":"https:\/\/www.protect-the-planet.de\/en\/wp-json\/wp\/v2\/pages"}],"about":[{"href":"https:\/\/www.protect-the-planet.de\/en\/wp-json\/wp\/v2\/types\/page"}],"author":[{"embeddable":true,"href":"https:\/\/www.protect-the-planet.de\/en\/wp-json\/wp\/v2\/users\/2"}],"replies":[{"embeddable":true,"href":"https:\/\/www.protect-the-planet.de\/en\/wp-json\/wp\/v2\/comments?post=22264"}],"version-history":[{"count":3,"href":"https:\/\/www.protect-the-planet.de\/en\/wp-json\/wp\/v2\/pages\/22264\/revisions"}],"predecessor-version":[{"id":31639,"href":"https:\/\/www.protect-the-planet.de\/en\/wp-json\/wp\/v2\/pages\/22264\/revisions\/31639"}],"wp:featuredmedia":[{"embeddable":true,"href":"https:\/\/www.protect-the-planet.de\/en\/wp-json\/wp\/v2\/media\/21832"}],"wp:attachment":[{"href":"https:\/\/www.protect-the-planet.de\/en\/wp-json\/wp\/v2\/media?parent=22264"}],"curies":[{"name":"wp","href":"https:\/\/api.w.org\/{rel}","templated":true}]}}