{"id":22178,"date":"2023-05-02T17:00:06","date_gmt":"2023-05-02T15:00:06","guid":{"rendered":"https:\/\/www.protect-the-planet.de\/home\/"},"modified":"2026-05-28T13:10:41","modified_gmt":"2026-05-28T11:10:41","slug":"home","status":"publish","type":"page","link":"https:\/\/www.protect-the-planet.de\/en\/","title":{"rendered":"Home"},"content":{"rendered":"\t\t<div data-elementor-type=\"wp-post\" data-elementor-id=\"22178\" class=\"elementor elementor-22178 elementor-11\" data-elementor-post-type=\"page\">\n\t\t\t\t<div class=\"elementor-element elementor-element-95d2f67 e-flex e-con-boxed e-con e-parent\" data-id=\"95d2f67\" data-element_type=\"container\" data-e-type=\"container\">\n\t\t\t\t\t<div class=\"e-con-inner\">\n\t\t<div class=\"elementor-element elementor-element-835c2d0 e-con-full e-flex e-con e-child\" data-id=\"835c2d0\" data-element_type=\"container\" data-e-type=\"container\">\n\t\t\t\t<div class=\"elementor-element elementor-element-ce104db slider-bg elementor-arrows-position-inside elementor-pagination-position-inside elementor-widget elementor-widget-slides\" data-id=\"ce104db\" data-element_type=\"widget\" data-e-type=\"widget\" data-settings=\"{&quot;autoplay_speed&quot;:6000,&quot;navigation&quot;:&quot;both&quot;,&quot;autoplay&quot;:&quot;yes&quot;,&quot;pause_on_hover&quot;:&quot;yes&quot;,&quot;pause_on_interaction&quot;:&quot;yes&quot;,&quot;infinite&quot;:&quot;yes&quot;,&quot;transition&quot;:&quot;slide&quot;,&quot;transition_speed&quot;:500}\" data-widget_type=\"slides.default\">\n\t\t\t\t<div class=\"elementor-widget-container\">\n\t\t\t\t\t\t\t\t\t<div class=\"elementor-swiper\">\n\t\t\t\t\t<div class=\"elementor-slides-wrapper elementor-main-swiper swiper\" role=\"region\" aria-roledescription=\"carousel\" aria-label=\"Slider\" dir=\"ltr\" data-animation=\"\">\n\t\t\t\t<div class=\"swiper-wrapper elementor-slides\">\n\t\t\t\t\t\t\t\t\t\t<div class=\"elementor-repeater-item-3227f8c swiper-slide\" role=\"group\" aria-roledescription=\"slide\"><div class=\"swiper-slide-bg\" role=\"img\" aria-label=\"Auf dem Bild sind demonstrierende zu sehen.\"><\/div><a class=\"swiper-slide-inner\" href=\"https:\/\/www.protect-the-planet.de\/en\/hitze-und-obdachlosigkeit-in-muenchen-2\/\"><div class=\"swiper-slide-contents\"><\/div><\/a><\/div><div class=\"elementor-repeater-item-b552018 swiper-slide\" role=\"group\" aria-roledescription=\"slide\"><div class=\"swiper-slide-bg\" role=\"img\" aria-label=\"BaumEntscheid Header\"><\/div><a class=\"swiper-slide-inner\" href=\"https:\/\/www.baumentscheid-muenchen.de\"><div class=\"swiper-slide-contents\"><div class=\"elementor-slide-heading\">BaumEntscheid <\/div><div class=\"elementor-slide-description\"><p>Help us collect signatures to plant more trees in Munich!<\/p>\n<\/div><\/div><\/a><\/div><div class=\"elementor-repeater-item-af07df8 swiper-slide\" role=\"group\" aria-roledescription=\"slide\"><div class=\"swiper-slide-bg\" role=\"img\" aria-label=\"WindKanal\"><\/div><a class=\"swiper-slide-inner\" href=\"https:\/\/www.protect-the-planet.de\/en\/daher-weht-der-wind-neues-format-fuer-fakten-ueber-windenergie\/\"><div class=\"swiper-slide-contents\"><\/div><\/a><\/div><div class=\"elementor-repeater-item-2d1e056 swiper-slide\" role=\"group\" aria-roledescription=\"slide\"><div class=\"swiper-slide-bg\" role=\"img\" aria-label=\"Auf dem bild sind Gasleitungen zu sehen\"><\/div><a class=\"swiper-slide-inner\" href=\"https:\/\/www.protect-the-planet.de\/en\/fraunhofer-studie-zeigt-sparpotential-von-beschleunigter-planung-beim-gasnetzausstieg\/\"><div class=\"swiper-slide-contents\"><\/div><\/a><\/div><div class=\"elementor-repeater-item-5b91bd7 swiper-slide\" role=\"group\" aria-roledescription=\"slide\"><div class=\"swiper-slide-bg\" role=\"img\" aria-label=\"header_igh-gutachten_26082025\"><\/div><a class=\"swiper-slide-inner\" href=\"https:\/\/www.protect-the-planet.de\/en\/rechtsexperte-klagewelle-droht-deutschland-muss-schon-jetzt-klimaneutral-sein\/\"><div class=\"swiper-slide-contents\"><\/div><\/a><\/div><div class=\"elementor-repeater-item-ea8fbff swiper-slide\" role=\"group\" aria-roledescription=\"slide\"><div class=\"swiper-slide-bg\" role=\"img\" aria-label=\"header_veranstaltungen-roda-2024\"><\/div><a class=\"swiper-slide-inner\" href=\"https:\/\/www.protect-the-planet.de\/en\/events\/\"><div class=\"swiper-slide-contents\"><div class=\"elementor-slide-heading\">Events for the Planet<\/div><div class=\"elementor-slide-description\"><p>Learning about the climate crisis - and what we can do about it. Register for our free events! <\/p>\n<\/div><\/div><\/a><\/div><div class=\"elementor-repeater-item-e1da976 swiper-slide\" role=\"group\" aria-roledescription=\"slide\"><div class=\"swiper-slide-bg\" role=\"img\" aria-label=\"Header_klimaklage-profume-sulfurylfluorid\"><\/div><a class=\"swiper-slide-inner\" href=\"https:\/\/www.protect-the-planet.de\/en\/tausendfach-klimaschaedlicher-als-co2-umweltorganisationen-klagen-gegen-sulfurylfluorid-haltiges-pestizid-profume\/\"><div class=\"swiper-slide-contents\"><div class=\"elementor-slide-heading\">Climate lawsuit against pesticide \u201cProFume\u201d<\/div><div class=\"elementor-slide-description\"><p>Pesticide containing sulfuryl fluoride is thousands of times more harmful to the climate than CO\u2082<\/p>\n<\/div><\/div><\/a><\/div><div class=\"elementor-repeater-item-dfd5aa2 swiper-slide\" role=\"group\" aria-roledescription=\"slide\"><div class=\"swiper-slide-bg\" role=\"img\" aria-label=\"header_bund-biodiv-klage2024\"><\/div><a class=\"swiper-slide-inner\" href=\"https:\/\/www.protect-the-planet.de\/en\/bund-erhebt-verfassungsklage-auf-bessere-biodiversitaets-gesetzgebung\/\"><div class=\"swiper-slide-contents\"><div class=\"elementor-slide-heading\">#Naturschutzklage<\/div><div class=\"elementor-slide-description\"><p>Protect the Planet supports BUND in the world's first constitutional lawsuit for better nature conservation legislation<\/p>\n<\/div><\/div><\/a><\/div>\t\t\t\t<\/div>\n\t\t\t\t\t\t\t\t\t\t\t\t\t\t\t<div class=\"elementor-swiper-button elementor-swiper-button-prev\" role=\"button\" tabindex=\"0\" aria-label=\"Previous slide\">\n\t\t\t\t\t\t\t<i aria-hidden=\"true\" class=\"eicon-chevron-left\"><\/i>\t\t\t\t\t\t<\/div>\n\t\t\t\t\t\t<div class=\"elementor-swiper-button elementor-swiper-button-next\" role=\"button\" tabindex=\"0\" aria-label=\"Next slide\">\n\t\t\t\t\t\t\t<i aria-hidden=\"true\" class=\"eicon-chevron-right\"><\/i>\t\t\t\t\t\t<\/div>\n\t\t\t\t\t\t\t\t\t\t\t\t\t\t\t\t<div class=\"swiper-pagination\"><\/div>\n\t\t\t\t\t\t\t\t\t\t\t\t<\/div>\n\t\t\t\t<\/div>\n\t\t\t\t\t\t\t\t<\/div>\n\t\t\t\t<\/div>\n\t\t\t\t<\/div>\n\t\t\t\t\t<\/div>\n\t\t\t\t<\/div>\n\t\t<div class=\"elementor-element elementor-element-8fd7bc0 e-flex e-con-boxed e-con e-parent\" data-id=\"8fd7bc0\" data-element_type=\"container\" data-e-type=\"container\">\n\t\t\t\t\t<div class=\"e-con-inner\">\n\t\t\t\t<div class=\"elementor-element elementor-element-435d030 elementor-widget elementor-widget-heading\" data-id=\"435d030\" data-element_type=\"widget\" data-e-type=\"widget\" data-widget_type=\"heading.default\">\n\t\t\t\t<div class=\"elementor-widget-container\">\n\t\t\t\t\t<h2 class=\"elementor-heading-title elementor-size-default\">News from the Planet<\/h2>\t\t\t\t<\/div>\n\t\t\t\t<\/div>\n\t\t\t\t<div class=\"elementor-element elementor-element-1eea2ba elementor-arrows-position-outside elementor-widget elementor-widget-loop-carousel\" data-id=\"1eea2ba\" data-element_type=\"widget\" data-e-type=\"widget\" data-settings=\"{&quot;template_id&quot;:15063,&quot;slides_to_scroll_mobile&quot;:&quot;1&quot;,&quot;slides_to_scroll&quot;:&quot;3&quot;,&quot;image_spacing_custom&quot;:{&quot;unit&quot;:&quot;px&quot;,&quot;size&quot;:64,&quot;sizes&quot;:[]},&quot;_skin&quot;:&quot;post&quot;,&quot;slides_to_show&quot;:&quot;3&quot;,&quot;slides_to_show_tablet&quot;:&quot;2&quot;,&quot;slides_to_show_mobile&quot;:&quot;1&quot;,&quot;edit_handle_selector&quot;:&quot;.elementor-loop-container&quot;,&quot;infinite&quot;:&quot;yes&quot;,&quot;speed&quot;:500,&quot;offset_sides&quot;:&quot;none&quot;,&quot;arrows&quot;:&quot;yes&quot;,&quot;image_spacing_custom_tablet&quot;:{&quot;unit&quot;:&quot;px&quot;,&quot;size&quot;:&quot;&quot;,&quot;sizes&quot;:[]},&quot;image_spacing_custom_mobile&quot;:{&quot;unit&quot;:&quot;px&quot;,&quot;size&quot;:&quot;&quot;,&quot;sizes&quot;:[]}}\" data-widget_type=\"loop-carousel.post\">\n\t\t\t\t<div class=\"elementor-widget-container\">\n\t\t\t\t\t\t\t<div class=\"swiper elementor-loop-container elementor-grid\" role=\"list\" dir=\"ltr\">\n\t\t\t\t<div class=\"swiper-wrapper\" aria-live=\"polite\">\n\t\t<style id=\"loop-15063\">.elementor-15063 .elementor-element.elementor-element-2268704{--display:flex;}.elementor-15063 .elementor-element.elementor-element-b9a646c > .elementor-widget-container{margin:0px 0px 13px 0px;}.elementor-15063 .elementor-element.elementor-element-ea6a12a .elementor-icon-list-icon{width:14px;}.elementor-15063 .elementor-element.elementor-element-ea6a12a .elementor-icon-list-icon i{font-size:14px;}.elementor-15063 .elementor-element.elementor-element-ea6a12a .elementor-icon-list-icon svg{--e-icon-list-icon-size:14px;}.elementor-15063 .elementor-element.elementor-element-fbb1189 .elementor-heading-title{font-size:16px;font-weight:bold;line-height:24px;-webkit-text-stroke-color:#000;stroke:#000;}.elementor-15063 .elementor-element.elementor-element-ae12212 .elementor-icon-list-icon{width:0px;}.elementor-15063 .elementor-element.elementor-element-ae12212 .elementor-icon-list-icon i{font-size:0px;}.elementor-15063 .elementor-element.elementor-element-ae12212 .elementor-icon-list-icon svg{--e-icon-list-icon-size:0px;}.elementor-15063 .elementor-element.elementor-element-ae12212 > .elementor-widget-container{margin:0px 0px 0px 0px;}@media(min-width:768px){.elementor-15063 .elementor-element.elementor-element-2268704{--content-width:1024px;}}<\/style>\t\t<div data-elementor-type=\"loop-item\" data-elementor-id=\"15063\" class=\"elementor elementor-15063 swiper-slide e-loop-item e-loop-item-35817 post-35817 post type-post status-publish format-standard has-post-thumbnail hentry category-news tag-demokratie-en tag-kampagne-en tag-politik-en tag-sachsen-anhalt\" data-elementor-post-type=\"elementor_library\" role=\"group\" aria-roledescription=\"slide\" data-custom-edit-handle=\"1\">\n\t\t\t<div class=\"elementor-element elementor-element-2268704 e-flex e-con-boxed e-con e-parent\" data-id=\"2268704\" data-element_type=\"container\" data-e-type=\"container\">\n\t\t\t\t\t<div class=\"e-con-inner\">\n\t\t\t\t<div class=\"elementor-element elementor-element-b9a646c elementor-widget elementor-widget-theme-post-featured-image elementor-widget-image\" data-id=\"b9a646c\" data-element_type=\"widget\" data-e-type=\"widget\" data-widget_type=\"theme-post-featured-image.default\">\n\t\t\t\t<div class=\"elementor-widget-container\">\n\t\t\t\t\t\t\t\t\t\t\t\t\t\t\t\t<a href=\"https:\/\/www.protect-the-planet.de\/en\/wir-haben-die-wahl-protect-the-planet-unterstuetzt-sachsen-anhalt-weltoffen\/\">\n\t\t\t\t\t\t\t<img fetchpriority=\"high\" decoding=\"async\" width=\"900\" height=\"550\" src=\"https:\/\/www.protect-the-planet.de\/wp-content\/uploads\/2026\/08\/2026_08_27-Weltoffen.png\" class=\"attachment-full size-full wp-image-35818\" alt=\"\" srcset=\"https:\/\/www.protect-the-planet.de\/wp-content\/uploads\/2026\/08\/2026_08_27-Weltoffen.png 900w, https:\/\/www.protect-the-planet.de\/wp-content\/uploads\/2026\/08\/2026_08_27-Weltoffen-300x183.png 300w, https:\/\/www.protect-the-planet.de\/wp-content\/uploads\/2026\/08\/2026_08_27-Weltoffen-768x469.png 768w\" sizes=\"(max-width: 900px) 100vw, 900px\" \/>\t\t\t\t\t\t\t\t<\/a>\n\t\t\t\t\t\t\t\t\t\t\t\t\t\t\t<\/div>\n\t\t\t\t<\/div>\n\t\t\t\t<div class=\"elementor-element elementor-element-ea6a12a elementor-widget elementor-widget-post-info\" data-id=\"ea6a12a\" data-element_type=\"widget\" data-e-type=\"widget\" data-widget_type=\"post-info.default\">\n\t\t\t\t<div class=\"elementor-widget-container\">\n\t\t\t\t\t\t\t<ul class=\"elementor-inline-items elementor-icon-list-items elementor-post-info\">\n\t\t\t\t\t\t\t\t<li class=\"elementor-icon-list-item elementor-repeater-item-9f942b6 elementor-inline-item\" itemprop=\"datePublished\">\n\t\t\t\t\t\t<a href=\"https:\/\/www.protect-the-planet.de\/en\/2026\/08\/27\/\">\n\t\t\t\t\t\t\t\t\t\t\t\t\t\t<span class=\"elementor-icon-list-text elementor-post-info__item elementor-post-info__item--type-date\">\n\t\t\t\t\t\t\t\t\t\t<time>27.08.2026<\/time>\t\t\t\t\t<\/span>\n\t\t\t\t\t\t\t\t\t<\/a>\n\t\t\t\t<\/li>\n\t\t\t\t<\/ul>\n\t\t\t\t\t\t<\/div>\n\t\t\t\t<\/div>\n\t\t\t\t<div class=\"elementor-element elementor-element-fbb1189 elementor-widget elementor-widget-theme-post-title elementor-page-title elementor-widget-heading\" data-id=\"fbb1189\" data-element_type=\"widget\" data-e-type=\"widget\" data-widget_type=\"theme-post-title.default\">\n\t\t\t\t<div class=\"elementor-widget-container\">\n\t\t\t\t\t<h3 class=\"elementor-heading-title elementor-size-default\"><a href=\"https:\/\/www.protect-the-planet.de\/en\/wir-haben-die-wahl-protect-the-planet-unterstuetzt-sachsen-anhalt-weltoffen\/\">Wir haben die Wahl: Protect the Planet unterst\u00fctzt Sachsen-Anhalt.Weltoffen!<\/a><\/h3>\t\t\t\t<\/div>\n\t\t\t\t<\/div>\n\t\t\t\t<div class=\"elementor-element elementor-element-95496bd elementor-widget elementor-widget-theme-post-excerpt\" data-id=\"95496bd\" data-element_type=\"widget\" data-e-type=\"widget\" data-widget_type=\"theme-post-excerpt.default\">\n\t\t\t\t<div class=\"elementor-widget-container\">\n\t\t\t\t\tLandtagswahl in Sachsen-Anhalt 2026: Protect the Planet unterst\u00fctzt die Kampagne Sachsen-Anhalt.Weltoffen! f\u00fcr Demokratie, Menschenw\u00fcrde und Vielfalt.\t\t\t\t<\/div>\n\t\t\t\t<\/div>\n\t\t\t\t<div class=\"elementor-element elementor-element-ae12212 elementor-widget elementor-widget-post-info\" data-id=\"ae12212\" data-element_type=\"widget\" data-e-type=\"widget\" data-widget_type=\"post-info.default\">\n\t\t\t\t<div class=\"elementor-widget-container\">\n\t\t\t\t\t\t\t<ul class=\"elementor-icon-list-items elementor-post-info\">\n\t\t\t\t\t\t\t\t<li class=\"elementor-icon-list-item elementor-repeater-item-1ee7b4b\">\n\t\t\t\t\t\t<a href=\"https:\/\/www.protect-the-planet.de\/en\/wir-haben-die-wahl-protect-the-planet-unterstuetzt-sachsen-anhalt-weltoffen\/\">\n\t\t\t\t\t\t\t\t\t\t\t<span class=\"elementor-icon-list-icon\">\n\t\t\t\t\t\t\t\t<i aria-hidden=\"true\" class=\"far fa-tags\"><\/i>\t\t\t\t\t\t\t<\/span>\n\t\t\t\t\t\t\t\t\t<span class=\"elementor-icon-list-text elementor-post-info__item elementor-post-info__item--type-custom\">\n\t\t\t\t\t\t\t\t\t\t... mehr\t\t\t\t\t<\/span>\n\t\t\t\t\t\t\t\t\t<\/a>\n\t\t\t\t<\/li>\n\t\t\t\t<\/ul>\n\t\t\t\t\t\t<\/div>\n\t\t\t\t<\/div>\n\t\t\t\t\t<\/div>\n\t\t\t\t<\/div>\n\t\t\t\t<\/div>\n\t\t\t\t<div data-elementor-type=\"loop-item\" data-elementor-id=\"15063\" class=\"elementor elementor-15063 swiper-slide e-loop-item e-loop-item-35749 post-35749 post type-post status-publish format-standard has-post-thumbnail hentry category-news tag-muenchen-en tag-stellenausschreibung tag-werkstudent\" data-elementor-post-type=\"elementor_library\" role=\"group\" aria-roledescription=\"slide\" data-custom-edit-handle=\"1\">\n\t\t\t<div class=\"elementor-element elementor-element-2268704 e-flex e-con-boxed e-con e-parent\" data-id=\"2268704\" data-element_type=\"container\" data-e-type=\"container\">\n\t\t\t\t\t<div class=\"e-con-inner\">\n\t\t\t\t<div class=\"elementor-element elementor-element-b9a646c elementor-widget elementor-widget-theme-post-featured-image elementor-widget-image\" data-id=\"b9a646c\" data-element_type=\"widget\" data-e-type=\"widget\" data-widget_type=\"theme-post-featured-image.default\">\n\t\t\t\t<div class=\"elementor-widget-container\">\n\t\t\t\t\t\t\t\t\t\t\t\t\t\t\t\t<a href=\"https:\/\/www.protect-the-planet.de\/en\/werkstudentin-gesucht-m-w-d-fuer-events-und-content-management-muenchen-starnberg\/\">\n\t\t\t\t\t\t\t<img decoding=\"async\" width=\"900\" height=\"550\" src=\"https:\/\/www.protect-the-planet.de\/wp-content\/uploads\/2026\/08\/2026_08_29-Werkstudentin-gesucht.png\" class=\"attachment-full size-full wp-image-35791\" alt=\"\" srcset=\"https:\/\/www.protect-the-planet.de\/wp-content\/uploads\/2026\/08\/2026_08_29-Werkstudentin-gesucht.png 900w, https:\/\/www.protect-the-planet.de\/wp-content\/uploads\/2026\/08\/2026_08_29-Werkstudentin-gesucht-300x183.png 300w, https:\/\/www.protect-the-planet.de\/wp-content\/uploads\/2026\/08\/2026_08_29-Werkstudentin-gesucht-768x469.png 768w\" sizes=\"(max-width: 900px) 100vw, 900px\" \/>\t\t\t\t\t\t\t\t<\/a>\n\t\t\t\t\t\t\t\t\t\t\t\t\t\t\t<\/div>\n\t\t\t\t<\/div>\n\t\t\t\t<div class=\"elementor-element elementor-element-ea6a12a elementor-widget elementor-widget-post-info\" data-id=\"ea6a12a\" data-element_type=\"widget\" data-e-type=\"widget\" data-widget_type=\"post-info.default\">\n\t\t\t\t<div class=\"elementor-widget-container\">\n\t\t\t\t\t\t\t<ul class=\"elementor-inline-items elementor-icon-list-items elementor-post-info\">\n\t\t\t\t\t\t\t\t<li class=\"elementor-icon-list-item elementor-repeater-item-9f942b6 elementor-inline-item\" itemprop=\"datePublished\">\n\t\t\t\t\t\t<a href=\"https:\/\/www.protect-the-planet.de\/en\/2026\/08\/24\/\">\n\t\t\t\t\t\t\t\t\t\t\t\t\t\t<span class=\"elementor-icon-list-text elementor-post-info__item elementor-post-info__item--type-date\">\n\t\t\t\t\t\t\t\t\t\t<time>24.08.2026<\/time>\t\t\t\t\t<\/span>\n\t\t\t\t\t\t\t\t\t<\/a>\n\t\t\t\t<\/li>\n\t\t\t\t<\/ul>\n\t\t\t\t\t\t<\/div>\n\t\t\t\t<\/div>\n\t\t\t\t<div class=\"elementor-element elementor-element-fbb1189 elementor-widget elementor-widget-theme-post-title elementor-page-title elementor-widget-heading\" data-id=\"fbb1189\" data-element_type=\"widget\" data-e-type=\"widget\" data-widget_type=\"theme-post-title.default\">\n\t\t\t\t<div class=\"elementor-widget-container\">\n\t\t\t\t\t<h3 class=\"elementor-heading-title elementor-size-default\"><a href=\"https:\/\/www.protect-the-planet.de\/en\/werkstudentin-gesucht-m-w-d-fuer-events-und-content-management-muenchen-starnberg\/\">Werkstudent*in gesucht (m\/w\/d) f\u00fcr Events und Content-Management (M\u00fcnchen\/Starnberg)<\/a><\/h3>\t\t\t\t<\/div>\n\t\t\t\t<\/div>\n\t\t\t\t<div class=\"elementor-element elementor-element-95496bd elementor-widget elementor-widget-theme-post-excerpt\" data-id=\"95496bd\" data-element_type=\"widget\" data-e-type=\"widget\" data-widget_type=\"theme-post-excerpt.default\">\n\t\t\t\t<div class=\"elementor-widget-container\">\n\t\t\t\t\tProtect the Planet ist auf der Suche nach eine*r Werkstudent*in im Bereich Presse- und \u00d6ffentlichkeitsarbeit ab dem 01.10.2026\t\t\t\t<\/div>\n\t\t\t\t<\/div>\n\t\t\t\t<div class=\"elementor-element elementor-element-ae12212 elementor-widget elementor-widget-post-info\" data-id=\"ae12212\" data-element_type=\"widget\" data-e-type=\"widget\" data-widget_type=\"post-info.default\">\n\t\t\t\t<div class=\"elementor-widget-container\">\n\t\t\t\t\t\t\t<ul class=\"elementor-icon-list-items elementor-post-info\">\n\t\t\t\t\t\t\t\t<li class=\"elementor-icon-list-item elementor-repeater-item-1ee7b4b\">\n\t\t\t\t\t\t<a href=\"https:\/\/www.protect-the-planet.de\/en\/werkstudentin-gesucht-m-w-d-fuer-events-und-content-management-muenchen-starnberg\/\">\n\t\t\t\t\t\t\t\t\t\t\t<span class=\"elementor-icon-list-icon\">\n\t\t\t\t\t\t\t\t<i aria-hidden=\"true\" class=\"far fa-tags\"><\/i>\t\t\t\t\t\t\t<\/span>\n\t\t\t\t\t\t\t\t\t<span class=\"elementor-icon-list-text elementor-post-info__item elementor-post-info__item--type-custom\">\n\t\t\t\t\t\t\t\t\t\t... mehr\t\t\t\t\t<\/span>\n\t\t\t\t\t\t\t\t\t<\/a>\n\t\t\t\t<\/li>\n\t\t\t\t<\/ul>\n\t\t\t\t\t\t<\/div>\n\t\t\t\t<\/div>\n\t\t\t\t\t<\/div>\n\t\t\t\t<\/div>\n\t\t\t\t<\/div>\n\t\t\t\t<div data-elementor-type=\"loop-item\" data-elementor-id=\"15063\" class=\"elementor elementor-15063 swiper-slide e-loop-item e-loop-item-35709 post-35709 post type-post status-publish format-standard has-post-thumbnail hentry category-news tag-hitzewelle tag-klimaallianz-deutschland tag-klimakrise-en tag-waldbraende\" data-elementor-post-type=\"elementor_library\" role=\"group\" aria-roledescription=\"slide\" data-custom-edit-handle=\"1\">\n\t\t\t<div class=\"elementor-element elementor-element-2268704 e-flex e-con-boxed e-con e-parent\" data-id=\"2268704\" data-element_type=\"container\" data-e-type=\"container\">\n\t\t\t\t\t<div class=\"e-con-inner\">\n\t\t\t\t<div class=\"elementor-element elementor-element-b9a646c elementor-widget elementor-widget-theme-post-featured-image elementor-widget-image\" data-id=\"b9a646c\" data-element_type=\"widget\" data-e-type=\"widget\" data-widget_type=\"theme-post-featured-image.default\">\n\t\t\t\t<div class=\"elementor-widget-container\">\n\t\t\t\t\t\t\t\t\t\t\t\t\t\t\t\t<a href=\"https:\/\/www.protect-the-planet.de\/en\/hitzegipfel-jetzt-hitzeschutz-und-klimaanpassung\/\">\n\t\t\t\t\t\t\t<img decoding=\"async\" width=\"900\" height=\"550\" src=\"https:\/\/www.protect-the-planet.de\/wp-content\/uploads\/2026\/08\/2026_08_06-Hitzegipfel-jetzt-2.jpg\" class=\"attachment-full size-full wp-image-35711\" alt=\"Beitragsbild mit dem Text &quot;Verb\u00e4nde fordern in 5-Punkte-Plan: Hitzegipfel jetzt!&quot;.\" srcset=\"https:\/\/www.protect-the-planet.de\/wp-content\/uploads\/2026\/08\/2026_08_06-Hitzegipfel-jetzt-2.jpg 900w, https:\/\/www.protect-the-planet.de\/wp-content\/uploads\/2026\/08\/2026_08_06-Hitzegipfel-jetzt-2-300x183.jpg 300w, https:\/\/www.protect-the-planet.de\/wp-content\/uploads\/2026\/08\/2026_08_06-Hitzegipfel-jetzt-2-768x469.jpg 768w\" sizes=\"(max-width: 900px) 100vw, 900px\" \/>\t\t\t\t\t\t\t\t<\/a>\n\t\t\t\t\t\t\t\t\t\t\t\t\t\t\t<\/div>\n\t\t\t\t<\/div>\n\t\t\t\t<div class=\"elementor-element elementor-element-ea6a12a elementor-widget elementor-widget-post-info\" data-id=\"ea6a12a\" data-element_type=\"widget\" data-e-type=\"widget\" data-widget_type=\"post-info.default\">\n\t\t\t\t<div class=\"elementor-widget-container\">\n\t\t\t\t\t\t\t<ul class=\"elementor-inline-items elementor-icon-list-items elementor-post-info\">\n\t\t\t\t\t\t\t\t<li class=\"elementor-icon-list-item elementor-repeater-item-9f942b6 elementor-inline-item\" itemprop=\"datePublished\">\n\t\t\t\t\t\t<a href=\"https:\/\/www.protect-the-planet.de\/en\/2026\/08\/06\/\">\n\t\t\t\t\t\t\t\t\t\t\t\t\t\t<span class=\"elementor-icon-list-text elementor-post-info__item elementor-post-info__item--type-date\">\n\t\t\t\t\t\t\t\t\t\t<time>06.08.2026<\/time>\t\t\t\t\t<\/span>\n\t\t\t\t\t\t\t\t\t<\/a>\n\t\t\t\t<\/li>\n\t\t\t\t<\/ul>\n\t\t\t\t\t\t<\/div>\n\t\t\t\t<\/div>\n\t\t\t\t<div class=\"elementor-element elementor-element-fbb1189 elementor-widget elementor-widget-theme-post-title elementor-page-title elementor-widget-heading\" data-id=\"fbb1189\" data-element_type=\"widget\" data-e-type=\"widget\" data-widget_type=\"theme-post-title.default\">\n\t\t\t\t<div class=\"elementor-widget-container\">\n\t\t\t\t\t<h3 class=\"elementor-heading-title elementor-size-default\"><a href=\"https:\/\/www.protect-the-planet.de\/en\/hitzegipfel-jetzt-hitzeschutz-und-klimaanpassung\/\">\u201eHitzegipfel jetzt!\u201c: Breites B\u00fcndnis fordert Regierung in einem 5-Punkte-Plan zum Handeln auf<\/a><\/h3>\t\t\t\t<\/div>\n\t\t\t\t<\/div>\n\t\t\t\t<div class=\"elementor-element elementor-element-95496bd elementor-widget elementor-widget-theme-post-excerpt\" data-id=\"95496bd\" data-element_type=\"widget\" data-e-type=\"widget\" data-widget_type=\"theme-post-excerpt.default\">\n\t\t\t\t<div class=\"elementor-widget-container\">\n\t\t\t\t\tExtreme Hitze ist l\u00e4ngst Realit\u00e4t \u2013 mit gravierenden Folgen f\u00fcr Gesundheit, Natur und Infrastruktur. Gemeinsam mit einem breiten B\u00fcndnis fordert Protect the Planet die Bundesregierung auf, einen Hitze- und Feuerschutzgipfel einzuberufen und mit einem 5-Punkte-Plan den Schutz der Menschen vor den Folgen der Klimakrise entschlossen voranzubringen.\t\t\t\t<\/div>\n\t\t\t\t<\/div>\n\t\t\t\t<div class=\"elementor-element elementor-element-ae12212 elementor-widget elementor-widget-post-info\" data-id=\"ae12212\" data-element_type=\"widget\" data-e-type=\"widget\" data-widget_type=\"post-info.default\">\n\t\t\t\t<div class=\"elementor-widget-container\">\n\t\t\t\t\t\t\t<ul class=\"elementor-icon-list-items elementor-post-info\">\n\t\t\t\t\t\t\t\t<li class=\"elementor-icon-list-item elementor-repeater-item-1ee7b4b\">\n\t\t\t\t\t\t<a href=\"https:\/\/www.protect-the-planet.de\/en\/hitzegipfel-jetzt-hitzeschutz-und-klimaanpassung\/\">\n\t\t\t\t\t\t\t\t\t\t\t<span class=\"elementor-icon-list-icon\">\n\t\t\t\t\t\t\t\t<i aria-hidden=\"true\" class=\"far fa-tags\"><\/i>\t\t\t\t\t\t\t<\/span>\n\t\t\t\t\t\t\t\t\t<span class=\"elementor-icon-list-text elementor-post-info__item elementor-post-info__item--type-custom\">\n\t\t\t\t\t\t\t\t\t\t... mehr\t\t\t\t\t<\/span>\n\t\t\t\t\t\t\t\t\t<\/a>\n\t\t\t\t<\/li>\n\t\t\t\t<\/ul>\n\t\t\t\t\t\t<\/div>\n\t\t\t\t<\/div>\n\t\t\t\t\t<\/div>\n\t\t\t\t<\/div>\n\t\t\t\t<\/div>\n\t\t\t\t<div data-elementor-type=\"loop-item\" data-elementor-id=\"15063\" class=\"elementor elementor-15063 swiper-slide e-loop-item e-loop-item-35668 post-35668 post type-post status-publish format-standard has-post-thumbnail hentry category-news tag-baumentscheid tag-klimaschutz-en tag-naturschutzklage tag-wasser tag-wasserknappheit\" data-elementor-post-type=\"elementor_library\" role=\"group\" aria-roledescription=\"slide\" data-custom-edit-handle=\"1\">\n\t\t\t<div class=\"elementor-element elementor-element-2268704 e-flex e-con-boxed e-con e-parent\" data-id=\"2268704\" data-element_type=\"container\" data-e-type=\"container\">\n\t\t\t\t\t<div class=\"e-con-inner\">\n\t\t\t\t<div class=\"elementor-element elementor-element-b9a646c elementor-widget elementor-widget-theme-post-featured-image elementor-widget-image\" data-id=\"b9a646c\" data-element_type=\"widget\" data-e-type=\"widget\" data-widget_type=\"theme-post-featured-image.default\">\n\t\t\t\t<div class=\"elementor-widget-container\">\n\t\t\t\t\t\t\t\t\t\t\t\t\t\t\t\t<a href=\"https:\/\/www.protect-the-planet.de\/en\/wasserknappheit-in-deutschland-warum-unser-wasser-zur-knappen-ressource-wird-und-was-wir-dagegen-tun-koennen\/\">\n\t\t\t\t\t\t\t<img loading=\"lazy\" decoding=\"async\" width=\"900\" height=\"550\" src=\"https:\/\/www.protect-the-planet.de\/wp-content\/uploads\/2026\/08\/Wasserknappheit.png\" class=\"attachment-full size-full wp-image-35669\" alt=\"\" srcset=\"https:\/\/www.protect-the-planet.de\/wp-content\/uploads\/2026\/08\/Wasserknappheit.png 900w, https:\/\/www.protect-the-planet.de\/wp-content\/uploads\/2026\/08\/Wasserknappheit-300x183.png 300w, https:\/\/www.protect-the-planet.de\/wp-content\/uploads\/2026\/08\/Wasserknappheit-768x469.png 768w\" sizes=\"(max-width: 900px) 100vw, 900px\" \/>\t\t\t\t\t\t\t\t<\/a>\n\t\t\t\t\t\t\t\t\t\t\t\t\t\t\t<\/div>\n\t\t\t\t<\/div>\n\t\t\t\t<div class=\"elementor-element elementor-element-ea6a12a elementor-widget elementor-widget-post-info\" data-id=\"ea6a12a\" data-element_type=\"widget\" data-e-type=\"widget\" data-widget_type=\"post-info.default\">\n\t\t\t\t<div class=\"elementor-widget-container\">\n\t\t\t\t\t\t\t<ul class=\"elementor-inline-items elementor-icon-list-items elementor-post-info\">\n\t\t\t\t\t\t\t\t<li class=\"elementor-icon-list-item elementor-repeater-item-9f942b6 elementor-inline-item\" itemprop=\"datePublished\">\n\t\t\t\t\t\t<a href=\"https:\/\/www.protect-the-planet.de\/en\/2026\/08\/03\/\">\n\t\t\t\t\t\t\t\t\t\t\t\t\t\t<span class=\"elementor-icon-list-text elementor-post-info__item elementor-post-info__item--type-date\">\n\t\t\t\t\t\t\t\t\t\t<time>03.08.2026<\/time>\t\t\t\t\t<\/span>\n\t\t\t\t\t\t\t\t\t<\/a>\n\t\t\t\t<\/li>\n\t\t\t\t<\/ul>\n\t\t\t\t\t\t<\/div>\n\t\t\t\t<\/div>\n\t\t\t\t<div class=\"elementor-element elementor-element-fbb1189 elementor-widget elementor-widget-theme-post-title elementor-page-title elementor-widget-heading\" data-id=\"fbb1189\" data-element_type=\"widget\" data-e-type=\"widget\" data-widget_type=\"theme-post-title.default\">\n\t\t\t\t<div class=\"elementor-widget-container\">\n\t\t\t\t\t<h3 class=\"elementor-heading-title elementor-size-default\"><a href=\"https:\/\/www.protect-the-planet.de\/en\/wasserknappheit-in-deutschland-warum-unser-wasser-zur-knappen-ressource-wird-und-was-wir-dagegen-tun-koennen\/\">Wasserknappheit in Deutschland: Warum unser Wasser zur knappen Ressource wird \u2013 und was wir dagegen tun k\u00f6nnen<\/a><\/h3>\t\t\t\t<\/div>\n\t\t\t\t<\/div>\n\t\t\t\t<div class=\"elementor-element elementor-element-95496bd elementor-widget elementor-widget-theme-post-excerpt\" data-id=\"95496bd\" data-element_type=\"widget\" data-e-type=\"widget\" data-widget_type=\"theme-post-excerpt.default\">\n\t\t\t\t<div class=\"elementor-widget-container\">\n\t\t\t\t\tSinkende Grundwasserspiegel, Trockenheit und Klimawandel: Warum Wasserknappheit Deutschland betrifft und welche L\u00f6sungen helfen.\t\t\t\t<\/div>\n\t\t\t\t<\/div>\n\t\t\t\t<div class=\"elementor-element elementor-element-ae12212 elementor-widget elementor-widget-post-info\" data-id=\"ae12212\" data-element_type=\"widget\" data-e-type=\"widget\" data-widget_type=\"post-info.default\">\n\t\t\t\t<div class=\"elementor-widget-container\">\n\t\t\t\t\t\t\t<ul class=\"elementor-icon-list-items elementor-post-info\">\n\t\t\t\t\t\t\t\t<li class=\"elementor-icon-list-item elementor-repeater-item-1ee7b4b\">\n\t\t\t\t\t\t<a href=\"https:\/\/www.protect-the-planet.de\/en\/wasserknappheit-in-deutschland-warum-unser-wasser-zur-knappen-ressource-wird-und-was-wir-dagegen-tun-koennen\/\">\n\t\t\t\t\t\t\t\t\t\t\t<span class=\"elementor-icon-list-icon\">\n\t\t\t\t\t\t\t\t<i aria-hidden=\"true\" class=\"far fa-tags\"><\/i>\t\t\t\t\t\t\t<\/span>\n\t\t\t\t\t\t\t\t\t<span class=\"elementor-icon-list-text elementor-post-info__item elementor-post-info__item--type-custom\">\n\t\t\t\t\t\t\t\t\t\t... mehr\t\t\t\t\t<\/span>\n\t\t\t\t\t\t\t\t\t<\/a>\n\t\t\t\t<\/li>\n\t\t\t\t<\/ul>\n\t\t\t\t\t\t<\/div>\n\t\t\t\t<\/div>\n\t\t\t\t\t<\/div>\n\t\t\t\t<\/div>\n\t\t\t\t<\/div>\n\t\t\t\t<div data-elementor-type=\"loop-item\" data-elementor-id=\"15063\" class=\"elementor elementor-15063 swiper-slide e-loop-item e-loop-item-35657 post-35657 post type-post status-publish format-standard has-post-thumbnail hentry category-news tag-earth-overshoot-day tag-klimaschutz\" data-elementor-post-type=\"elementor_library\" role=\"group\" aria-roledescription=\"slide\" data-custom-edit-handle=\"1\">\n\t\t\t<div class=\"elementor-element elementor-element-2268704 e-flex e-con-boxed e-con e-parent\" data-id=\"2268704\" data-element_type=\"container\" data-e-type=\"container\">\n\t\t\t\t\t<div class=\"e-con-inner\">\n\t\t\t\t<div class=\"elementor-element elementor-element-b9a646c elementor-widget elementor-widget-theme-post-featured-image elementor-widget-image\" data-id=\"b9a646c\" data-element_type=\"widget\" data-e-type=\"widget\" data-widget_type=\"theme-post-featured-image.default\">\n\t\t\t\t<div class=\"elementor-widget-container\">\n\t\t\t\t\t\t\t\t\t\t\t\t\t\t\t\t<a href=\"https:\/\/www.protect-the-planet.de\/en\/earth-overshoot-day-2026-wir-leben-als-wuerden-wir-173-erden-besitzen\/\">\n\t\t\t\t\t\t\t<img loading=\"lazy\" decoding=\"async\" width=\"900\" height=\"550\" src=\"https:\/\/www.protect-the-planet.de\/wp-content\/uploads\/2026\/07\/30.07.2026-Earth-Overshoot-Day-2026.png\" class=\"attachment-full size-full wp-image-35659\" alt=\"Auf dem Bild ist der Amazonas in Vogelperspektive zu sehen.\" srcset=\"https:\/\/www.protect-the-planet.de\/wp-content\/uploads\/2026\/07\/30.07.2026-Earth-Overshoot-Day-2026.png 900w, https:\/\/www.protect-the-planet.de\/wp-content\/uploads\/2026\/07\/30.07.2026-Earth-Overshoot-Day-2026-300x183.png 300w, https:\/\/www.protect-the-planet.de\/wp-content\/uploads\/2026\/07\/30.07.2026-Earth-Overshoot-Day-2026-768x469.png 768w\" sizes=\"(max-width: 900px) 100vw, 900px\" \/>\t\t\t\t\t\t\t\t<\/a>\n\t\t\t\t\t\t\t\t\t\t\t\t\t\t\t<\/div>\n\t\t\t\t<\/div>\n\t\t\t\t<div class=\"elementor-element elementor-element-ea6a12a elementor-widget elementor-widget-post-info\" data-id=\"ea6a12a\" data-element_type=\"widget\" data-e-type=\"widget\" data-widget_type=\"post-info.default\">\n\t\t\t\t<div class=\"elementor-widget-container\">\n\t\t\t\t\t\t\t<ul class=\"elementor-inline-items elementor-icon-list-items elementor-post-info\">\n\t\t\t\t\t\t\t\t<li class=\"elementor-icon-list-item elementor-repeater-item-9f942b6 elementor-inline-item\" itemprop=\"datePublished\">\n\t\t\t\t\t\t<a href=\"https:\/\/www.protect-the-planet.de\/en\/2026\/07\/30\/\">\n\t\t\t\t\t\t\t\t\t\t\t\t\t\t<span class=\"elementor-icon-list-text elementor-post-info__item elementor-post-info__item--type-date\">\n\t\t\t\t\t\t\t\t\t\t<time>30.07.2026<\/time>\t\t\t\t\t<\/span>\n\t\t\t\t\t\t\t\t\t<\/a>\n\t\t\t\t<\/li>\n\t\t\t\t<\/ul>\n\t\t\t\t\t\t<\/div>\n\t\t\t\t<\/div>\n\t\t\t\t<div class=\"elementor-element elementor-element-fbb1189 elementor-widget elementor-widget-theme-post-title elementor-page-title elementor-widget-heading\" data-id=\"fbb1189\" data-element_type=\"widget\" data-e-type=\"widget\" data-widget_type=\"theme-post-title.default\">\n\t\t\t\t<div class=\"elementor-widget-container\">\n\t\t\t\t\t<h3 class=\"elementor-heading-title elementor-size-default\"><a href=\"https:\/\/www.protect-the-planet.de\/en\/earth-overshoot-day-2026-wir-leben-als-wuerden-wir-173-erden-besitzen\/\">Earth Overshoot Day 2026: Wir leben, als w\u00fcrden wir 1,73 Erden besitzen<\/a><\/h3>\t\t\t\t<\/div>\n\t\t\t\t<\/div>\n\t\t\t\t<div class=\"elementor-element elementor-element-95496bd elementor-widget elementor-widget-theme-post-excerpt\" data-id=\"95496bd\" data-element_type=\"widget\" data-e-type=\"widget\" data-widget_type=\"theme-post-excerpt.default\">\n\t\t\t\t<div class=\"elementor-widget-container\">\n\t\t\t\t\tEarth Overshoot Day 2026: Seit dem 30. Juli verbraucht die Menschheit die Ressourcen von 1,73 Erden auf Kosten zuk\u00fcnftiger Generationen.\t\t\t\t<\/div>\n\t\t\t\t<\/div>\n\t\t\t\t<div class=\"elementor-element elementor-element-ae12212 elementor-widget elementor-widget-post-info\" data-id=\"ae12212\" data-element_type=\"widget\" data-e-type=\"widget\" data-widget_type=\"post-info.default\">\n\t\t\t\t<div class=\"elementor-widget-container\">\n\t\t\t\t\t\t\t<ul class=\"elementor-icon-list-items elementor-post-info\">\n\t\t\t\t\t\t\t\t<li class=\"elementor-icon-list-item elementor-repeater-item-1ee7b4b\">\n\t\t\t\t\t\t<a href=\"https:\/\/www.protect-the-planet.de\/en\/earth-overshoot-day-2026-wir-leben-als-wuerden-wir-173-erden-besitzen\/\">\n\t\t\t\t\t\t\t\t\t\t\t<span class=\"elementor-icon-list-icon\">\n\t\t\t\t\t\t\t\t<i aria-hidden=\"true\" class=\"far fa-tags\"><\/i>\t\t\t\t\t\t\t<\/span>\n\t\t\t\t\t\t\t\t\t<span class=\"elementor-icon-list-text elementor-post-info__item elementor-post-info__item--type-custom\">\n\t\t\t\t\t\t\t\t\t\t... mehr\t\t\t\t\t<\/span>\n\t\t\t\t\t\t\t\t\t<\/a>\n\t\t\t\t<\/li>\n\t\t\t\t<\/ul>\n\t\t\t\t\t\t<\/div>\n\t\t\t\t<\/div>\n\t\t\t\t\t<\/div>\n\t\t\t\t<\/div>\n\t\t\t\t<\/div>\n\t\t\t\t<div data-elementor-type=\"loop-item\" data-elementor-id=\"15063\" class=\"elementor elementor-15063 swiper-slide e-loop-item e-loop-item-35631 post-35631 post type-post status-publish format-standard has-post-thumbnail hentry category-news tag-biodiversitaet-en tag-klimaschutz-en\" data-elementor-post-type=\"elementor_library\" role=\"group\" aria-roledescription=\"slide\" data-custom-edit-handle=\"1\">\n\t\t\t<div class=\"elementor-element elementor-element-2268704 e-flex e-con-boxed e-con e-parent\" data-id=\"2268704\" data-element_type=\"container\" data-e-type=\"container\">\n\t\t\t\t\t<div class=\"e-con-inner\">\n\t\t\t\t<div class=\"elementor-element elementor-element-b9a646c elementor-widget elementor-widget-theme-post-featured-image elementor-widget-image\" data-id=\"b9a646c\" data-element_type=\"widget\" data-e-type=\"widget\" data-widget_type=\"theme-post-featured-image.default\">\n\t\t\t\t<div class=\"elementor-widget-container\">\n\t\t\t\t\t\t\t\t\t\t\t\t\t\t\t\t<a href=\"https:\/\/www.protect-the-planet.de\/en\/weltnaturschutztag-warum-protect-the-planet-die-verfassungsklage-fuer-mehr-biodiversitaet-unterstuetzt\/\">\n\t\t\t\t\t\t\t<img loading=\"lazy\" decoding=\"async\" width=\"900\" height=\"550\" src=\"https:\/\/www.protect-the-planet.de\/wp-content\/uploads\/2026\/07\/BioDiv-1.png\" class=\"attachment-full size-full wp-image-35646\" alt=\"\" srcset=\"https:\/\/www.protect-the-planet.de\/wp-content\/uploads\/2026\/07\/BioDiv-1.png 900w, https:\/\/www.protect-the-planet.de\/wp-content\/uploads\/2026\/07\/BioDiv-1-300x183.png 300w, https:\/\/www.protect-the-planet.de\/wp-content\/uploads\/2026\/07\/BioDiv-1-768x469.png 768w\" sizes=\"(max-width: 900px) 100vw, 900px\" \/>\t\t\t\t\t\t\t\t<\/a>\n\t\t\t\t\t\t\t\t\t\t\t\t\t\t\t<\/div>\n\t\t\t\t<\/div>\n\t\t\t\t<div class=\"elementor-element elementor-element-ea6a12a elementor-widget elementor-widget-post-info\" data-id=\"ea6a12a\" data-element_type=\"widget\" data-e-type=\"widget\" data-widget_type=\"post-info.default\">\n\t\t\t\t<div class=\"elementor-widget-container\">\n\t\t\t\t\t\t\t<ul class=\"elementor-inline-items elementor-icon-list-items elementor-post-info\">\n\t\t\t\t\t\t\t\t<li class=\"elementor-icon-list-item elementor-repeater-item-9f942b6 elementor-inline-item\" itemprop=\"datePublished\">\n\t\t\t\t\t\t<a href=\"https:\/\/www.protect-the-planet.de\/en\/2026\/07\/28\/\">\n\t\t\t\t\t\t\t\t\t\t\t\t\t\t<span class=\"elementor-icon-list-text elementor-post-info__item elementor-post-info__item--type-date\">\n\t\t\t\t\t\t\t\t\t\t<time>28.07.2026<\/time>\t\t\t\t\t<\/span>\n\t\t\t\t\t\t\t\t\t<\/a>\n\t\t\t\t<\/li>\n\t\t\t\t<\/ul>\n\t\t\t\t\t\t<\/div>\n\t\t\t\t<\/div>\n\t\t\t\t<div class=\"elementor-element elementor-element-fbb1189 elementor-widget elementor-widget-theme-post-title elementor-page-title elementor-widget-heading\" data-id=\"fbb1189\" data-element_type=\"widget\" data-e-type=\"widget\" data-widget_type=\"theme-post-title.default\">\n\t\t\t\t<div class=\"elementor-widget-container\">\n\t\t\t\t\t<h3 class=\"elementor-heading-title elementor-size-default\"><a href=\"https:\/\/www.protect-the-planet.de\/en\/weltnaturschutztag-warum-protect-the-planet-die-verfassungsklage-fuer-mehr-biodiversitaet-unterstuetzt\/\">Weltnaturschutztag: Warum Protect the Planet die Naturschutzklage f\u00fcr mehr Biodiversit\u00e4t unterst\u00fctzt<\/a><\/h3>\t\t\t\t<\/div>\n\t\t\t\t<\/div>\n\t\t\t\t<div class=\"elementor-element elementor-element-95496bd elementor-widget elementor-widget-theme-post-excerpt\" data-id=\"95496bd\" data-element_type=\"widget\" data-e-type=\"widget\" data-widget_type=\"theme-post-excerpt.default\">\n\t\t\t\t<div class=\"elementor-widget-container\">\n\t\t\t\t\tWeltnaturschutztag: Warum Protect the Planet die Biodiversit\u00e4ts-Verfassungsbeschwerde unterst\u00fctzt und warum Naturschutz wichtig ist.\t\t\t\t<\/div>\n\t\t\t\t<\/div>\n\t\t\t\t<div class=\"elementor-element elementor-element-ae12212 elementor-widget elementor-widget-post-info\" data-id=\"ae12212\" data-element_type=\"widget\" data-e-type=\"widget\" data-widget_type=\"post-info.default\">\n\t\t\t\t<div class=\"elementor-widget-container\">\n\t\t\t\t\t\t\t<ul class=\"elementor-icon-list-items elementor-post-info\">\n\t\t\t\t\t\t\t\t<li class=\"elementor-icon-list-item elementor-repeater-item-1ee7b4b\">\n\t\t\t\t\t\t<a href=\"https:\/\/www.protect-the-planet.de\/en\/weltnaturschutztag-warum-protect-the-planet-die-verfassungsklage-fuer-mehr-biodiversitaet-unterstuetzt\/\">\n\t\t\t\t\t\t\t\t\t\t\t<span class=\"elementor-icon-list-icon\">\n\t\t\t\t\t\t\t\t<i aria-hidden=\"true\" class=\"far fa-tags\"><\/i>\t\t\t\t\t\t\t<\/span>\n\t\t\t\t\t\t\t\t\t<span class=\"elementor-icon-list-text elementor-post-info__item elementor-post-info__item--type-custom\">\n\t\t\t\t\t\t\t\t\t\t... mehr\t\t\t\t\t<\/span>\n\t\t\t\t\t\t\t\t\t<\/a>\n\t\t\t\t<\/li>\n\t\t\t\t<\/ul>\n\t\t\t\t\t\t<\/div>\n\t\t\t\t<\/div>\n\t\t\t\t\t<\/div>\n\t\t\t\t<\/div>\n\t\t\t\t<\/div>\n\t\t\t\t<div data-elementor-type=\"loop-item\" data-elementor-id=\"15063\" class=\"elementor elementor-15063 swiper-slide e-loop-item e-loop-item-35762 post-35762 post type-post status-publish format-standard has-post-thumbnail hentry category-news tag-ecocide-en tag-europarecht tag-klimarecht-en tag-klimaschutz-en tag-rechte-der-natur\" data-elementor-post-type=\"elementor_library\" role=\"group\" aria-roledescription=\"slide\" data-custom-edit-handle=\"1\">\n\t\t\t<div class=\"elementor-element elementor-element-2268704 e-flex e-con-boxed e-con e-parent\" data-id=\"2268704\" data-element_type=\"container\" data-e-type=\"container\">\n\t\t\t\t\t<div class=\"e-con-inner\">\n\t\t\t\t<div class=\"elementor-element elementor-element-b9a646c elementor-widget elementor-widget-theme-post-featured-image elementor-widget-image\" data-id=\"b9a646c\" data-element_type=\"widget\" data-e-type=\"widget\" data-widget_type=\"theme-post-featured-image.default\">\n\t\t\t\t<div class=\"elementor-widget-container\">\n\t\t\t\t\t\t\t\t\t\t\t\t\t\t\t\t<a href=\"https:\/\/www.protect-the-planet.de\/en\/rechte-der-natur-europaeische-buergerinitiative-startet-in-bruessel\/\">\n\t\t\t\t\t\t\t<img loading=\"lazy\" decoding=\"async\" width=\"900\" height=\"550\" src=\"https:\/\/www.protect-the-planet.de\/wp-content\/uploads\/2026\/08\/2026_08_25-EBI.png\" class=\"attachment-full size-full wp-image-35764\" alt=\"\" srcset=\"https:\/\/www.protect-the-planet.de\/wp-content\/uploads\/2026\/08\/2026_08_25-EBI.png 900w, https:\/\/www.protect-the-planet.de\/wp-content\/uploads\/2026\/08\/2026_08_25-EBI-300x183.png 300w, https:\/\/www.protect-the-planet.de\/wp-content\/uploads\/2026\/08\/2026_08_25-EBI-768x469.png 768w\" sizes=\"(max-width: 900px) 100vw, 900px\" \/>\t\t\t\t\t\t\t\t<\/a>\n\t\t\t\t\t\t\t\t\t\t\t\t\t\t\t<\/div>\n\t\t\t\t<\/div>\n\t\t\t\t<div class=\"elementor-element elementor-element-ea6a12a elementor-widget elementor-widget-post-info\" data-id=\"ea6a12a\" data-element_type=\"widget\" data-e-type=\"widget\" data-widget_type=\"post-info.default\">\n\t\t\t\t<div class=\"elementor-widget-container\">\n\t\t\t\t\t\t\t<ul class=\"elementor-inline-items elementor-icon-list-items elementor-post-info\">\n\t\t\t\t\t\t\t\t<li class=\"elementor-icon-list-item elementor-repeater-item-9f942b6 elementor-inline-item\" itemprop=\"datePublished\">\n\t\t\t\t\t\t<a href=\"https:\/\/www.protect-the-planet.de\/en\/2026\/07\/02\/\">\n\t\t\t\t\t\t\t\t\t\t\t\t\t\t<span class=\"elementor-icon-list-text elementor-post-info__item elementor-post-info__item--type-date\">\n\t\t\t\t\t\t\t\t\t\t<time>02.07.2026<\/time>\t\t\t\t\t<\/span>\n\t\t\t\t\t\t\t\t\t<\/a>\n\t\t\t\t<\/li>\n\t\t\t\t<\/ul>\n\t\t\t\t\t\t<\/div>\n\t\t\t\t<\/div>\n\t\t\t\t<div class=\"elementor-element elementor-element-fbb1189 elementor-widget elementor-widget-theme-post-title elementor-page-title elementor-widget-heading\" data-id=\"fbb1189\" data-element_type=\"widget\" data-e-type=\"widget\" data-widget_type=\"theme-post-title.default\">\n\t\t\t\t<div class=\"elementor-widget-container\">\n\t\t\t\t\t<h3 class=\"elementor-heading-title elementor-size-default\"><a href=\"https:\/\/www.protect-the-planet.de\/en\/rechte-der-natur-europaeische-buergerinitiative-startet-in-bruessel\/\">Rechte der Natur: Europ\u00e4ische B\u00fcrgerinitiative startet in Br\u00fcssel<\/a><\/h3>\t\t\t\t<\/div>\n\t\t\t\t<\/div>\n\t\t\t\t<div class=\"elementor-element elementor-element-95496bd elementor-widget elementor-widget-theme-post-excerpt\" data-id=\"95496bd\" data-element_type=\"widget\" data-e-type=\"widget\" data-widget_type=\"theme-post-excerpt.default\">\n\t\t\t\t<div class=\"elementor-widget-container\">\n\t\t\t\t\tProtect the Planet unterst\u00fctzt die Europ\u00e4ische B\u00fcrgerinitiative \u201eRights for Nature\u201c, die \u00d6kosystemen rechtlich eine Stimme geben will.\t\t\t\t<\/div>\n\t\t\t\t<\/div>\n\t\t\t\t<div class=\"elementor-element elementor-element-ae12212 elementor-widget elementor-widget-post-info\" data-id=\"ae12212\" data-element_type=\"widget\" data-e-type=\"widget\" data-widget_type=\"post-info.default\">\n\t\t\t\t<div class=\"elementor-widget-container\">\n\t\t\t\t\t\t\t<ul class=\"elementor-icon-list-items elementor-post-info\">\n\t\t\t\t\t\t\t\t<li class=\"elementor-icon-list-item elementor-repeater-item-1ee7b4b\">\n\t\t\t\t\t\t<a href=\"https:\/\/www.protect-the-planet.de\/en\/rechte-der-natur-europaeische-buergerinitiative-startet-in-bruessel\/\">\n\t\t\t\t\t\t\t\t\t\t\t<span class=\"elementor-icon-list-icon\">\n\t\t\t\t\t\t\t\t<i aria-hidden=\"true\" class=\"far fa-tags\"><\/i>\t\t\t\t\t\t\t<\/span>\n\t\t\t\t\t\t\t\t\t<span class=\"elementor-icon-list-text elementor-post-info__item elementor-post-info__item--type-custom\">\n\t\t\t\t\t\t\t\t\t\t... mehr\t\t\t\t\t<\/span>\n\t\t\t\t\t\t\t\t\t<\/a>\n\t\t\t\t<\/li>\n\t\t\t\t<\/ul>\n\t\t\t\t\t\t<\/div>\n\t\t\t\t<\/div>\n\t\t\t\t\t<\/div>\n\t\t\t\t<\/div>\n\t\t\t\t<\/div>\n\t\t\t\t<div data-elementor-type=\"loop-item\" data-elementor-id=\"15063\" class=\"elementor elementor-15063 swiper-slide e-loop-item e-loop-item-35611 post-35611 post type-post status-publish format-standard has-post-thumbnail hentry category-news tag-cop-en tag-klimaschutz-en\" data-elementor-post-type=\"elementor_library\" role=\"group\" aria-roledescription=\"slide\" data-custom-edit-handle=\"1\">\n\t\t\t<div class=\"elementor-element elementor-element-2268704 e-flex e-con-boxed e-con e-parent\" data-id=\"2268704\" data-element_type=\"container\" data-e-type=\"container\">\n\t\t\t\t\t<div class=\"e-con-inner\">\n\t\t\t\t<div class=\"elementor-element elementor-element-b9a646c elementor-widget elementor-widget-theme-post-featured-image elementor-widget-image\" data-id=\"b9a646c\" data-element_type=\"widget\" data-e-type=\"widget\" data-widget_type=\"theme-post-featured-image.default\">\n\t\t\t\t<div class=\"elementor-widget-container\">\n\t\t\t\t\t\t\t\t\t\t\t\t\t\t\t\t<a href=\"https:\/\/www.protect-the-planet.de\/en\/un-klimakonferenz-bonn-2026-drei-junge-klimaaktivistinnen-berichten-von-den-sb64-verhandlungen\/\">\n\t\t\t\t\t\t\t<img loading=\"lazy\" decoding=\"async\" width=\"900\" height=\"550\" src=\"https:\/\/www.protect-the-planet.de\/wp-content\/uploads\/2026\/07\/COP_BONN.png\" class=\"attachment-full size-full wp-image-35612\" alt=\"Das Bild Zeigt eine Konferenz.\" srcset=\"https:\/\/www.protect-the-planet.de\/wp-content\/uploads\/2026\/07\/COP_BONN.png 900w, https:\/\/www.protect-the-planet.de\/wp-content\/uploads\/2026\/07\/COP_BONN-300x183.png 300w, https:\/\/www.protect-the-planet.de\/wp-content\/uploads\/2026\/07\/COP_BONN-768x469.png 768w\" sizes=\"(max-width: 900px) 100vw, 900px\" \/>\t\t\t\t\t\t\t\t<\/a>\n\t\t\t\t\t\t\t\t\t\t\t\t\t\t\t<\/div>\n\t\t\t\t<\/div>\n\t\t\t\t<div class=\"elementor-element elementor-element-ea6a12a elementor-widget elementor-widget-post-info\" data-id=\"ea6a12a\" data-element_type=\"widget\" data-e-type=\"widget\" data-widget_type=\"post-info.default\">\n\t\t\t\t<div class=\"elementor-widget-container\">\n\t\t\t\t\t\t\t<ul class=\"elementor-inline-items elementor-icon-list-items elementor-post-info\">\n\t\t\t\t\t\t\t\t<li class=\"elementor-icon-list-item elementor-repeater-item-9f942b6 elementor-inline-item\" itemprop=\"datePublished\">\n\t\t\t\t\t\t<a href=\"https:\/\/www.protect-the-planet.de\/en\/2026\/06\/28\/\">\n\t\t\t\t\t\t\t\t\t\t\t\t\t\t<span class=\"elementor-icon-list-text elementor-post-info__item elementor-post-info__item--type-date\">\n\t\t\t\t\t\t\t\t\t\t<time>28.06.2026<\/time>\t\t\t\t\t<\/span>\n\t\t\t\t\t\t\t\t\t<\/a>\n\t\t\t\t<\/li>\n\t\t\t\t<\/ul>\n\t\t\t\t\t\t<\/div>\n\t\t\t\t<\/div>\n\t\t\t\t<div class=\"elementor-element elementor-element-fbb1189 elementor-widget elementor-widget-theme-post-title elementor-page-title elementor-widget-heading\" data-id=\"fbb1189\" data-element_type=\"widget\" data-e-type=\"widget\" data-widget_type=\"theme-post-title.default\">\n\t\t\t\t<div class=\"elementor-widget-container\">\n\t\t\t\t\t<h3 class=\"elementor-heading-title elementor-size-default\"><a href=\"https:\/\/www.protect-the-planet.de\/en\/un-klimakonferenz-bonn-2026-drei-junge-klimaaktivistinnen-berichten-von-den-sb64-verhandlungen\/\">UN-Klimakonferenz Bonn 2026: Drei junge Klimaaktivist*innen berichten von den SB64-Verhandlungen<\/a><\/h3>\t\t\t\t<\/div>\n\t\t\t\t<\/div>\n\t\t\t\t<div class=\"elementor-element elementor-element-95496bd elementor-widget elementor-widget-theme-post-excerpt\" data-id=\"95496bd\" data-element_type=\"widget\" data-e-type=\"widget\" data-widget_type=\"theme-post-excerpt.default\">\n\t\t\t\t<div class=\"elementor-widget-container\">\n\t\t\t\t\tKlimafinanzierung, Klimaanpassung und junge Beteiligung: Ein R\u00fcckblick auf die UN-Klimakonferenz Bonn 2026 und das Engagement der Klimadelegation.\t\t\t\t<\/div>\n\t\t\t\t<\/div>\n\t\t\t\t<div class=\"elementor-element elementor-element-ae12212 elementor-widget elementor-widget-post-info\" data-id=\"ae12212\" data-element_type=\"widget\" data-e-type=\"widget\" data-widget_type=\"post-info.default\">\n\t\t\t\t<div class=\"elementor-widget-container\">\n\t\t\t\t\t\t\t<ul class=\"elementor-icon-list-items elementor-post-info\">\n\t\t\t\t\t\t\t\t<li class=\"elementor-icon-list-item elementor-repeater-item-1ee7b4b\">\n\t\t\t\t\t\t<a href=\"https:\/\/www.protect-the-planet.de\/en\/un-klimakonferenz-bonn-2026-drei-junge-klimaaktivistinnen-berichten-von-den-sb64-verhandlungen\/\">\n\t\t\t\t\t\t\t\t\t\t\t<span class=\"elementor-icon-list-icon\">\n\t\t\t\t\t\t\t\t<i aria-hidden=\"true\" class=\"far fa-tags\"><\/i>\t\t\t\t\t\t\t<\/span>\n\t\t\t\t\t\t\t\t\t<span class=\"elementor-icon-list-text elementor-post-info__item elementor-post-info__item--type-custom\">\n\t\t\t\t\t\t\t\t\t\t... mehr\t\t\t\t\t<\/span>\n\t\t\t\t\t\t\t\t\t<\/a>\n\t\t\t\t<\/li>\n\t\t\t\t<\/ul>\n\t\t\t\t\t\t<\/div>\n\t\t\t\t<\/div>\n\t\t\t\t\t<\/div>\n\t\t\t\t<\/div>\n\t\t\t\t<\/div>\n\t\t\t\t<div data-elementor-type=\"loop-item\" data-elementor-id=\"15063\" class=\"elementor elementor-15063 swiper-slide e-loop-item e-loop-item-35433 post-35433 post type-post status-publish format-standard has-post-thumbnail hentry category-news tag-hitze\" data-elementor-post-type=\"elementor_library\" role=\"group\" aria-roledescription=\"slide\" data-custom-edit-handle=\"1\">\n\t\t\t<div class=\"elementor-element elementor-element-2268704 e-flex e-con-boxed e-con e-parent\" data-id=\"2268704\" data-element_type=\"container\" data-e-type=\"container\">\n\t\t\t\t\t<div class=\"e-con-inner\">\n\t\t\t\t<div class=\"elementor-element elementor-element-b9a646c elementor-widget elementor-widget-theme-post-featured-image elementor-widget-image\" data-id=\"b9a646c\" data-element_type=\"widget\" data-e-type=\"widget\" data-widget_type=\"theme-post-featured-image.default\">\n\t\t\t\t<div class=\"elementor-widget-container\">\n\t\t\t\t\t\t\t\t\t\t\t\t\t\t\t\t<a href=\"https:\/\/www.protect-the-planet.de\/en\/hitze-in-deutschland-ein-wachsendes-gesundheitsrisiko\/\">\n\t\t\t\t\t\t\t<img loading=\"lazy\" decoding=\"async\" width=\"900\" height=\"550\" src=\"https:\/\/www.protect-the-planet.de\/wp-content\/uploads\/2026\/06\/Hitzeaktionstag.png\" class=\"attachment-full size-full wp-image-35435\" alt=\"\" srcset=\"https:\/\/www.protect-the-planet.de\/wp-content\/uploads\/2026\/06\/Hitzeaktionstag.png 900w, https:\/\/www.protect-the-planet.de\/wp-content\/uploads\/2026\/06\/Hitzeaktionstag-300x183.png 300w, https:\/\/www.protect-the-planet.de\/wp-content\/uploads\/2026\/06\/Hitzeaktionstag-768x469.png 768w\" sizes=\"(max-width: 900px) 100vw, 900px\" \/>\t\t\t\t\t\t\t\t<\/a>\n\t\t\t\t\t\t\t\t\t\t\t\t\t\t\t<\/div>\n\t\t\t\t<\/div>\n\t\t\t\t<div class=\"elementor-element elementor-element-ea6a12a elementor-widget elementor-widget-post-info\" data-id=\"ea6a12a\" data-element_type=\"widget\" data-e-type=\"widget\" data-widget_type=\"post-info.default\">\n\t\t\t\t<div class=\"elementor-widget-container\">\n\t\t\t\t\t\t\t<ul class=\"elementor-inline-items elementor-icon-list-items elementor-post-info\">\n\t\t\t\t\t\t\t\t<li class=\"elementor-icon-list-item elementor-repeater-item-9f942b6 elementor-inline-item\" itemprop=\"datePublished\">\n\t\t\t\t\t\t<a href=\"https:\/\/www.protect-the-planet.de\/en\/2026\/06\/11\/\">\n\t\t\t\t\t\t\t\t\t\t\t\t\t\t<span class=\"elementor-icon-list-text elementor-post-info__item elementor-post-info__item--type-date\">\n\t\t\t\t\t\t\t\t\t\t<time>11.06.2026<\/time>\t\t\t\t\t<\/span>\n\t\t\t\t\t\t\t\t\t<\/a>\n\t\t\t\t<\/li>\n\t\t\t\t<\/ul>\n\t\t\t\t\t\t<\/div>\n\t\t\t\t<\/div>\n\t\t\t\t<div class=\"elementor-element elementor-element-fbb1189 elementor-widget elementor-widget-theme-post-title elementor-page-title elementor-widget-heading\" data-id=\"fbb1189\" data-element_type=\"widget\" data-e-type=\"widget\" data-widget_type=\"theme-post-title.default\">\n\t\t\t\t<div class=\"elementor-widget-container\">\n\t\t\t\t\t<h3 class=\"elementor-heading-title elementor-size-default\"><a href=\"https:\/\/www.protect-the-planet.de\/en\/hitze-in-deutschland-ein-wachsendes-gesundheitsrisiko\/\">Hitze in Deutschland: Ein wachsendes Gesundheitsrisiko<\/a><\/h3>\t\t\t\t<\/div>\n\t\t\t\t<\/div>\n\t\t\t\t<div class=\"elementor-element elementor-element-95496bd elementor-widget elementor-widget-theme-post-excerpt\" data-id=\"95496bd\" data-element_type=\"widget\" data-e-type=\"widget\" data-widget_type=\"theme-post-excerpt.default\">\n\t\t\t\t<div class=\"elementor-widget-container\">\n\t\t\t\t\tHitze ist das gr\u00f6\u00dfte klimabedingte Gesundheitsrisiko in Deutschland. Warum Hitzeschutz immer wichtiger wird und was jede*r tun kann.\t\t\t\t<\/div>\n\t\t\t\t<\/div>\n\t\t\t\t<div class=\"elementor-element elementor-element-ae12212 elementor-widget elementor-widget-post-info\" data-id=\"ae12212\" data-element_type=\"widget\" data-e-type=\"widget\" data-widget_type=\"post-info.default\">\n\t\t\t\t<div class=\"elementor-widget-container\">\n\t\t\t\t\t\t\t<ul class=\"elementor-icon-list-items elementor-post-info\">\n\t\t\t\t\t\t\t\t<li class=\"elementor-icon-list-item elementor-repeater-item-1ee7b4b\">\n\t\t\t\t\t\t<a href=\"https:\/\/www.protect-the-planet.de\/en\/hitze-in-deutschland-ein-wachsendes-gesundheitsrisiko\/\">\n\t\t\t\t\t\t\t\t\t\t\t<span class=\"elementor-icon-list-icon\">\n\t\t\t\t\t\t\t\t<i aria-hidden=\"true\" class=\"far fa-tags\"><\/i>\t\t\t\t\t\t\t<\/span>\n\t\t\t\t\t\t\t\t\t<span class=\"elementor-icon-list-text elementor-post-info__item elementor-post-info__item--type-custom\">\n\t\t\t\t\t\t\t\t\t\t... mehr\t\t\t\t\t<\/span>\n\t\t\t\t\t\t\t\t\t<\/a>\n\t\t\t\t<\/li>\n\t\t\t\t<\/ul>\n\t\t\t\t\t\t<\/div>\n\t\t\t\t<\/div>\n\t\t\t\t\t<\/div>\n\t\t\t\t<\/div>\n\t\t\t\t<\/div>\n\t\t\t\t<\/div>\n\t\t<\/div>\n\t\t\t\t\t<div class=\"elementor-swiper-button elementor-swiper-button-prev\" role=\"button\" tabindex=\"0\" aria-label=\"Previous\">\n\t\t\t\t<i aria-hidden=\"true\" class=\"eicon-chevron-left\"><\/i>\t\t\t<\/div>\n\t\t\t<div class=\"elementor-swiper-button elementor-swiper-button-next\" role=\"button\" tabindex=\"0\" aria-label=\"Next\">\n\t\t\t\t<i aria-hidden=\"true\" class=\"eicon-chevron-right\"><\/i>\t\t\t<\/div>\n\t\t\t\t\t\t<\/div>\n\t\t\t\t<\/div>\n\t\t\t\t<div class=\"elementor-element elementor-element-6ffb346 elementor-widget elementor-widget-button\" data-id=\"6ffb346\" data-element_type=\"widget\" data-e-type=\"widget\" data-widget_type=\"button.default\">\n\t\t\t\t<div class=\"elementor-widget-container\">\n\t\t\t\t\t\t\t\t\t<div class=\"elementor-button-wrapper\">\n\t\t\t\t\t<a class=\"elementor-button elementor-button-link elementor-size-sm\" href=\"https:\/\/www.protect-the-planet.de\/en\/news\/\">\n\t\t\t\t\t\t<span class=\"elementor-button-content-wrapper\">\n\t\t\t\t\t\t\t\t\t<span class=\"elementor-button-text\">See all the latest news<\/span>\n\t\t\t\t\t<\/span>\n\t\t\t\t\t<\/a>\n\t\t\t\t<\/div>\n\t\t\t\t\t\t\t\t<\/div>\n\t\t\t\t<\/div>\n\t\t<div class=\"elementor-element elementor-element-6a47f27 e-con-full e-flex e-con e-child\" data-id=\"6a47f27\" data-element_type=\"container\" data-e-type=\"container\">\n\t\t\t\t<\/div>\n\t\t\t\t\t<\/div>\n\t\t\t\t<\/div>\n\t\t<div class=\"elementor-element elementor-element-5224968 e-flex e-con-boxed e-con e-parent\" data-id=\"5224968\" data-element_type=\"container\" data-e-type=\"container\">\n\t\t\t\t\t<div class=\"e-con-inner\">\n\t\t<div class=\"elementor-element elementor-element-f8de533 e-con-full e-flex e-con e-child\" data-id=\"f8de533\" data-element_type=\"container\" data-e-type=\"container\" data-settings=\"{&quot;background_background&quot;:&quot;classic&quot;}\">\n\t\t<div class=\"elementor-element elementor-element-00c41f5 e-flex e-con-boxed e-con e-child\" data-id=\"00c41f5\" data-element_type=\"container\" data-e-type=\"container\">\n\t\t\t\t\t<div class=\"e-con-inner\">\n\t\t\t\t<div class=\"elementor-element elementor-element-a6ca35a elementor-widget elementor-widget-image\" data-id=\"a6ca35a\" data-element_type=\"widget\" data-e-type=\"widget\" data-widget_type=\"image.default\">\n\t\t\t\t<div class=\"elementor-widget-container\">\n\t\t\t\t\t\t\t\t\t\t\t\t\t\t\t<img loading=\"lazy\" decoding=\"async\" width=\"800\" height=\"489\" src=\"https:\/\/www.protect-the-planet.de\/wp-content\/uploads\/2023\/06\/Gruppe-maskieren-19@2x.png\" class=\"attachment-large size-large wp-image-21587\" alt=\"Dorothea Sick-Thies\" srcset=\"https:\/\/www.protect-the-planet.de\/wp-content\/uploads\/2023\/06\/Gruppe-maskieren-19@2x.png 896w, https:\/\/www.protect-the-planet.de\/wp-content\/uploads\/2023\/06\/Gruppe-maskieren-19@2x-300x183.png 300w, https:\/\/www.protect-the-planet.de\/wp-content\/uploads\/2023\/06\/Gruppe-maskieren-19@2x-768x470.png 768w\" sizes=\"(max-width: 800px) 100vw, 800px\" \/>\t\t\t\t\t\t\t\t\t\t\t\t\t\t\t<\/div>\n\t\t\t\t<\/div>\n\t\t\t\t<div class=\"elementor-element elementor-element-acaf620 elementor-widget elementor-widget-text-editor\" data-id=\"acaf620\" data-element_type=\"widget\" data-e-type=\"widget\" data-widget_type=\"text-editor.default\">\n\t\t\t\t<div class=\"elementor-widget-container\">\n\t\t\t\t\t\t\t\t\t<p>Dorothea Sick-Thies<br\/>Entrepreneur &#038; founder of Protect the Planet<\/p>\t\t\t\t\t\t\t\t<\/div>\n\t\t\t\t<\/div>\n\t\t\t\t\t<\/div>\n\t\t\t\t<\/div>\n\t\t<div class=\"elementor-element elementor-element-21f71d0 e-flex e-con-boxed e-con e-child\" data-id=\"21f71d0\" data-element_type=\"container\" data-e-type=\"container\">\n\t\t\t\t\t<div class=\"e-con-inner\">\n\t\t\t\t<div class=\"elementor-element elementor-element-5ce565c elementor-widget elementor-widget-heading\" data-id=\"5ce565c\" data-element_type=\"widget\" data-e-type=\"widget\" data-widget_type=\"heading.default\">\n\t\t\t\t<div class=\"elementor-widget-container\">\n\t\t\t\t\t<h2 class=\"elementor-heading-title elementor-size-default\">Dear readers,<\/h2>\t\t\t\t<\/div>\n\t\t\t\t<\/div>\n\t\t\t\t<div class=\"elementor-element elementor-element-1087c4c elementor-widget elementor-widget-text-editor\" data-id=\"1087c4c\" data-element_type=\"widget\" data-e-type=\"widget\" data-widget_type=\"text-editor.default\">\n\t\t\t\t<div class=\"elementor-widget-container\">\n\t\t\t\t\t\t\t\t\t<p>Human-induced climate change is a scientifically established fact and there is an equally clear link to its devastating consequences. Unless humanity makes fundamental changes immediately and consistently, neither Germany nor the EU nor the international community will be able to achieve their own goals under the 2015 Paris Agreement\u2014with devastating consequences.<\/p>\t\t\t\t\t\t\t\t<\/div>\n\t\t\t\t<\/div>\n\t\t\t\t<div class=\"elementor-element elementor-element-8925352 elementor-align-left elementor-widget elementor-widget-button\" data-id=\"8925352\" data-element_type=\"widget\" data-e-type=\"widget\" data-widget_type=\"button.default\">\n\t\t\t\t<div class=\"elementor-widget-container\">\n\t\t\t\t\t\t\t\t\t<div class=\"elementor-button-wrapper\">\n\t\t\t\t\t<a class=\"elementor-button elementor-button-link elementor-size-sm\" href=\"https:\/\/www.protect-the-planet.de\/en\/dorothea\/\">\n\t\t\t\t\t\t<span class=\"elementor-button-content-wrapper\">\n\t\t\t\t\t\t\t\t\t<span class=\"elementor-button-text\">Read more<\/span>\n\t\t\t\t\t<\/span>\n\t\t\t\t\t<\/a>\n\t\t\t\t<\/div>\n\t\t\t\t\t\t\t\t<\/div>\n\t\t\t\t<\/div>\n\t\t\t\t\t<\/div>\n\t\t\t\t<\/div>\n\t\t\t\t<\/div>\n\t\t\t\t\t<\/div>\n\t\t\t\t<\/div>\n\t\t<div class=\"elementor-element elementor-element-94ab7bb e-flex e-con-boxed e-con e-parent\" data-id=\"94ab7bb\" data-element_type=\"container\" data-e-type=\"container\">\n\t\t\t\t\t<div class=\"e-con-inner\">\n\t\t<div class=\"elementor-element elementor-element-1fb69d9 e-con-full e-flex e-con e-child\" data-id=\"1fb69d9\" data-element_type=\"container\" data-e-type=\"container\">\n\t\t\t\t<div class=\"elementor-element elementor-element-b491a5b elementor-widget elementor-widget-text-editor\" data-id=\"b491a5b\" data-element_type=\"widget\" data-e-type=\"widget\" data-widget_type=\"text-editor.default\">\n\t\t\t\t<div class=\"elementor-widget-container\">\n\t\t\t\t\t\t\t\t\t<p>Team<\/p>\t\t\t\t\t\t\t\t<\/div>\n\t\t\t\t<\/div>\n\t\t\t\t<div class=\"elementor-element elementor-element-f91966c elementor-widget elementor-widget-heading\" data-id=\"f91966c\" data-element_type=\"widget\" data-e-type=\"widget\" data-widget_type=\"heading.default\">\n\t\t\t\t<div class=\"elementor-widget-container\">\n\t\t\t\t\t<h2 class=\"elementor-heading-title elementor-size-default\">WHO WE ARE<\/h2>\t\t\t\t<\/div>\n\t\t\t\t<\/div>\n\t\t\t\t<div class=\"elementor-element elementor-element-ed481a3 elementor-widget elementor-widget-text-editor\" data-id=\"ed481a3\" data-element_type=\"widget\" data-e-type=\"widget\" data-widget_type=\"text-editor.default\">\n\t\t\t\t<div class=\"elementor-widget-container\">\n\t\t\t\t\t\t\t\t\t<p style=\"font-weight: 400;\">What do an entrepreneur, a filmmaker, and a lawyer have in common? A love for our planet and the fight to preserve our natural resources. With this premise in mind, Dorothea Sick-Thies, Carl-A. Fechner, and Markus Gohr founded Protect the Planet \u2013 Gesellschaft f\u00fcr \u00f6kologischen Aufbruch (Society for Ecological Change) in 2015. And since then, we have been working hard every day as a powerful environmental organization in the south of Munich.    <\/p><p><a href=\"https:\/\/www.protect-the-planet.de\/en\/about-us\/\">\u2026 more<\/a><\/p>\t\t\t\t\t\t\t\t<\/div>\n\t\t\t\t<\/div>\n\t\t\t\t<\/div>\n\t\t<div class=\"elementor-element elementor-element-5e04cc6 e-con-full e-flex e-con e-child\" data-id=\"5e04cc6\" data-element_type=\"container\" data-e-type=\"container\">\n\t\t\t\t<div class=\"elementor-element elementor-element-259e8a4 elementor-widget elementor-widget-image\" data-id=\"259e8a4\" data-element_type=\"widget\" data-e-type=\"widget\" data-widget_type=\"image.default\">\n\t\t\t\t<div class=\"elementor-widget-container\">\n\t\t\t\t\t\t\t\t\t\t\t\t\t\t\t<img loading=\"lazy\" decoding=\"async\" width=\"605\" height=\"368\" src=\"https:\/\/www.protect-the-planet.de\/wp-content\/uploads\/2026\/05\/Website_Teamfoto_hotel-leoni-2024.png\" class=\"attachment-large size-large wp-image-35174\" alt=\"\" srcset=\"https:\/\/www.protect-the-planet.de\/wp-content\/uploads\/2026\/05\/Website_Teamfoto_hotel-leoni-2024.png 605w, https:\/\/www.protect-the-planet.de\/wp-content\/uploads\/2026\/05\/Website_Teamfoto_hotel-leoni-2024-300x182.png 300w\" sizes=\"(max-width: 605px) 100vw, 605px\" \/>\t\t\t\t\t\t\t\t\t\t\t\t\t\t\t<\/div>\n\t\t\t\t<\/div>\n\t\t\t\t<\/div>\n\t\t\t\t\t<\/div>\n\t\t\t\t<\/div>\n\t\t<div class=\"elementor-element elementor-element-84dc2d8 e-flex e-con-boxed e-con e-parent\" data-id=\"84dc2d8\" data-element_type=\"container\" data-e-type=\"container\">\n\t\t\t\t\t<div class=\"e-con-inner\">\n\t\t<div class=\"elementor-element elementor-element-2081290 e-con-full e-flex e-con e-child\" data-id=\"2081290\" data-element_type=\"container\" data-e-type=\"container\">\n\t\t\t\t<div class=\"elementor-element elementor-element-88437e8 elementor-widget elementor-widget-spacer\" data-id=\"88437e8\" data-element_type=\"widget\" data-e-type=\"widget\" data-widget_type=\"spacer.default\">\n\t\t\t\t<div class=\"elementor-widget-container\">\n\t\t\t\t\t\t\t<div class=\"elementor-spacer\">\n\t\t\t<div class=\"elementor-spacer-inner\"><\/div>\n\t\t<\/div>\n\t\t\t\t\t\t<\/div>\n\t\t\t\t<\/div>\n\t\t\t\t<\/div>\n\t\t\t\t<div class=\"elementor-element elementor-element-d740188 elementor-widget elementor-widget-template\" data-id=\"d740188\" data-element_type=\"widget\" data-e-type=\"widget\" data-widget_type=\"template.default\">\n\t\t\t\t<div class=\"elementor-widget-container\">\n\t\t\t\t\t\t\t<div class=\"elementor-template\">\n\t\t\t\t\t<div data-elementor-type=\"container\" data-elementor-id=\"22491\" class=\"elementor elementor-22491 elementor-16080 elementor-16080\" data-elementor-post-type=\"elementor_library\">\n\t\t\t\t<div class=\"elementor-element elementor-element-19a1946 e-flex e-con-boxed e-con e-parent\" data-id=\"19a1946\" data-element_type=\"container\" data-e-type=\"container\">\n\t\t\t\t\t<div class=\"e-con-inner\">\n\t\t<div class=\"elementor-element elementor-element-d701a2c e-flex e-con-boxed e-con e-child\" data-id=\"d701a2c\" data-element_type=\"container\" data-e-type=\"container\">\n\t\t\t\t\t<div class=\"e-con-inner\">\n\t\t\t\t<div class=\"elementor-element elementor-element-1330b1b elementor-widget__width-auto e-transform elementor-widget elementor-widget-heading\" data-id=\"1330b1b\" data-element_type=\"widget\" data-e-type=\"widget\" data-settings=\"{&quot;_transform_rotateZ_effect&quot;:{&quot;unit&quot;:&quot;px&quot;,&quot;size&quot;:-3,&quot;sizes&quot;:[]},&quot;_transform_rotateZ_effect_tablet&quot;:{&quot;unit&quot;:&quot;deg&quot;,&quot;size&quot;:&quot;&quot;,&quot;sizes&quot;:[]},&quot;_transform_rotateZ_effect_mobile&quot;:{&quot;unit&quot;:&quot;deg&quot;,&quot;size&quot;:&quot;&quot;,&quot;sizes&quot;:[]}}\" data-widget_type=\"heading.default\">\n\t\t\t\t<div class=\"elementor-widget-container\">\n\t\t\t\t\t<h1 class=\"elementor-heading-title elementor-size-default\">Current events<\/h1>\t\t\t\t<\/div>\n\t\t\t\t<\/div>\n\t\t\t\t\t<\/div>\n\t\t\t\t<\/div>\n\t\t<div class=\"elementor-element elementor-element-1cc3bdb e-flex e-con-boxed e-con e-child\" data-id=\"1cc3bdb\" data-element_type=\"container\" data-e-type=\"container\">\n\t\t\t\t\t<div class=\"e-con-inner\">\n\t\t<div class=\"elementor-element elementor-element-f164adf e-flex e-con-boxed e-con e-child\" data-id=\"f164adf\" data-element_type=\"container\" data-e-type=\"container\">\n\t\t\t\t\t<div class=\"e-con-inner\">\n\t\t\t\t\t<\/div>\n\t\t\t\t<\/div>\n\t\t<div class=\"elementor-element elementor-element-97bb801 e-flex e-con-boxed e-con e-child\" data-id=\"97bb801\" data-element_type=\"container\" data-e-type=\"container\">\n\t\t\t\t\t<div class=\"e-con-inner\">\n\t\t<div class=\"elementor-element elementor-element-97d51ad e-flex e-con-boxed e-con e-child\" data-id=\"97d51ad\" data-element_type=\"container\" data-e-type=\"container\">\n\t\t\t\t\t<div class=\"e-con-inner\">\n\t\t\t\t<div class=\"elementor-element elementor-element-05e00a0 elementor-widget elementor-widget-heading\" data-id=\"05e00a0\" data-element_type=\"widget\" data-e-type=\"widget\" data-widget_type=\"heading.default\">\n\t\t\t\t<div class=\"elementor-widget-container\">\n\t\t\t\t\t<h2 class=\"elementor-heading-title elementor-size-default\"><a href=\"https:\/\/www.protect-the-planet.de\/en\/events\/\">EVENT CALENDAR<\/a><\/h2>\t\t\t\t<\/div>\n\t\t\t\t<\/div>\n\t\t\t\t<div class=\"elementor-element elementor-element-a572ac6 elementor-widget elementor-widget-image\" data-id=\"a572ac6\" data-element_type=\"widget\" data-e-type=\"widget\" data-widget_type=\"image.default\">\n\t\t\t\t<div class=\"elementor-widget-container\">\n\t\t\t\t\t\t\t\t\t\t\t\t\t\t\t\t<a href=\"https:\/\/www.protect-the-planet.de\/en\/events\/\">\n\t\t\t\t\t\t\t<img loading=\"lazy\" decoding=\"async\" width=\"81\" height=\"62\" src=\"https:\/\/www.protect-the-planet.de\/wp-content\/uploads\/2023\/06\/Pfad-18.png\" class=\"attachment-large size-large wp-image-21583\" alt=\"\" \/>\t\t\t\t\t\t\t\t<\/a>\n\t\t\t\t\t\t\t\t\t\t\t\t\t\t\t<\/div>\n\t\t\t\t<\/div>\n\t\t\t\t\t<\/div>\n\t\t\t\t<\/div>\n\t\t\t\t<div class=\"elementor-element elementor-element-6de1479 elementor-widget elementor-widget-text-editor\" data-id=\"6de1479\" data-element_type=\"widget\" data-e-type=\"widget\" data-widget_type=\"text-editor.default\">\n\t\t\t\t<div class=\"elementor-widget-container\">\n\t\t\t\t\t\t\t\t\t<p>There is still too little known about the climate crisis and what we can do to avert it. To bridge this gap, our Climate Talks aim to provide information on many different aspects of climate change with a particular focus on specific things we can do ourselves.<\/p><p>Numerous experts join us in exploring the pressing questions of our time.<\/p><p>Missed an event? No problem, you can watch the recordings of the presentations in the archive.<\/p>\t\t\t\t\t\t\t\t<\/div>\n\t\t\t\t<\/div>\n\t\t\t\t<div class=\"elementor-element elementor-element-a2908ad elementor-widget elementor-widget-button\" data-id=\"a2908ad\" data-element_type=\"widget\" data-e-type=\"widget\" data-widget_type=\"button.default\">\n\t\t\t\t<div class=\"elementor-widget-container\">\n\t\t\t\t\t\t\t\t\t<div class=\"elementor-button-wrapper\">\n\t\t\t\t\t<a class=\"elementor-button elementor-button-link elementor-size-sm\" href=\"https:\/\/www.protect-the-planet.de\/en\/event-archive\/\">\n\t\t\t\t\t\t<span class=\"elementor-button-content-wrapper\">\n\t\t\t\t\t\t\t\t\t<span class=\"elementor-button-text\">Our Event Archive<\/span>\n\t\t\t\t\t<\/span>\n\t\t\t\t\t<\/a>\n\t\t\t\t<\/div>\n\t\t\t\t\t\t\t\t<\/div>\n\t\t\t\t<\/div>\n\t\t\t\t\t<\/div>\n\t\t\t\t<\/div>\n\t\t\t\t\t<\/div>\n\t\t\t\t<\/div>\n\t\t\t\t\t<\/div>\n\t\t\t\t<\/div>\n\t\t\t\t<\/div>\n\t\t\t\t<\/div>\n\t\t\t\t\t\t<\/div>\n\t\t\t\t<\/div>\n\t\t\t\t\t<\/div>\n\t\t\t\t<\/div>\n\t\t<div class=\"elementor-element elementor-element-39298f2 e-flex e-con-boxed e-con e-parent\" data-id=\"39298f2\" data-element_type=\"container\" data-e-type=\"container\">\n\t\t\t\t\t<div class=\"e-con-inner\">\n\t\t<div class=\"elementor-element elementor-element-c130481 e-con-full e-flex e-con e-child\" data-id=\"c130481\" data-element_type=\"container\" data-e-type=\"container\" data-settings=\"{&quot;background_background&quot;:&quot;classic&quot;}\">\n\t\t<div class=\"elementor-element elementor-element-c69654c e-flex e-con-boxed e-con e-child\" data-id=\"c69654c\" data-element_type=\"container\" data-e-type=\"container\">\n\t\t\t\t\t<div class=\"e-con-inner\">\n\t\t<div class=\"elementor-element elementor-element-7773b32 e-flex e-con-boxed e-con e-child\" data-id=\"7773b32\" data-element_type=\"container\" data-e-type=\"container\">\n\t\t\t\t\t<div class=\"e-con-inner\">\n\t\t\t\t<div class=\"elementor-element elementor-element-76926a0 elementor-widget__width-auto e-transform elementor-widget elementor-widget-heading\" data-id=\"76926a0\" data-element_type=\"widget\" data-e-type=\"widget\" data-settings=\"{&quot;_transform_rotateZ_effect&quot;:{&quot;unit&quot;:&quot;px&quot;,&quot;size&quot;:-3,&quot;sizes&quot;:[]},&quot;_transform_rotateZ_effect_tablet&quot;:{&quot;unit&quot;:&quot;deg&quot;,&quot;size&quot;:&quot;&quot;,&quot;sizes&quot;:[]},&quot;_transform_rotateZ_effect_mobile&quot;:{&quot;unit&quot;:&quot;deg&quot;,&quot;size&quot;:&quot;&quot;,&quot;sizes&quot;:[]}}\" data-widget_type=\"heading.default\">\n\t\t\t\t<div class=\"elementor-widget-container\">\n\t\t\t\t\t<h1 class=\"elementor-heading-title elementor-size-default\">Our vision:<\/h1>\t\t\t\t<\/div>\n\t\t\t\t<\/div>\n\t\t\t\t\t<\/div>\n\t\t\t\t<\/div>\n\t\t<div class=\"elementor-element elementor-element-85e5ae0 e-flex e-con-boxed e-con e-child\" data-id=\"85e5ae0\" data-element_type=\"container\" data-e-type=\"container\">\n\t\t\t\t\t<div class=\"e-con-inner\">\n\t\t\t\t<div class=\"elementor-element elementor-element-87d5839 elementor-widget__width-auto elementor-widget elementor-widget-heading\" data-id=\"87d5839\" data-element_type=\"widget\" data-e-type=\"widget\" data-widget_type=\"heading.default\">\n\t\t\t\t<div class=\"elementor-widget-container\">\n\t\t\t\t\t<h2 class=\"elementor-heading-title elementor-size-default\">to stop the<br \/>climate crisis<\/h2>\t\t\t\t<\/div>\n\t\t\t\t<\/div>\n\t\t\t\t\t<\/div>\n\t\t\t\t<\/div>\n\t\t\t\t\t<\/div>\n\t\t\t\t<\/div>\n\t\t<div class=\"elementor-element elementor-element-88ca587 e-flex e-con-boxed e-con e-child\" data-id=\"88ca587\" data-element_type=\"container\" data-e-type=\"container\">\n\t\t\t\t\t<div class=\"e-con-inner\">\n\t\t\t\t<div class=\"elementor-element elementor-element-9577c76 elementor-widget elementor-widget-text-editor\" data-id=\"9577c76\" data-element_type=\"widget\" data-e-type=\"widget\" data-widget_type=\"text-editor.default\">\n\t\t\t\t<div class=\"elementor-widget-container\">\n\t\t\t\t\t\t\t\t\t<p>We help prevent the climate catastrophe and make our planet just and liveable.<\/p>\t\t\t\t\t\t\t\t<\/div>\n\t\t\t\t<\/div>\n\t\t\t\t\t<\/div>\n\t\t\t\t<\/div>\n\t\t\t\t<\/div>\n\t\t\t\t\t<\/div>\n\t\t\t\t<\/div>\n\t\t<div class=\"elementor-element elementor-element-442c13bb e-flex e-con-boxed e-con e-parent\" data-id=\"442c13bb\" data-element_type=\"container\" data-e-type=\"container\">\n\t\t\t\t\t<div class=\"e-con-inner\">\n\t\t\t\t<div class=\"elementor-element elementor-element-3b31c253 elementor-widget elementor-widget-heading\" data-id=\"3b31c253\" data-element_type=\"widget\" data-e-type=\"widget\" data-widget_type=\"heading.default\">\n\t\t\t\t<div class=\"elementor-widget-container\">\n\t\t\t\t\t<h1 class=\"elementor-heading-title elementor-size-default\">Our topics:<\/h1>\t\t\t\t<\/div>\n\t\t\t\t<\/div>\n\t\t\t\t<div class=\"elementor-element elementor-element-568073cc elementor-arrows-position-outside elementor-widget elementor-widget-loop-carousel\" data-id=\"568073cc\" data-element_type=\"widget\" data-e-type=\"widget\" data-settings=\"{&quot;template_id&quot;:33409,&quot;slides_to_scroll_mobile&quot;:&quot;1&quot;,&quot;slides_to_scroll&quot;:&quot;3&quot;,&quot;image_spacing_custom&quot;:{&quot;unit&quot;:&quot;px&quot;,&quot;size&quot;:64,&quot;sizes&quot;:[]},&quot;_skin&quot;:&quot;post&quot;,&quot;slides_to_show&quot;:&quot;3&quot;,&quot;slides_to_show_tablet&quot;:&quot;2&quot;,&quot;slides_to_show_mobile&quot;:&quot;1&quot;,&quot;edit_handle_selector&quot;:&quot;.elementor-loop-container&quot;,&quot;infinite&quot;:&quot;yes&quot;,&quot;speed&quot;:500,&quot;offset_sides&quot;:&quot;none&quot;,&quot;arrows&quot;:&quot;yes&quot;,&quot;image_spacing_custom_tablet&quot;:{&quot;unit&quot;:&quot;px&quot;,&quot;size&quot;:&quot;&quot;,&quot;sizes&quot;:[]},&quot;image_spacing_custom_mobile&quot;:{&quot;unit&quot;:&quot;px&quot;,&quot;size&quot;:&quot;&quot;,&quot;sizes&quot;:[]}}\" data-widget_type=\"loop-carousel.post\">\n\t\t\t\t<div class=\"elementor-widget-container\">\n\t\t\t\t\t\t\t<div class=\"swiper elementor-loop-container elementor-grid\" role=\"list\" dir=\"ltr\">\n\t\t\t\t<div class=\"swiper-wrapper\" aria-live=\"polite\">\n\t\t<style id=\"loop-33409\">.elementor-33409 .elementor-element.elementor-element-a1f0e3a{--display:flex;--flex-direction:column;--container-widget-width:100%;--container-widget-height:initial;--container-widget-flex-grow:0;--container-widget-align-self:initial;--flex-wrap-mobile:wrap;}.elementor-33409 .elementor-element.elementor-element-9155d67{--display:flex;}<\/style>\t\t<div data-elementor-type=\"loop-item\" data-elementor-id=\"33409\" class=\"elementor elementor-33409 swiper-slide e-loop-item e-loop-item-22213 post-22213 page type-page status-publish has-post-thumbnail hentry\" data-elementor-post-type=\"elementor_library\" role=\"group\" aria-roledescription=\"slide\" data-custom-edit-handle=\"1\">\n\t\t\t<div class=\"elementor-element elementor-element-a1f0e3a e-flex e-con-boxed e-con e-parent\" data-id=\"a1f0e3a\" data-element_type=\"container\" data-e-type=\"container\">\n\t\t\t\t\t<div class=\"e-con-inner\">\n\t\t\t\t<div class=\"elementor-element elementor-element-b89c75b elementor-widget elementor-widget-theme-post-featured-image elementor-widget-image\" data-id=\"b89c75b\" data-element_type=\"widget\" data-e-type=\"widget\" data-widget_type=\"theme-post-featured-image.default\">\n\t\t\t\t<div class=\"elementor-widget-container\">\n\t\t\t\t\t\t\t\t\t\t\t\t\t\t\t<img decoding=\"async\" src=\"https:\/\/www.protect-the-planet.de\/wp-content\/uploads\/2023\/07\/GettyImages-615076890-scaled.jpg\" title=\"Judges wooden gavel with EU flag in the background.\" alt=\"Judges wooden gavel with EU flag in the background.\" loading=\"lazy\" \/>\t\t\t\t\t\t\t\t\t\t\t\t\t\t\t<\/div>\n\t\t\t\t<\/div>\n\t\t\t\t<div class=\"elementor-element elementor-element-b7a7df6 elementor-widget elementor-widget-theme-post-excerpt\" data-id=\"b7a7df6\" data-element_type=\"widget\" data-e-type=\"widget\" data-widget_type=\"theme-post-excerpt.default\">\n\t\t\t\t<div class=\"elementor-widget-container\">\n\t\t\t\t\tClimate protection is a human right! Protect the Planet relies on the legal system as one of the most decisive levers for combating the climate crisis. Through strategic litigation, we use the law as a democratic means to hold governments and companies accountable.   \t\t\t\t<\/div>\n\t\t\t\t<\/div>\n\t\t\t\t\t<\/div>\n\t\t\t\t<\/div>\n\t\t<div class=\"elementor-element elementor-element-9155d67 e-flex e-con-boxed e-con e-parent\" data-id=\"9155d67\" data-element_type=\"container\" data-e-type=\"container\">\n\t\t\t\t\t<div class=\"e-con-inner\">\n\t\t\t\t<div class=\"elementor-element elementor-element-2a13a2a elementor-widget elementor-widget-read-more\" data-id=\"2a13a2a\" data-element_type=\"widget\" data-e-type=\"widget\" data-widget_type=\"read-more.default\">\n\t\t\t\t<div class=\"elementor-widget-container\">\n\t\t\t\t\t<\/div><\/div><\/div><\/div><\/div> <a href=\"https:\/\/www.protect-the-planet.de\/en\/climate-litigation\/#more-22213\" class=\"more-link elementor-more-link\"><span aria-label=\"Continue reading climate LITIGATION\">mehr...<\/span><\/a>\t\t<div data-elementor-type=\"loop-item\" data-elementor-id=\"33409\" class=\"elementor elementor-33409 swiper-slide e-loop-item e-loop-item-22260 post-22260 page type-page status-publish has-post-thumbnail hentry\" data-elementor-post-type=\"elementor_library\" role=\"group\" aria-roledescription=\"slide\" data-custom-edit-handle=\"1\">\n\t\t\t<div class=\"elementor-element elementor-element-a1f0e3a e-flex e-con-boxed e-con e-parent\" data-id=\"a1f0e3a\" data-element_type=\"container\" data-e-type=\"container\">\n\t\t\t\t\t<div class=\"e-con-inner\">\n\t\t\t\t<div class=\"elementor-element elementor-element-b89c75b elementor-widget elementor-widget-theme-post-featured-image elementor-widget-image\" data-id=\"b89c75b\" data-element_type=\"widget\" data-e-type=\"widget\" data-widget_type=\"theme-post-featured-image.default\">\n\t\t\t\t<div class=\"elementor-widget-container\">\n\t\t\t\t\t\t\t\t\t\t\t\t\t\t\t<img decoding=\"async\" src=\"https:\/\/www.protect-the-planet.de\/wp-content\/uploads\/2025\/08\/klima-erneuerbar.jpg\" title=\"klima erneuerbar Beitragsbild\" alt=\"Man sieht Windr\u00e4der auf einer Anh\u00f6he stehen\" loading=\"lazy\" \/>\t\t\t\t\t\t\t\t\t\t\t\t\t\t\t<\/div>\n\t\t\t\t<\/div>\n\t\t\t\t<div class=\"elementor-element elementor-element-b7a7df6 elementor-widget elementor-widget-theme-post-excerpt\" data-id=\"b7a7df6\" data-element_type=\"widget\" data-e-type=\"widget\" data-widget_type=\"theme-post-excerpt.default\">\n\t\t\t\t<div class=\"elementor-widget-container\">\n\t\t\t\t\tWind energy is key to a climate-friendly future\u2014but its expansion is lagging behind. With the WindRat alliance, Protect the Planet is bringing a breath of fresh air to the energy transition. Together with strong partners, we are driving forward the expansion of wind energy, focusing on exchange, knowledge, and cooperation for greater acceptance and real change.  \t\t\t\t<\/div>\n\t\t\t\t<\/div>\n\t\t\t\t\t<\/div>\n\t\t\t\t<\/div>\n\t\t<div class=\"elementor-element elementor-element-9155d67 e-flex e-con-boxed e-con e-parent\" data-id=\"9155d67\" data-element_type=\"container\" data-e-type=\"container\">\n\t\t\t\t\t<div class=\"e-con-inner\">\n\t\t\t\t<div class=\"elementor-element elementor-element-2a13a2a elementor-widget elementor-widget-read-more\" data-id=\"2a13a2a\" data-element_type=\"widget\" data-e-type=\"widget\" data-widget_type=\"read-more.default\">\n\t\t\t\t<div class=\"elementor-widget-container\">\n\t\t\t\t\t<\/div><\/div><\/div><\/div><\/div> <a href=\"https:\/\/www.protect-the-planet.de\/en\/climate-renewable\/#more-22260\" class=\"more-link elementor-more-link\"><span aria-label=\"Continue reading climate RENEWABLE\">mehr...<\/span><\/a>\t\t<div data-elementor-type=\"loop-item\" data-elementor-id=\"33409\" class=\"elementor elementor-33409 swiper-slide e-loop-item e-loop-item-22266 post-22266 page type-page status-publish has-post-thumbnail hentry\" data-elementor-post-type=\"elementor_library\" role=\"group\" aria-roledescription=\"slide\" data-custom-edit-handle=\"1\">\n\t\t\t<div class=\"elementor-element elementor-element-a1f0e3a e-flex e-con-boxed e-con e-parent\" data-id=\"a1f0e3a\" data-element_type=\"container\" data-e-type=\"container\">\n\t\t\t\t\t<div class=\"e-con-inner\">\n\t\t\t\t<div class=\"elementor-element elementor-element-b89c75b elementor-widget elementor-widget-theme-post-featured-image elementor-widget-image\" data-id=\"b89c75b\" data-element_type=\"widget\" data-e-type=\"widget\" data-widget_type=\"theme-post-featured-image.default\">\n\t\t\t\t<div class=\"elementor-widget-container\">\n\t\t\t\t\t\t\t\t\t\t\t\t\t\t\t<img decoding=\"async\" src=\"https:\/\/www.protect-the-planet.de\/wp-content\/uploads\/2023\/08\/muenchen-klimaneutral.png\" title=\"mu\u0308nchen klimaneutral\" alt=\"mu\u0308nchen klimaneutral\" loading=\"lazy\" \/>\t\t\t\t\t\t\t\t\t\t\t\t\t\t\t<\/div>\n\t\t\t\t<\/div>\n\t\t\t\t<div class=\"elementor-element elementor-element-b7a7df6 elementor-widget elementor-widget-theme-post-excerpt\" data-id=\"b7a7df6\" data-element_type=\"widget\" data-e-type=\"widget\" data-widget_type=\"theme-post-excerpt.default\">\n\t\t\t\t<div class=\"elementor-widget-container\">\n\t\t\t\t\tClimate protection is often decided \u201cfrom above\u201d \u2013 but it is implemented locally. Protect the Planet is driving climate change forward in local communities, is committed to a climate-neutral city of Munich, and focuses on projects that show on a small scale what is possible on a large scale. Whether it's the energy transition in Bavaria or climate-friendly seawater desalination on Fuerteventura \u2013 we are driving climate change forward locally.  \t\t\t\t<\/div>\n\t\t\t\t<\/div>\n\t\t\t\t\t<\/div>\n\t\t\t\t<\/div>\n\t\t<div class=\"elementor-element elementor-element-9155d67 e-flex e-con-boxed e-con e-parent\" data-id=\"9155d67\" data-element_type=\"container\" data-e-type=\"container\">\n\t\t\t\t\t<div class=\"e-con-inner\">\n\t\t\t\t<div class=\"elementor-element elementor-element-2a13a2a elementor-widget elementor-widget-read-more\" data-id=\"2a13a2a\" data-element_type=\"widget\" data-e-type=\"widget\" data-widget_type=\"read-more.default\">\n\t\t\t\t<div class=\"elementor-widget-container\">\n\t\t\t\t\t<\/div><\/div><\/div><\/div><\/div> <a href=\"https:\/\/www.protect-the-planet.de\/en\/climate-local\/#more-22266\" class=\"more-link elementor-more-link\"><span aria-label=\"Continue reading climate LOCAL\">mehr...<\/span><\/a>\t\t<div data-elementor-type=\"loop-item\" data-elementor-id=\"33409\" class=\"elementor elementor-33409 swiper-slide e-loop-item e-loop-item-22280 post-22280 page type-page status-publish has-post-thumbnail hentry\" data-elementor-post-type=\"elementor_library\" role=\"group\" aria-roledescription=\"slide\" data-custom-edit-handle=\"1\">\n\t\t\t<div class=\"elementor-element elementor-element-a1f0e3a e-flex e-con-boxed e-con e-parent\" data-id=\"a1f0e3a\" data-element_type=\"container\" data-e-type=\"container\">\n\t\t\t\t\t<div class=\"e-con-inner\">\n\t\t\t\t<div class=\"elementor-element elementor-element-b89c75b elementor-widget elementor-widget-theme-post-featured-image elementor-widget-image\" data-id=\"b89c75b\" data-element_type=\"widget\" data-e-type=\"widget\" data-widget_type=\"theme-post-featured-image.default\">\n\t\t\t\t<div class=\"elementor-widget-container\">\n\t\t\t\t\t\t\t\t\t\t\t\t\t\t\t<img decoding=\"async\" src=\"https:\/\/www.protect-the-planet.de\/wp-content\/uploads\/2023\/08\/klimanetzwerk-Kopie.png\" title=\"klimanetzwerk Kopie\" alt=\"klimanetzwerk Kopie\" loading=\"lazy\" \/>\t\t\t\t\t\t\t\t\t\t\t\t\t\t\t<\/div>\n\t\t\t\t<\/div>\n\t\t\t\t<div class=\"elementor-element elementor-element-b7a7df6 elementor-widget elementor-widget-theme-post-excerpt\" data-id=\"b7a7df6\" data-element_type=\"widget\" data-e-type=\"widget\" data-widget_type=\"theme-post-excerpt.default\">\n\t\t\t\t<div class=\"elementor-widget-container\">\n\t\t\t\t\t\u201cThe whole is more than the sum of its parts\u201d is a philosophy we subscribe to. That is why Protect the Planet is part of strong alliances at local, national, and international levels. Whether with activists, NGOs, companies, or politicians, we rely on networking for the cause. Because we can only curb dangerous climate change by working together with many others.   We need everyone on board!\t\t\t\t<\/div>\n\t\t\t\t<\/div>\n\t\t\t\t\t<\/div>\n\t\t\t\t<\/div>\n\t\t<div class=\"elementor-element elementor-element-9155d67 e-flex e-con-boxed e-con e-parent\" data-id=\"9155d67\" data-element_type=\"container\" data-e-type=\"container\">\n\t\t\t\t\t<div class=\"e-con-inner\">\n\t\t\t\t<div class=\"elementor-element elementor-element-2a13a2a elementor-widget elementor-widget-read-more\" data-id=\"2a13a2a\" data-element_type=\"widget\" data-e-type=\"widget\" data-widget_type=\"read-more.default\">\n\t\t\t\t<div class=\"elementor-widget-container\">\n\t\t\t\t\t<\/div><\/div><\/div><\/div><\/div> <a href=\"https:\/\/www.protect-the-planet.de\/en\/climate-network\/#more-22280\" class=\"more-link elementor-more-link\"><span aria-label=\"Continue reading climate NETWORK\">mehr...<\/span><\/a>\t\t<div data-elementor-type=\"loop-item\" data-elementor-id=\"33409\" class=\"elementor elementor-33409 swiper-slide e-loop-item e-loop-item-32544 post-32544 page type-page status-publish has-post-thumbnail hentry\" data-elementor-post-type=\"elementor_library\" role=\"group\" aria-roledescription=\"slide\" data-custom-edit-handle=\"1\">\n\t\t\t<div class=\"elementor-element elementor-element-a1f0e3a e-flex e-con-boxed e-con e-parent\" data-id=\"a1f0e3a\" data-element_type=\"container\" data-e-type=\"container\">\n\t\t\t\t\t<div class=\"e-con-inner\">\n\t\t\t\t<div class=\"elementor-element elementor-element-b89c75b elementor-widget elementor-widget-theme-post-featured-image elementor-widget-image\" data-id=\"b89c75b\" data-element_type=\"widget\" data-e-type=\"widget\" data-widget_type=\"theme-post-featured-image.default\">\n\t\t\t\t<div class=\"elementor-widget-container\">\n\t\t\t\t\t\t\t\t\t\t\t\t\t\t\t<img decoding=\"async\" src=\"https:\/\/www.protect-the-planet.de\/wp-content\/uploads\/2025\/08\/klima-bildung.jpg\" title=\"klima bildung\" alt=\"klima bildung Beitragsbild\" loading=\"lazy\" \/>\t\t\t\t\t\t\t\t\t\t\t\t\t\t\t<\/div>\n\t\t\t\t<\/div>\n\t\t\t\t<div class=\"elementor-element elementor-element-b7a7df6 elementor-widget elementor-widget-theme-post-excerpt\" data-id=\"b7a7df6\" data-element_type=\"widget\" data-e-type=\"widget\" data-widget_type=\"theme-post-excerpt.default\">\n\t\t\t\t<div class=\"elementor-widget-container\">\n\t\t\t\t\tKnowledge is the first step toward change: That's why Protect the Planet is committed to climate education that informs, raises awareness, and empowers. We create spaces for exchange, promote new perspectives, and show how everyone can be part of the solution. \t\t\t\t<\/div>\n\t\t\t\t<\/div>\n\t\t\t\t\t<\/div>\n\t\t\t\t<\/div>\n\t\t<div class=\"elementor-element elementor-element-9155d67 e-flex e-con-boxed e-con e-parent\" data-id=\"9155d67\" data-element_type=\"container\" data-e-type=\"container\">\n\t\t\t\t\t<div class=\"e-con-inner\">\n\t\t\t\t<div class=\"elementor-element elementor-element-2a13a2a elementor-widget elementor-widget-read-more\" data-id=\"2a13a2a\" data-element_type=\"widget\" data-e-type=\"widget\" data-widget_type=\"read-more.default\">\n\t\t\t\t<div class=\"elementor-widget-container\">\n\t\t\t\t\t<\/div><\/div><\/div><\/div><\/div> <a href=\"https:\/\/www.protect-the-planet.de\/en\/klima-bildung\/#more-32544\" class=\"more-link elementor-more-link\"><span aria-label=\"Continue reading climate EDUCATION\">mehr...<\/span><\/a>\t\t<\/div>\n\t\t<\/div>\n\t\t\t\t\t<div class=\"elementor-swiper-button elementor-swiper-button-prev\" role=\"button\" tabindex=\"0\" aria-label=\"Previous\">\n\t\t\t\t<i aria-hidden=\"true\" class=\"eicon-chevron-left\"><\/i>\t\t\t<\/div>\n\t\t\t<div class=\"elementor-swiper-button elementor-swiper-button-next\" role=\"button\" tabindex=\"0\" aria-label=\"Next\">\n\t\t\t\t<i aria-hidden=\"true\" class=\"eicon-chevron-right\"><\/i>\t\t\t<\/div>\n\t\t\t\t\t\t<\/div>\n\t\t\t\t<\/div>\n\t\t\t\t<div class=\"elementor-element elementor-element-368f6494 elementor-widget elementor-widget-button\" data-id=\"368f6494\" data-element_type=\"widget\" data-e-type=\"widget\" data-widget_type=\"button.default\">\n\t\t\t\t<div class=\"elementor-widget-container\">\n\t\t\t\t\t\t\t\t\t<div class=\"elementor-button-wrapper\">\n\t\t\t\t\t<a class=\"elementor-button elementor-button-link elementor-size-sm\" href=\"https:\/\/www.protect-the-planet.de\/en\/topics\/\">\n\t\t\t\t\t\t<span class=\"elementor-button-content-wrapper\">\n\t\t\t\t\t\t\t\t\t<span class=\"elementor-button-text\">View all topics<\/span>\n\t\t\t\t\t<\/span>\n\t\t\t\t\t<\/a>\n\t\t\t\t<\/div>\n\t\t\t\t\t\t\t\t<\/div>\n\t\t\t\t<\/div>\n\t\t\t\t\t<\/div>\n\t\t\t\t<\/div>\n\t\t<div class=\"elementor-element elementor-element-6e620b1 e-flex e-con-boxed e-con e-parent\" data-id=\"6e620b1\" data-element_type=\"container\" data-e-type=\"container\">\n\t\t\t\t\t<div class=\"e-con-inner\">\n\t\t<div class=\"elementor-element elementor-element-ec16b80 e-con-full e-flex e-con e-child\" data-id=\"ec16b80\" data-element_type=\"container\" data-e-type=\"container\">\n\t\t\t\t<\/div>\n\t\t\t\t\t<\/div>\n\t\t\t\t<\/div>\n\t\t<div class=\"elementor-element elementor-element-511d51d e-flex e-con-boxed e-con e-parent\" data-id=\"511d51d\" data-element_type=\"container\" data-e-type=\"container\" data-settings=\"{&quot;background_background&quot;:&quot;classic&quot;}\">\n\t\t\t\t\t<div class=\"e-con-inner\">\n\t\t\t\t<div class=\"elementor-element elementor-element-98173f5 elementor-widget__width-inherit elementor-testimonial--skin-default elementor-testimonial--layout-image_inline elementor-testimonial--align-center elementor-pagination-type-bullets elementor-widget elementor-widget-testimonial-carousel\" data-id=\"98173f5\" data-element_type=\"widget\" data-e-type=\"widget\" data-settings=\"{&quot;space_between&quot;:{&quot;unit&quot;:&quot;px&quot;,&quot;size&quot;:0,&quot;sizes&quot;:[]},&quot;pagination&quot;:&quot;bullets&quot;,&quot;speed&quot;:500,&quot;autoplay&quot;:&quot;yes&quot;,&quot;autoplay_speed&quot;:5000,&quot;loop&quot;:&quot;yes&quot;,&quot;pause_on_hover&quot;:&quot;yes&quot;,&quot;pause_on_interaction&quot;:&quot;yes&quot;,&quot;space_between_tablet&quot;:{&quot;unit&quot;:&quot;px&quot;,&quot;size&quot;:10,&quot;sizes&quot;:[]},&quot;space_between_mobile&quot;:{&quot;unit&quot;:&quot;px&quot;,&quot;size&quot;:10,&quot;sizes&quot;:[]}}\" data-widget_type=\"testimonial-carousel.default\">\n\t\t\t\t<div class=\"elementor-widget-container\">\n\t\t\t\t\t\t\t\t\t<div class=\"elementor-swiper\">\n\t\t\t\t\t<div class=\"elementor-main-swiper swiper\" role=\"region\" aria-roledescription=\"carousel\" aria-label=\"Slider\">\n\t\t\t\t<div class=\"swiper-wrapper\">\n\t\t\t\t\t\t\t\t\t\t\t<div class=\"swiper-slide\" role=\"group\" aria-roledescription=\"slide\">\n\t\t\t\t\t\t\t\t\t<div class=\"elementor-testimonial\">\n\t\t\t\t\t\t\t<div class=\"elementor-testimonial__content\">\n\t\t\t\t\t<div class=\"elementor-testimonial__text\">\n\t\t\t\t\t\t<p>\"WE ARE SIMPLY DESTROYING OUR EARTH WITH FOSSIL-FUELLED ENERGY. WE DON\u2019T NEED EMPTY PROMISES \u2013 WE NEED ACTION.\u201c<\/p>\n\t\t\t\t\t<\/div>\n\t\t\t\t\t\t\t\t\t<\/div>\n\t\t\t\t\t\t<div class=\"elementor-testimonial__footer\">\n\t\t\t\t\t\t\t\t\t<div class=\"elementor-testimonial__image\">\n\t\t\t\t\t\t<img decoding=\"async\" src=\"https:\/\/www.protect-the-planet.de\/wp-content\/uploads\/2023\/06\/Gruppe-maskieren-2@2x.png\" alt=\"Dorothea Sick-Thies\">\n\t\t\t\t\t\t\t\t\t\t\t<\/div>\n\t\t\t\t\t\t\t\t<cite class=\"elementor-testimonial__cite\"><span class=\"elementor-testimonial__name\">Dorothea Sick-Thies<\/span><span class=\"elementor-testimonial__title\">entrepreneur and founder of Protect the Planet<\/span><\/cite>\t\t\t<\/div>\n\t\t<\/div>\n\t\t\t\t\t\t\t\t<\/div>\n\t\t\t\t\t\t\t\t\t\t\t<div class=\"swiper-slide\" role=\"group\" aria-roledescription=\"slide\">\n\t\t\t\t\t\t\t\t\t<div class=\"elementor-testimonial\">\n\t\t\t\t\t\t\t<div class=\"elementor-testimonial__content\">\n\t\t\t\t\t<div class=\"elementor-testimonial__text\">\n\t\t\t\t\t\t<p>\"PROTECT THE PLANET STANDS FOR TRANSFORMATION OF THE GLOBAL ENERGY SUPPLY TO A DECENTRALISED SYSTEM BASED ON 100% RENEWABLE SOURCES.\"<\/p>\n\t\t\t\t\t<\/div>\n\t\t\t\t\t\t\t\t\t<\/div>\n\t\t\t\t\t\t<div class=\"elementor-testimonial__footer\">\n\t\t\t\t\t\t\t\t\t<div class=\"elementor-testimonial__image\">\n\t\t\t\t\t\t<img decoding=\"async\" src=\"https:\/\/www.protect-the-planet.de\/wp-content\/uploads\/2023\/06\/Gruppe-maskieren-3@2x.png\" alt=\"Carl-A. Fechner\">\n\t\t\t\t\t\t\t\t\t\t\t<\/div>\n\t\t\t\t\t\t\t\t<cite class=\"elementor-testimonial__cite\"><span class=\"elementor-testimonial__name\">Carl-A. Fechner<\/span><span class=\"elementor-testimonial__title\">film maker and co-founder of Protect the Planet<\/span><\/cite>\t\t\t<\/div>\n\t\t<\/div>\n\t\t\t\t\t\t\t\t<\/div>\n\t\t\t\t\t\t\t\t\t\t\t<div class=\"swiper-slide\" role=\"group\" aria-roledescription=\"slide\">\n\t\t\t\t\t\t\t\t\t<div class=\"elementor-testimonial\">\n\t\t\t\t\t\t\t<div class=\"elementor-testimonial__content\">\n\t\t\t\t\t<div class=\"elementor-testimonial__text\">\n\t\t\t\t\t\t<p>\"THERE ARE SO MANY ALTERNATIVES AND GOOD OPPORTUNITIES TO REPLACE THIS PERSISTENT, FOSSIL-FUELLED INSANITY.\"<\/p>\n\t\t\t\t\t<\/div>\n\t\t\t\t\t\t\t\t\t<\/div>\n\t\t\t\t\t\t<div class=\"elementor-testimonial__footer\">\n\t\t\t\t\t\t\t\t\t<div class=\"elementor-testimonial__image\">\n\t\t\t\t\t\t<img decoding=\"async\" src=\"https:\/\/www.protect-the-planet.de\/wp-content\/uploads\/2023\/06\/Gruppe-maskieren-4@2x.png\" alt=\"Markus Gohr\">\n\t\t\t\t\t\t\t\t\t\t\t<\/div>\n\t\t\t\t\t\t\t\t<cite class=\"elementor-testimonial__cite\"><span class=\"elementor-testimonial__name\">Markus Gohr<\/span><span class=\"elementor-testimonial__title\">networker and co-founder of Protect the Planet<\/span><\/cite>\t\t\t<\/div>\n\t\t<\/div>\n\t\t\t\t\t\t\t\t<\/div>\n\t\t\t\t\t\t\t\t\t\t\t<div class=\"swiper-slide\" role=\"group\" aria-roledescription=\"slide\">\n\t\t\t\t\t\t\t\t\t<div class=\"elementor-testimonial\">\n\t\t\t\t\t\t\t<div class=\"elementor-testimonial__content\">\n\t\t\t\t\t<div class=\"elementor-testimonial__text\">\n\t\t\t\t\t\t<p>\"IF WE WANT TO LEAVE FUTURE GENERATIONS WITH A LIVEABLE NATURAL WORLD AND BIODIVERSITY, WE MUST IMMEDIATELY ACT AND LIVE IN A 100% SUSTAINABLE AND CLIMATE-NEUTRAL WAY.\"<\/p>\n\t\t\t\t\t<\/div>\n\t\t\t\t\t\t\t\t\t<\/div>\n\t\t\t\t\t\t<div class=\"elementor-testimonial__footer\">\n\t\t\t\t\t\t\t\t\t<div class=\"elementor-testimonial__image\">\n\t\t\t\t\t\t<img decoding=\"async\" src=\"https:\/\/www.protect-the-planet.de\/wp-content\/uploads\/2023\/06\/Gruppe-9@2x.png\" alt=\"Markus Raschke\">\n\t\t\t\t\t\t\t\t\t\t\t<\/div>\n\t\t\t\t\t\t\t\t<cite class=\"elementor-testimonial__cite\"><span class=\"elementor-testimonial__name\">Markus Raschke<\/span><span class=\"elementor-testimonial__title\">climate activist and project manager for Protect the Planet<\/span><\/cite>\t\t\t<\/div>\n\t\t<\/div>\n\t\t\t\t\t\t\t\t<\/div>\n\t\t\t\t\t\t\t\t\t\t\t<div class=\"swiper-slide\" role=\"group\" aria-roledescription=\"slide\">\n\t\t\t\t\t\t\t\t\t<div class=\"elementor-testimonial\">\n\t\t\t\t\t\t\t<div class=\"elementor-testimonial__content\">\n\t\t\t\t\t<div class=\"elementor-testimonial__text\">\n\t\t\t\t\t\t<p>\"IT IS FUNDAMENTALLY ABOUT THE QUESTION OF HOW WE WANT TO LIVE TOGETHER IN THE FUTURE\"<\/p>\n\t\t\t\t\t<\/div>\n\t\t\t\t\t\t\t\t\t<\/div>\n\t\t\t\t\t\t<div class=\"elementor-testimonial__footer\">\n\t\t\t\t\t\t\t\t\t<div class=\"elementor-testimonial__image\">\n\t\t\t\t\t\t<img decoding=\"async\" src=\"https:\/\/www.protect-the-planet.de\/wp-content\/uploads\/2023\/06\/Gruppe-maskieren-11@2x.png\" alt=\"Peter Keller\">\n\t\t\t\t\t\t\t\t\t\t\t<\/div>\n\t\t\t\t\t\t\t\t<cite class=\"elementor-testimonial__cite\"><span class=\"elementor-testimonial__name\">Peter Keller<\/span><span class=\"elementor-testimonial__title\">project manager for Protect the Planet<\/span><\/cite>\t\t\t<\/div>\n\t\t<\/div>\n\t\t\t\t\t\t\t\t<\/div>\n\t\t\t\t\t\t\t\t\t\t\t<div class=\"swiper-slide\" role=\"group\" aria-roledescription=\"slide\">\n\t\t\t\t\t\t\t\t\t<div class=\"elementor-testimonial\">\n\t\t\t\t\t\t\t<div class=\"elementor-testimonial__content\">\n\t\t\t\t\t<div class=\"elementor-testimonial__text\">\n\t\t\t\t\t\t<p>\"THE CLIMATE CRISIS IS ALREADY CLAIMING LIVES. WE DON'T LACK SOLUTIONS, WE LACK THE WILL: LET'S DO THIS!\"<\/p>\n\t\t\t\t\t<\/div>\n\t\t\t\t\t\t\t\t\t<\/div>\n\t\t\t\t\t\t<div class=\"elementor-testimonial__footer\">\n\t\t\t\t\t\t\t\t\t<div class=\"elementor-testimonial__image\">\n\t\t\t\t\t\t<img decoding=\"async\" src=\"https:\/\/www.protect-the-planet.de\/wp-content\/uploads\/2024\/03\/2310_ProtectThePlanet_Portraet-Fenya-quadr-scaled.jpg\" alt=\"Fenya Kirst\">\n\t\t\t\t\t\t\t\t\t\t\t<\/div>\n\t\t\t\t\t\t\t\t<cite class=\"elementor-testimonial__cite\"><span class=\"elementor-testimonial__name\">Fenya Kirst<\/span><span class=\"elementor-testimonial__title\">activist and project manager for Protect the Planet.<\/span><\/cite>\t\t\t<\/div>\n\t\t<\/div>\n\t\t\t\t\t\t\t\t<\/div>\n\t\t\t\t\t\t\t\t\t\t\t<div class=\"swiper-slide\" role=\"group\" aria-roledescription=\"slide\">\n\t\t\t\t\t\t\t\t\t<div class=\"elementor-testimonial\">\n\t\t\t\t\t\t\t<div class=\"elementor-testimonial__content\">\n\t\t\t\t\t<div class=\"elementor-testimonial__text\">\n\t\t\t\t\t\t<p>\"THE CLIMATE CRISIS IS ESCALATING \u2013 WE MUST ACT NOW FOR A LIVEABLE FUTURE, IN ALL SECTORS AND IN ALL WALKS OF LIFE\"<\/p>\n\t\t\t\t\t<\/div>\n\t\t\t\t\t\t\t\t\t<\/div>\n\t\t\t\t\t\t<div class=\"elementor-testimonial__footer\">\n\t\t\t\t\t\t\t\t\t<div class=\"elementor-testimonial__image\">\n\t\t\t\t\t\t<img decoding=\"async\" src=\"https:\/\/www.protect-the-planet.de\/wp-content\/uploads\/2024\/04\/2310_ProtectThePlanet_206.jpg\" alt=\"Jana H\u00e4fner\">\n\t\t\t\t\t\t\t\t\t\t\t<\/div>\n\t\t\t\t\t\t\t\t<cite class=\"elementor-testimonial__cite\"><span class=\"elementor-testimonial__name\">Jana H\u00e4fner<\/span><span class=\"elementor-testimonial__title\">activist and project manager for Protect the Planet.<\/span><\/cite>\t\t\t<\/div>\n\t\t<\/div>\n\t\t\t\t\t\t\t\t<\/div>\n\t\t\t\t\t\t\t\t\t\t\t<div class=\"swiper-slide\" role=\"group\" aria-roledescription=\"slide\">\n\t\t\t\t\t\t\t\t\t<div class=\"elementor-testimonial\">\n\t\t\t\t\t\t\t<div class=\"elementor-testimonial__content\">\n\t\t\t\t\t<div class=\"elementor-testimonial__text\">\n\t\t\t\t\t\t<p>\u201cESPECIALLY IN TIMES LIKE THESE, I THINK IT'S IMPORTANT TO BE AWARE OF YOUR OWN VALUES AND ACTIONS IN SOCIETY AND TO MAKE AN ACTIVE CONTRIBUTION.\u201d<\/p>\n\t\t\t\t\t<\/div>\n\t\t\t\t\t\t\t\t\t<\/div>\n\t\t\t\t\t\t<div class=\"elementor-testimonial__footer\">\n\t\t\t\t\t\t\t\t\t<div class=\"elementor-testimonial__image\">\n\t\t\t\t\t\t<img decoding=\"async\" src=\"https:\/\/www.protect-the-planet.de\/wp-content\/uploads\/2025\/04\/Bewerbungsfoto-1-scaled.jpg\" alt=\"Auf dem Bild ist die neue Mitarbeiterin zu sehen.\">\n\t\t\t\t\t\t\t\t\t\t\t<\/div>\n\t\t\t\t\t\t\t\t<cite class=\"elementor-testimonial__cite\"><span class=\"elementor-testimonial__name\">Marlene Schorr<\/span><span class=\"elementor-testimonial__title\">project manager for Protect the Planet<\/span><\/cite>\t\t\t<\/div>\n\t\t<\/div>\n\t\t\t\t\t\t\t\t<\/div>\n\t\t\t\t\t\t\t\t\t<\/div>\n\t\t\t\t\t\t\t\t\t\t\t\t\t\t\t\t\t\t\t\t<div class=\"swiper-pagination\"><\/div>\n\t\t\t\t\t\t\t\t\t\t\t\t<\/div>\n\t\t\t\t<\/div>\n\t\t\t\t\t\t\t\t<\/div>\n\t\t\t\t<\/div>\n\t\t\t\t\t<\/div>\n\t\t\t\t<\/div>\n\t\t<div class=\"elementor-element elementor-element-2ad724e e-flex e-con-boxed e-con e-parent\" data-id=\"2ad724e\" data-element_type=\"container\" data-e-type=\"container\">\n\t\t\t\t\t<div class=\"e-con-inner\">\n\t\t<div class=\"elementor-element elementor-element-cb6a2b4 e-flex e-con-boxed e-con e-child\" data-id=\"cb6a2b4\" data-element_type=\"container\" data-e-type=\"container\">\n\t\t\t\t\t<div class=\"e-con-inner\">\n\t\t\t\t\t<\/div>\n\t\t\t\t<\/div>\n\t\t\t\t\t<\/div>\n\t\t\t\t<\/div>\n\t\t\t\t<\/div>\n\t\t","protected":false},"excerpt":{"rendered":"<p>Our love of this planet Earth and the fight to protect our natural resources: that is what Protect the Planet fights for every day!<\/p>\n","protected":false},"author":2,"featured_media":21778,"parent":0,"menu_order":0,"comment_status":"closed","ping_status":"closed","template":"","meta":{"_acf_changed":false,"footnotes":""},"class_list":["post-22178","page","type-page","status-publish","has-post-thumbnail","hentry"],"acf":[],"yoast_head":"<!-- This site is optimized with the Yoast SEO plugin v28.3 - https:\/\/yoast.com\/product\/yoast-seo-wordpress\/ -->\n<title>Home - Protect the Planet<\/title>\n<meta name=\"description\" content=\"Our love of this planet Earth and the fight to protect our natural resources: that is what Protect the Planet fights for every day!\" \/>\n<meta name=\"robots\" content=\"index, follow, max-snippet:-1, max-image-preview:large, max-video-preview:-1\" \/>\n<link rel=\"canonical\" href=\"https:\/\/www.protect-the-planet.de\/en\/\" \/>\n<meta property=\"og:locale\" content=\"en_US\" \/>\n<meta property=\"og:type\" content=\"article\" \/>\n<meta property=\"og:title\" content=\"Home - Protect the Planet\" \/>\n<meta property=\"og:description\" content=\"Our love of this planet Earth and the fight to protect our natural resources: that is what Protect the Planet fights for every day!\" \/>\n<meta property=\"og:url\" content=\"https:\/\/www.protect-the-planet.de\/en\/\" \/>\n<meta property=\"og:site_name\" content=\"Protect the Planet\" \/>\n<meta property=\"article:publisher\" content=\"https:\/\/www.facebook.com\/protecttheplanetDE\/\" \/>\n<meta property=\"article:modified_time\" content=\"2026-05-28T11:10:41+00:00\" \/>\n<meta property=\"og:image\" content=\"https:\/\/www.protect-the-planet.de\/wp-content\/uploads\/2023\/08\/kontakt-impressum-datenschutz.png\" \/>\n\t<meta property=\"og:image:width\" content=\"1024\" \/>\n\t<meta property=\"og:image:height\" content=\"444\" \/>\n\t<meta property=\"og:image:type\" content=\"image\/png\" \/>\n<meta name=\"twitter:card\" content=\"summary_large_image\" \/>\n<meta name=\"twitter:site\" content=\"@PtP_de\" \/>\n<meta name=\"twitter:label1\" content=\"Est. reading time\" \/>\n\t<meta name=\"twitter:data1\" content=\"7 minutes\" \/>\n<script type=\"application\/ld+json\" class=\"yoast-schema-graph\">{\"@context\":\"https:\\\/\\\/schema.org\",\"@graph\":[{\"@type\":\"WebPage\",\"@id\":\"https:\\\/\\\/www.protect-the-planet.de\\\/en\\\/\",\"url\":\"https:\\\/\\\/www.protect-the-planet.de\\\/en\\\/\",\"name\":\"Home - Protect the Planet\",\"isPartOf\":{\"@id\":\"https:\\\/\\\/www.protect-the-planet.de\\\/en\\\/#website\"},\"primaryImageOfPage\":{\"@id\":\"https:\\\/\\\/www.protect-the-planet.de\\\/en\\\/#primaryimage\"},\"image\":{\"@id\":\"https:\\\/\\\/www.protect-the-planet.de\\\/en\\\/#primaryimage\"},\"thumbnailUrl\":\"https:\\\/\\\/www.protect-the-planet.de\\\/wp-content\\\/uploads\\\/2023\\\/08\\\/kontakt-impressum-datenschutz.png\",\"datePublished\":\"2023-05-02T15:00:06+00:00\",\"dateModified\":\"2026-05-28T11:10:41+00:00\",\"description\":\"Our love of this planet Earth and the fight to protect our natural resources: that is what Protect the Planet fights for every day!\",\"breadcrumb\":{\"@id\":\"https:\\\/\\\/www.protect-the-planet.de\\\/en\\\/#breadcrumb\"},\"inLanguage\":\"en-US\",\"potentialAction\":[{\"@type\":\"ReadAction\",\"target\":[\"https:\\\/\\\/www.protect-the-planet.de\\\/en\\\/\"]}]},{\"@type\":\"ImageObject\",\"inLanguage\":\"en-US\",\"@id\":\"https:\\\/\\\/www.protect-the-planet.de\\\/en\\\/#primaryimage\",\"url\":\"https:\\\/\\\/www.protect-the-planet.de\\\/wp-content\\\/uploads\\\/2023\\\/08\\\/kontakt-impressum-datenschutz.png\",\"contentUrl\":\"https:\\\/\\\/www.protect-the-planet.de\\\/wp-content\\\/uploads\\\/2023\\\/08\\\/kontakt-impressum-datenschutz.png\",\"width\":1024,\"height\":444,\"caption\":\"Headerbild: Weltraum\"},{\"@type\":\"BreadcrumbList\",\"@id\":\"https:\\\/\\\/www.protect-the-planet.de\\\/en\\\/#breadcrumb\",\"itemListElement\":[{\"@type\":\"ListItem\",\"position\":1,\"name\":\"Startseite\",\"item\":\"https:\\\/\\\/www.protect-the-planet.de\\\/en\\\/home\\\/\"},{\"@type\":\"ListItem\",\"position\":2,\"name\":\"Home\"}]},{\"@type\":\"WebSite\",\"@id\":\"https:\\\/\\\/www.protect-the-planet.de\\\/en\\\/#website\",\"url\":\"https:\\\/\\\/www.protect-the-planet.de\\\/en\\\/\",\"name\":\"Protect the Planet\",\"description\":\"If we don&#039;t change, the climate will.\",\"publisher\":{\"@id\":\"https:\\\/\\\/www.protect-the-planet.de\\\/en\\\/#organization\"},\"alternateName\":\"Protect the Panet gGmbH\",\"potentialAction\":[{\"@type\":\"SearchAction\",\"target\":{\"@type\":\"EntryPoint\",\"urlTemplate\":\"https:\\\/\\\/www.protect-the-planet.de\\\/en\\\/?s={search_term_string}\"},\"query-input\":{\"@type\":\"PropertyValueSpecification\",\"valueRequired\":true,\"valueName\":\"search_term_string\"}}],\"inLanguage\":\"en-US\"},{\"@type\":\"Organization\",\"@id\":\"https:\\\/\\\/www.protect-the-planet.de\\\/en\\\/#organization\",\"name\":\"Protect the Planet\",\"url\":\"https:\\\/\\\/www.protect-the-planet.de\\\/en\\\/\",\"logo\":{\"@type\":\"ImageObject\",\"inLanguage\":\"en-US\",\"@id\":\"https:\\\/\\\/www.protect-the-planet.de\\\/en\\\/#\\\/schema\\\/logo\\\/image\\\/\",\"url\":\"https:\\\/\\\/www.protect-the-planet.de\\\/wp-content\\\/uploads\\\/2023\\\/09\\\/LOGO-positiv_transparent-klein.png\",\"contentUrl\":\"https:\\\/\\\/www.protect-the-planet.de\\\/wp-content\\\/uploads\\\/2023\\\/09\\\/LOGO-positiv_transparent-klein.png\",\"width\":123,\"height\":68,\"caption\":\"Protect the Planet\"},\"image\":{\"@id\":\"https:\\\/\\\/www.protect-the-planet.de\\\/en\\\/#\\\/schema\\\/logo\\\/image\\\/\"},\"sameAs\":[\"https:\\\/\\\/www.facebook.com\\\/protecttheplanetDE\\\/\",\"https:\\\/\\\/x.com\\\/PtP_de\",\"https:\\\/\\\/www.instagram.com\\\/protecttheplanetorg\\\/\",\"https:\\\/\\\/www.linkedin.com\\\/company\\\/protect-the-planet\",\"https:\\\/\\\/www.youtube.com\\\/@protecttheplanet\"]}]}<\/script>\n<!-- \/ Yoast SEO plugin. -->","yoast_head_json":{"title":"Home - Protect the Planet","description":"Our love of this planet Earth and the fight to protect our natural resources: that is what Protect the Planet fights for every day!","robots":{"index":"index","follow":"follow","max-snippet":"max-snippet:-1","max-image-preview":"max-image-preview:large","max-video-preview":"max-video-preview:-1"},"canonical":"https:\/\/www.protect-the-planet.de\/en\/","og_locale":"en_US","og_type":"article","og_title":"Home - Protect the Planet","og_description":"Our love of this planet Earth and the fight to protect our natural resources: that is what Protect the Planet fights for every day!","og_url":"https:\/\/www.protect-the-planet.de\/en\/","og_site_name":"Protect the Planet","article_publisher":"https:\/\/www.facebook.com\/protecttheplanetDE\/","article_modified_time":"2026-05-28T11:10:41+00:00","og_image":[{"width":1024,"height":444,"url":"https:\/\/www.protect-the-planet.de\/wp-content\/uploads\/2023\/08\/kontakt-impressum-datenschutz.png","type":"image\/png"}],"twitter_card":"summary_large_image","twitter_site":"@PtP_de","twitter_misc":{"Est. reading time":"7 minutes"},"schema":{"@context":"https:\/\/schema.org","@graph":[{"@type":"WebPage","@id":"https:\/\/www.protect-the-planet.de\/en\/","url":"https:\/\/www.protect-the-planet.de\/en\/","name":"Home - Protect the Planet","isPartOf":{"@id":"https:\/\/www.protect-the-planet.de\/en\/#website"},"primaryImageOfPage":{"@id":"https:\/\/www.protect-the-planet.de\/en\/#primaryimage"},"image":{"@id":"https:\/\/www.protect-the-planet.de\/en\/#primaryimage"},"thumbnailUrl":"https:\/\/www.protect-the-planet.de\/wp-content\/uploads\/2023\/08\/kontakt-impressum-datenschutz.png","datePublished":"2023-05-02T15:00:06+00:00","dateModified":"2026-05-28T11:10:41+00:00","description":"Our love of this planet Earth and the fight to protect our natural resources: that is what Protect the Planet fights for every day!","breadcrumb":{"@id":"https:\/\/www.protect-the-planet.de\/en\/#breadcrumb"},"inLanguage":"en-US","potentialAction":[{"@type":"ReadAction","target":["https:\/\/www.protect-the-planet.de\/en\/"]}]},{"@type":"ImageObject","inLanguage":"en-US","@id":"https:\/\/www.protect-the-planet.de\/en\/#primaryimage","url":"https:\/\/www.protect-the-planet.de\/wp-content\/uploads\/2023\/08\/kontakt-impressum-datenschutz.png","contentUrl":"https:\/\/www.protect-the-planet.de\/wp-content\/uploads\/2023\/08\/kontakt-impressum-datenschutz.png","width":1024,"height":444,"caption":"Headerbild: Weltraum"},{"@type":"BreadcrumbList","@id":"https:\/\/www.protect-the-planet.de\/en\/#breadcrumb","itemListElement":[{"@type":"ListItem","position":1,"name":"Startseite","item":"https:\/\/www.protect-the-planet.de\/en\/home\/"},{"@type":"ListItem","position":2,"name":"Home"}]},{"@type":"WebSite","@id":"https:\/\/www.protect-the-planet.de\/en\/#website","url":"https:\/\/www.protect-the-planet.de\/en\/","name":"Protect the Planet","description":"If we don&#039;t change, the climate will.","publisher":{"@id":"https:\/\/www.protect-the-planet.de\/en\/#organization"},"alternateName":"Protect the Panet gGmbH","potentialAction":[{"@type":"SearchAction","target":{"@type":"EntryPoint","urlTemplate":"https:\/\/www.protect-the-planet.de\/en\/?s={search_term_string}"},"query-input":{"@type":"PropertyValueSpecification","valueRequired":true,"valueName":"search_term_string"}}],"inLanguage":"en-US"},{"@type":"Organization","@id":"https:\/\/www.protect-the-planet.de\/en\/#organization","name":"Protect the Planet","url":"https:\/\/www.protect-the-planet.de\/en\/","logo":{"@type":"ImageObject","inLanguage":"en-US","@id":"https:\/\/www.protect-the-planet.de\/en\/#\/schema\/logo\/image\/","url":"https:\/\/www.protect-the-planet.de\/wp-content\/uploads\/2023\/09\/LOGO-positiv_transparent-klein.png","contentUrl":"https:\/\/www.protect-the-planet.de\/wp-content\/uploads\/2023\/09\/LOGO-positiv_transparent-klein.png","width":123,"height":68,"caption":"Protect the Planet"},"image":{"@id":"https:\/\/www.protect-the-planet.de\/en\/#\/schema\/logo\/image\/"},"sameAs":["https:\/\/www.facebook.com\/protecttheplanetDE\/","https:\/\/x.com\/PtP_de","https:\/\/www.instagram.com\/protecttheplanetorg\/","https:\/\/www.linkedin.com\/company\/protect-the-planet","https:\/\/www.youtube.com\/@protecttheplanet"]}]}},"_links":{"self":[{"href":"https:\/\/www.protect-the-planet.de\/en\/wp-json\/wp\/v2\/pages\/22178","targetHints":{"allow":["GET"]}}],"collection":[{"href":"https:\/\/www.protect-the-planet.de\/en\/wp-json\/wp\/v2\/pages"}],"about":[{"href":"https:\/\/www.protect-the-planet.de\/en\/wp-json\/wp\/v2\/types\/page"}],"author":[{"embeddable":true,"href":"https:\/\/www.protect-the-planet.de\/en\/wp-json\/wp\/v2\/users\/2"}],"replies":[{"embeddable":true,"href":"https:\/\/www.protect-the-planet.de\/en\/wp-json\/wp\/v2\/comments?post=22178"}],"version-history":[{"count":32,"href":"https:\/\/www.protect-the-planet.de\/en\/wp-json\/wp\/v2\/pages\/22178\/revisions"}],"predecessor-version":[{"id":35408,"href":"https:\/\/www.protect-the-planet.de\/en\/wp-json\/wp\/v2\/pages\/22178\/revisions\/35408"}],"wp:featuredmedia":[{"embeddable":true,"href":"https:\/\/www.protect-the-planet.de\/en\/wp-json\/wp\/v2\/media\/21778"}],"wp:attachment":[{"href":"https:\/\/www.protect-the-planet.de\/en\/wp-json\/wp\/v2\/media?parent=22178"}],"curies":[{"name":"wp","href":"https:\/\/api.w.org\/{rel}","templated":true}]}}