{"version":"1.0","provider_name":"Protect the Planet","provider_url":"https:\/\/www.protect-the-planet.de\/en\/","author_name":"Jana H\u00e4fner","author_url":"https:\/\/www.protect-the-planet.de\/en\/author\/jana-haefner\/","title":"\u201eIhr Leid, unsere Schuld: Wer zahlt eigentlich die Klima-Rechnung?\u201c - Protect the Planet","type":"rich","width":600,"height":338,"html":"<blockquote class=\"wp-embedded-content\" data-secret=\"EBQOmUi8Nh\"><a href=\"https:\/\/www.protect-the-planet.de\/en\/2023-09-19-kowalzig-wer-zahlt\/\">\u201eIhr Leid, unsere Schuld: Wer zahlt eigentlich die Klima-Rechnung?\u201c<\/a><\/blockquote><iframe sandbox=\"allow-scripts\" security=\"restricted\" src=\"https:\/\/www.protect-the-planet.de\/en\/2023-09-19-kowalzig-wer-zahlt\/embed\/#?secret=EBQOmUi8Nh\" width=\"600\" height=\"338\" title=\"&#8220;\u201eIhr Leid, unsere Schuld: Wer zahlt eigentlich die Klima-Rechnung?\u201c&#8221; &#8212; Protect the Planet\" data-secret=\"EBQOmUi8Nh\" frameborder=\"0\" marginwidth=\"0\" marginheight=\"0\" scrolling=\"no\" class=\"wp-embedded-content\"><\/iframe><script>\n\/*! This file is auto-generated *\/\n!function(d,l){\"use strict\";l.querySelector&&d.addEventListener&&\"undefined\"!=typeof URL&&(d.wp=d.wp||{},d.wp.receiveEmbedMessage||(d.wp.receiveEmbedMessage=function(e){var t=e.data;if((t||t.secret||t.message||t.value)&&!\/[^a-zA-Z0-9]\/.test(t.secret)){for(var s,r,n,a=l.querySelectorAll('iframe[data-secret=\"'+t.secret+'\"]'),o=l.querySelectorAll('blockquote[data-secret=\"'+t.secret+'\"]'),c=new RegExp(\"^https?:$\",\"i\"),i=0;i<o.length;i++)o[i].style.display=\"none\";for(i=0;i<a.length;i++)s=a[i],e.source===s.contentWindow&&(s.removeAttribute(\"style\"),\"height\"===t.message?(1e3<(r=parseInt(t.value,10))?r=1e3:~~r<200&&(r=200),s.height=r):\"link\"===t.message&&(r=new URL(s.getAttribute(\"src\")),n=new URL(t.value),c.test(n.protocol))&&n.host===r.host&&l.activeElement===s&&(d.top.location.href=t.value))}},d.addEventListener(\"message\",d.wp.receiveEmbedMessage,!1),l.addEventListener(\"DOMContentLoaded\",function(){for(var e,t,s=l.querySelectorAll(\"iframe.wp-embedded-content\"),r=0;r<s.length;r++)(t=(e=s[r]).getAttribute(\"data-secret\"))||(t=Math.random().toString(36).substring(2,12),e.src+=\"#?secret=\"+t,e.setAttribute(\"data-secret\",t)),e.contentWindow.postMessage({message:\"ready\",secret:t},\"*\")},!1)))}(window,document);\n\/\/# sourceURL=https:\/\/www.protect-the-planet.de\/wp-includes\/js\/wp-embed.min.js\n<\/script>\n","thumbnail_url":"https:\/\/www.protect-the-planet.de\/wp-content\/uploads\/2023\/08\/kowalzig-hp-li-fb.jpg","thumbnail_width":1920,"thumbnail_height":1080,"description":"Die reichsten 10 Prozent der Weltbev\u00f6lkerung verantworten etwa ebenso viel Treibhausgase wie die \u00fcbrigen 90 Prozent. Gleichwohl zwingt die Klimakrise die einkommensschwachen L\u00e4nder des Globalen S\u00fcdens zu erheblichen Anstrengungen. Das internationale Pariser Abkommen (2015) verpflichtet die Industriel\u00e4nder zur finanziellen Unterst\u00fctzung der einkommensschwachen L\u00e4nde - bis heute haben sie ihre Zusagen nicht erf\u00fcllt."}